{"id":977,"date":"2025-08-04T16:49:08","date_gmt":"2025-08-04T16:49:08","guid":{"rendered":"https:\/\/deutsch-alban.growdevs.com\/?post_type=staff&#038;p=977"},"modified":"2025-08-12T15:35:40","modified_gmt":"2025-08-12T15:35:40","slug":"petrina-blushi-mataj","status":"publish","type":"staff","link":"https:\/\/deutsch-albanische-schule.al\/de\/stafi-yne\/petrina-blushi-mataj\/","title":{"rendered":"Petrina Blushi (Mataj)"},"content":{"rendered":"<p>Meine 40-j\u00e4hrige Unterrichtserfahrung qualifiziert mich, gemeinsam mit den deutschen und albanischen Lehrkr\u00e4ften moderne Lehrmethoden an unserer Schule anzuwenden. Der Unterricht soll projektorientiert gestaltet werden. Der Einsatz von Technologie und digitalen Ger\u00e4ten im Unterricht wird dabei eine unserer Priorit\u00e4ten sein. Ich w\u00fcnsche allen Sch\u00fclerinnen und Sch\u00fclern der DAS-Schule, dem Lehrpersonal und den Eltern, die uns tatkr\u00e4ftig unterst\u00fctzen werden, viel Erfolg.<\/p>","protected":false},"featured_media":817,"template":"","meta":{"_acf_changed":true,"inline_featured_image":false},"role":[8],"class_list":["post-977","staff","type-staff","status-publish","has-post-thumbnail","hentry","role-drejtore"],"acf":[],"_links":{"self":[{"href":"https:\/\/deutsch-albanische-schule.al\/de\/wp-json\/wp\/v2\/staff\/977","targetHints":{"allow":["GET"]}}],"collection":[{"href":"https:\/\/deutsch-albanische-schule.al\/de\/wp-json\/wp\/v2\/staff"}],"about":[{"href":"https:\/\/deutsch-albanische-schule.al\/de\/wp-json\/wp\/v2\/types\/staff"}],"wp:featuredmedia":[{"embeddable":true,"href":"https:\/\/deutsch-albanische-schule.al\/de\/wp-json\/wp\/v2\/media\/817"}],"wp:attachment":[{"href":"https:\/\/deutsch-albanische-schule.al\/de\/wp-json\/wp\/v2\/media?parent=977"}],"wp:term":[{"taxonomy":"role","embeddable":true,"href":"https:\/\/deutsch-albanische-schule.al\/de\/wp-json\/wp\/v2\/role?post=977"}],"curies":[{"name":"wp","href":"https:\/\/api.w.org\/{rel}","templated":true}]}}