{"id":10242,"date":"2026-02-25T13:34:43","date_gmt":"2026-02-25T13:34:43","guid":{"rendered":"https:\/\/deutsch-albanische-schule.al\/?post_type=staff&#038;p=10242"},"modified":"2026-02-25T13:36:18","modified_gmt":"2026-02-25T13:36:18","slug":"diana-morina","status":"publish","type":"staff","link":"https:\/\/deutsch-albanische-schule.al\/de\/stafi-yne\/diana-morina\/","title":{"rendered":"Diana Morina"},"content":{"rendered":"<p>Hallo! Ich bin Diana Morina aus dem Kosovo. Mit einer tiefen Leidenschaft f\u00fcr Sprachen und das Unterrichten habe ich meinen akademischen Weg an der AAB-Universit\u00e4t in Pristina verfolgt, wo ich mein Bachelorstudium in Fremdsprachen \u2013 Deutsch und Englisch \u2013 erfolgreich abgeschlossen habe. Meine Unterrichtserfahrung liegt haupts\u00e4chlich im Bereich Deutschunterricht f\u00fcr Medizinstudierende. In diesem Umfeld hatte ich das Privileg, angehende Fachkr\u00e4fte im Gesundheitswesen auf eine effektive Kommunikation in internationalen Kontexten vorzubereiten. Das Unterrichten und die Arbeit mit Kindern sind f\u00fcr mich eine gro\u00dfe Freude und pers\u00f6nliche Erf\u00fcllung. Ich bin \u00fcberzeugt, dass jedes Kind ein einzigartiges Potenzial besitzt, und sehe meine Aufgabe als Lehrerin darin, dieses Potenzial zu entdecken und gezielt zu f\u00f6rdern.<\/p>","protected":false},"featured_media":10243,"template":"","meta":{"_acf_changed":true,"inline_featured_image":false},"role":[66],"class_list":["post-10242","staff","type-staff","status-publish","has-post-thumbnail","hentry","role-gjermanisht"],"acf":[],"_links":{"self":[{"href":"https:\/\/deutsch-albanische-schule.al\/de\/wp-json\/wp\/v2\/staff\/10242","targetHints":{"allow":["GET"]}}],"collection":[{"href":"https:\/\/deutsch-albanische-schule.al\/de\/wp-json\/wp\/v2\/staff"}],"about":[{"href":"https:\/\/deutsch-albanische-schule.al\/de\/wp-json\/wp\/v2\/types\/staff"}],"wp:featuredmedia":[{"embeddable":true,"href":"https:\/\/deutsch-albanische-schule.al\/de\/wp-json\/wp\/v2\/media\/10243"}],"wp:attachment":[{"href":"https:\/\/deutsch-albanische-schule.al\/de\/wp-json\/wp\/v2\/media?parent=10242"}],"wp:term":[{"taxonomy":"role","embeddable":true,"href":"https:\/\/deutsch-albanische-schule.al\/de\/wp-json\/wp\/v2\/role?post=10242"}],"curies":[{"name":"wp","href":"https:\/\/api.w.org\/{rel}","templated":true}]}}