{"id":2,"date":"2025-07-25T14:41:49","date_gmt":"2025-07-25T14:41:49","guid":{"rendered":"https:\/\/deutsch-alban.growdevs.com\/?page_id=2"},"modified":"2026-01-23T09:56:27","modified_gmt":"2026-01-23T09:56:27","slug":"sample-page","status":"publish","type":"page","link":"https:\/\/deutsch-albanische-schule.al\/de\/","title":{"rendered":"home"},"content":{"rendered":"<div class=\"contained gb-element-3d7e3342\">\n<div class=\"gb-element-96e013af\">\n<div class=\"gb-element-4e1a0419\">\n<div class=\"gb-text gb-text-c702f3b4\">4.0<\/div>\n\n\n\n<div class=\"gb-element-c587add1\">\n<img loading=\"lazy\" decoding=\"async\" width=\"126\" height=\"21\" class=\"gb-media-0c8c6464\" alt=\"\" src=\"https:\/\/deutsch-albanische-schule.al\/wp-content\/uploads\/2025\/07\/Group-59.svg\" title=\"Gruppe 59\"\/>\n\n\n\n<img loading=\"lazy\" decoding=\"async\" width=\"142\" height=\"15\" class=\"gb-media-be4a459c\" alt=\"\" src=\"https:\/\/deutsch-albanische-schule.al\/wp-content\/uploads\/2025\/07\/Group-57.svg\" title=\"Gruppe 57\"\/>\n<\/div>\n<\/div>\n\n\n\n<div class=\"gb-text gb-text-07434b8b\">Die einzige Schule in Albanien<br>mit <mark style=\"background-color:rgba(0, 0, 0, 0)\" class=\"has-inline-color has-contrast-color\">deutsch-albanischem<\/mark><\/div>\n\n\n\n<h1 class=\"gb-text gb-text-19cd4358\">Bildungsprogramm<\/h1>\n\n\n\n<div class=\"gb-element-d1f5cd54\">\n<div class=\"gb-text-468aa892\"><span class=\"gb-shape\"><svg xmlns=\"http:\/\/www.w3.org\/2000\/svg\" width=\"24\" height=\"25\" viewbox=\"0 0 24 25\" fill=\"none\">\n  <path d=\"M19 2.5H5C3.34961 2.5 2 3.8501 2 5.5V19.5C2 21.1499 3.34961 22.5 5 22.5H19C20.6504 22.5 22 21.1499 22 19.5V5.5C22 3.8501 20.6504 2.5 19 2.5ZM16.46 10.71L11.46 15.71C11.2598 15.8999 11.0098 16 10.75 16C10.4902 16 10.2402 15.8999 10.04 15.71L7.54004 13.21C7.15039 12.8198 7.15039 12.1802 7.54004 11.79C7.92969 11.3999 8.57031 11.3999 8.95996 11.79L10.75 13.5898L15.04 9.29004C15.4297 8.8999 16.0703 8.8999 16.46 9.29004C16.8496 9.68018 16.8496 10.3198 16.46 10.71Z\" fill=\"#FA1E0E\"><\/path>\n<\/svg><\/span><span class=\"gb-text\">Qualifizierte Lehrkr\u00e4fte und moderne Unterrichtsmethoden<\/span><\/div>\n\n\n\n<div class=\"gb-text-bfe132a4\"><span class=\"gb-shape\"><svg xmlns=\"http:\/\/www.w3.org\/2000\/svg\" width=\"24\" height=\"25\" viewbox=\"0 0 24 25\" fill=\"none\">\n  <path d=\"M19 2.5H5C3.34961 2.5 2 3.8501 2 5.5V19.5C2 21.1499 3.34961 22.5 5 22.5H19C20.6504 22.5 22 21.1499 22 19.5V5.5C22 3.8501 20.6504 2.5 19 2.5ZM16.46 10.71L11.46 15.71C11.2598 15.8999 11.0098 16 10.75 16C10.4902 16 10.2402 15.8999 10.04 15.71L7.54004 13.21C7.15039 12.8198 7.15039 12.1802 7.54004 11.79C7.92969 11.3999 8.57031 11.3999 8.95996 11.79L10.75 13.5898L15.04 9.29004C15.4297 8.8999 16.0703 8.8999 16.46 9.29004C16.8496 9.68018 16.8496 10.3198 16.46 10.71Z\" fill=\"#FA1E0E\"><\/path>\n<\/svg><\/span><span class=\"gb-text\">Der Weg zu den besten Universit\u00e4ten Europas<\/span><\/div>\n<\/div>\n\n\n\n<div class=\"gb-element-30d53c99\">\n<a class=\"btn btn-outline-black gb-text-8bfff5dc\" href=\"https:\/\/deutsch-albanische-schule.al\/de\/rreth-nesh\/historiku\/\" target=\"_blank\" rel=\"noopener\"><span class=\"gb-text\">\u00fcber uns<\/span><span class=\"gb-shape\"><svg width=\"32\" height=\"31\" viewbox=\"0 0 32 31\" fill=\"none\" xmlns=\"http:\/\/www.w3.org\/2000\/svg\">\n<rect width=\"30.9046\" height=\"29.561\" rx=\"14.7805\" transform=\"matrix(1 1.68587e-07 1.68587e-07 -1 0.275391 30.2832)\" fill=\"#272727\"><\/rect>\n<path d=\"M19.679 12.9441L11.198 21.4252L9.80469 20.0319L18.2847 11.5508L10.8107 11.5508L10.8107 9.58008L21.6498 9.58008L21.6498 20.4191L19.679 20.4191L19.679 12.9441Z\" fill=\"#FBBC05\"><\/path>\n<\/svg>\n<\/span><\/a>\n\n\n\n<a class=\"btn gb-element-5d07aa75\" href=\"https:\/\/deutsch-albanische-schule.al\/de\/regjistrime\/\">\n<div class=\"gb-text-ca136f5e\"><span class=\"gb-shape\"><svg xmlns=\"http:\/\/www.w3.org\/2000\/svg\" width=\"26\" height=\"25\" viewbox=\"0 0 26 25\" fill=\"none\">\n  <g clip-path=\"url(#clip0_392_178)\">\n    <path d=\"M19.6931 24.8197H6.00744C4.54531 24.8197 3.17062 24.2503 2.1366 23.2162C1.10263 22.1824 0.533203 20.8076 0.533203 19.3454V17.9768C0.533203 17.2209 1.1459 16.6082 1.90177 16.6082C2.65765 16.6082 3.27035 17.2209 3.27035 17.9768V19.3454C3.27035 20.0765 3.55508 20.7638 4.07197 21.2808C4.58901 21.7978 5.27633 22.0825 6.00744 22.0825H19.6931C20.4241 22.0825 21.1114 21.7978 21.6284 21.2808C22.1454 20.7637 22.4302 20.0764 22.4302 19.3454V17.9768C22.4302 17.2209 23.0429 16.6082 23.7987 16.6082C24.5546 16.6082 25.1673 17.2209 25.1673 17.9768V19.3454C25.1673 20.8075 24.5979 22.1822 23.5639 23.2162C22.5299 24.2503 21.1552 24.8197 19.6931 24.8197ZM12.8502 19.3454C12.6609 19.3454 12.4807 19.3069 12.3167 19.2375C12.1637 19.1728 12.02 19.0789 11.8942 18.9561C11.8942 18.9561 11.8942 18.956 11.8941 18.956C11.8932 18.9552 11.8923 18.9542 11.8914 18.9533C11.8911 18.9531 11.8909 18.9528 11.8906 18.9526C11.8899 18.9519 11.8892 18.9512 11.8885 18.9505C11.888 18.95 11.8876 18.9496 11.8871 18.9491C11.8866 18.9486 11.886 18.948 11.8856 18.9476C11.8846 18.9466 11.8835 18.9456 11.8826 18.9446L6.4083 13.4703C5.87387 12.9359 5.87387 12.0693 6.4083 11.5348C6.94274 11.0004 7.80933 11.0004 8.34377 11.5348L11.4817 14.6728V1.55412C11.4817 0.798242 12.0944 0.185547 12.8502 0.185547C13.6061 0.185547 14.2189 0.798242 14.2189 1.55412V14.6727L17.3568 11.5348C17.8912 11.0004 18.7579 11.0004 19.2922 11.5348C19.8267 12.0693 19.8267 12.9359 19.2922 13.4703L13.818 18.9445C13.817 18.9455 13.816 18.9465 13.815 18.9475C13.8145 18.948 13.8139 18.9486 13.8135 18.949C13.813 18.9495 13.8126 18.9499 13.8121 18.9504C13.8114 18.9511 13.8106 18.9518 13.81 18.9525C13.8097 18.9527 13.8094 18.953 13.8092 18.9532C13.8083 18.9541 13.8074 18.9551 13.8065 18.9559C13.8064 18.9559 13.8064 18.956 13.8064 18.956C13.7913 18.9707 13.7761 18.9849 13.7605 18.9988C13.6459 19.101 13.5183 19.1807 13.3833 19.2376C13.3828 19.2378 13.3824 19.238 13.382 19.2382C13.3814 19.2384 13.381 19.2386 13.3805 19.2388C13.2174 19.3075 13.0383 19.3454 12.8502 19.3454Z\" fill=\"currentColor\"><\/path>\n  <\/g>\n  <defs>\n    <clippath id=\"clip0_392_178\">\n      <rect width=\"24.6341\" height=\"24.6341\" fill=\"white\" transform=\"translate(0.535645 0.185547)\"><\/rect>\n    <\/clippath>\n  <\/defs>\n<\/svg><\/span><\/div>\n\n\n\n<div class=\"gb-text-3e5c098c\"><span class=\"gb-text\">Anmeldungen haben begonnen<\/span><span class=\"gb-shape\"><svg width=\"32\" height=\"31\" viewbox=\"0 0 32 31\" fill=\"none\" xmlns=\"http:\/\/www.w3.org\/2000\/svg\">\n<rect width=\"30.9046\" height=\"29.561\" rx=\"14.7805\" transform=\"matrix(1 1.68587e-07 1.68587e-07 -1 0.275391 30.2832)\" fill=\"#272727\"><\/rect>\n<path d=\"M19.679 12.9441L11.198 21.4252L9.80469 20.0319L18.2847 11.5508L10.8107 11.5508L10.8107 9.58008L21.6498 9.58008L21.6498 20.4191L19.679 20.4191L19.679 12.9441Z\" fill=\"#FBBC05\"><\/path>\n<\/svg><\/span><\/div>\n<\/a>\n<\/div>\n<\/div>\n\n\n\n<div class=\"gb-element-bc82925c\">\n<img loading=\"lazy\" decoding=\"async\" width=\"898\" height=\"762\" class=\"gb-media-4f40b607\" alt=\"\" src=\"https:\/\/deutsch-albanische-schule.al\/wp-content\/uploads\/2025\/07\/img-1.png\" title=\"Bild (1)\" srcset=\"https:\/\/deutsch-albanische-schule.al\/wp-content\/uploads\/2025\/07\/img-1.png 898w, https:\/\/deutsch-albanische-schule.al\/wp-content\/uploads\/2025\/07\/img-1-300x255.png 300w, https:\/\/deutsch-albanische-schule.al\/wp-content\/uploads\/2025\/07\/img-1-768x652.png 768w\" sizes=\"auto, (max-width: 898px) 100vw, 898px\" \/>\n<\/div>\n<\/div>\n\n\n\n<div class=\"gb-element-b2ecf875\">\n<div class=\"contained gb-element-8156754d\">\n<div class=\"gb-element-66fc495c\">\n<div>\n<div class=\"gb-element-c3ee8b59\">\n<div class=\"gb-text-c42d62e1\"><span class=\"gb-shape\"><svg xmlns=\"http:\/\/www.w3.org\/2000\/svg\" width=\"73\" height=\"72\" viewbox=\"0 0 73 72\" fill=\"none\">\n  <g clip-path=\"url(#clip0_74_3757)\">\n    <path d=\"M65.5019 71.5H7.49699C6.6352 71.5 5.93652 70.8013 5.93652 69.9395V1.56047C5.93652 0.698465 6.6352 0 7.49699 0H65.5019C66.3637 0 67.0623 0.698465 67.0623 1.56047V69.9395C67.0623 70.8013 66.3637 71.5 65.5019 71.5ZM9.05746 68.3791H63.9414V3.12093H9.05746V68.3791Z\" fill=\"#FA1E0E\"><\/path>\n    <path d=\"M54.6558 15.9198H18.3437C17.4819 15.9198 16.7832 15.2211 16.7832 14.3593C16.7832 13.4973 17.4819 12.7988 18.3437 12.7988H54.6558C55.5175 12.7988 56.2162 13.4973 56.2162 14.3593C56.2162 15.2211 55.5175 15.9198 54.6558 15.9198Z\" fill=\"#FA1E0E\"><\/path>\n    <path d=\"M54.6558 24.0526H18.3437C17.4819 24.0526 16.7832 23.3541 16.7832 22.4921C16.7832 21.6301 17.4819 20.9316 18.3437 20.9316H54.6558C55.5175 20.9316 56.2162 21.6301 56.2162 22.4921C56.2162 23.3541 55.5175 24.0526 54.6558 24.0526Z\" fill=\"#FA1E0E\"><\/path>\n    <path d=\"M54.6558 32.1864H18.3437C17.4819 32.1864 16.7832 31.4879 16.7832 30.6259C16.7832 29.7639 17.4819 29.0654 18.3437 29.0654H54.6558C55.5175 29.0654 56.2162 29.7639 56.2162 30.6259C56.2162 31.4879 55.5175 32.1864 54.6558 32.1864Z\" fill=\"#FA1E0E\"><\/path>\n    <path d=\"M54.6562 40.3202H44.1093C43.2475 40.3202 42.5488 39.6217 42.5488 38.7597C42.5488 37.8977 43.2475 37.1992 44.1093 37.1992H54.6562C55.518 37.1992 56.2167 37.8977 56.2167 38.7597C56.2167 39.6217 55.518 40.3202 54.6562 40.3202Z\" fill=\"#FA1E0E\"><\/path>\n    <path d=\"M35.0611 64.5045L31.6046 52.527C33.1505 51.0408 34.1155 48.9548 34.1155 46.6461C34.1155 42.1451 30.4536 38.4834 25.9528 38.4834C21.452 38.4834 17.7903 42.1453 17.7903 46.6461C17.7903 48.9548 18.7553 51.041 20.3012 52.5272L16.8444 64.5045C16.6701 65.1091 16.8756 65.7591 17.366 66.1534C17.6492 66.3812 17.9954 66.4977 18.3439 66.4977C18.5988 66.4977 18.8547 66.4353 19.0884 66.3086L25.953 62.5812L32.8176 66.3086C33.051 66.4353 33.3071 66.4977 33.5618 66.4977C33.9105 66.4977 34.2567 66.3812 34.5399 66.1534C35.0301 65.7593 35.2357 65.1093 35.0611 64.5045ZM25.953 41.6043C28.7329 41.6043 30.9947 43.8662 30.9947 46.6461C30.9947 49.4258 28.7329 51.6875 25.953 51.6875C23.173 51.6875 20.9114 49.4258 20.9114 46.6461C20.9112 43.8662 23.1728 41.6043 25.953 41.6043ZM26.6974 59.4344C26.2193 59.175 25.6656 59.1916 25.2187 59.4292C25.2152 59.4311 25.2116 59.4326 25.2083 59.4344L20.8775 61.786L23.0461 54.2718C23.9497 54.6174 24.9293 54.8086 25.953 54.8086C26.9766 54.8086 27.9562 54.6174 28.8598 54.2718L31.0284 61.786L26.6974 59.4344Z\" fill=\"#FA1E0E\"><\/path>\n  <\/g>\n  <defs>\n    <clippath id=\"clip0_74_3757\">\n      <rect width=\"71.5\" height=\"71.5\" fill=\"white\" transform=\"translate(0.75)\"><\/rect>\n    <\/clippath>\n  <\/defs>\n<\/svg><\/span><\/div>\n\n\n\n<h3 class=\"gb-text gb-text-9922edf8\">Hintergrund<\/h3>\n\n\n\n<p class=\"gb-text gb-text-22c2d0df\">Im Jahr 2012 entstand die Idee, die erste deutsche Schule in Albanien zu gr\u00fcnden.<\/p>\n<\/div>\n\n\n\n<a class=\"btn-underlined gb-text-28d20b9c\" href=\"https:\/\/deutsch-albanische-schule.al\/de\/rreth-nesh\/historiku\/\"><span class=\"gb-text\">MEHR ERFAHREN<\/span><span class=\"gb-shape\"><svg xmlns=\"http:\/\/www.w3.org\/2000\/svg\" viewbox=\"0 0 320 512\"><!--!Font Awesome Free v7.0.0 by @fontawesome - https:\/\/fontawesome.com License - https:\/\/fontawesome.com\/license\/free Copyright 2025 Fonticons, Inc.--><path d=\"M311.1 233.4c12.5 12.5 12.5 32.8 0 45.3l-192 192c-12.5 12.5-32.8 12.5-45.3 0s-12.5-32.8 0-45.3L243.2 256 73.9 86.6c-12.5-12.5-12.5-32.8 0-45.3s32.8-12.5 45.3 0l192 192z\"><\/path><\/svg><\/span><\/a>\n<\/div>\n\n\n\n<div>\n<div class=\"gb-element-a45f428c\">\n<div class=\"gb-text-6f717bee\"><span class=\"gb-shape\"><svg xmlns=\"http:\/\/www.w3.org\/2000\/svg\" width=\"72\" height=\"71\" viewbox=\"0 0 72 71\" fill=\"none\">\n  <path d=\"M65.1169 68.2265H62.962C60.2909 65.0577 60.2909 60.3015 62.962 57.1327H65.1169C65.8826 57.1327 66.5036 56.5119 66.5036 55.746C66.5036 54.9801 65.8826 54.3593 65.1169 54.3593H57.4151C54.744 51.1905 54.744 46.4343 57.4151 43.2655H59.5699C60.3357 43.2655 60.9567 42.6446 60.9567 41.8787C60.9567 41.1128 60.3357 40.492 59.5699 40.492H47.8933C48.5087 39.9602 49.0896 39.3567 49.6282 38.6834C51.9194 35.8193 53.1813 32.0294 53.1813 28.0115C53.1813 23.9936 51.9194 20.2036 49.6282 17.3395C47.2643 14.3846 44.0939 12.7575 40.7008 12.7575C39.2551 12.7575 37.828 13.0618 36.4829 13.649C36.3857 12.749 36.1638 11.8863 35.8368 11.0766C36.0171 11.0679 36.2029 11.0557 36.3948 11.0378C38.488 10.842 40.2039 10.1291 41.357 8.976C42.5099 7.82307 43.2228 6.10714 43.4186 4.01401C43.5589 2.51551 43.3886 1.31572 43.3813 1.26552C43.293 0.658131 42.8158 0.180959 42.2084 0.0926243C42.1581 0.0852746 40.9584 -0.0850154 39.4598 0.0551826C37.3665 0.250988 35.6507 0.963905 34.4977 2.11697C33.3963 3.21845 32.6977 4.83426 32.4665 6.80105C30.8768 5.66394 28.9327 4.99179 26.8334 4.99179C26.0675 4.99179 25.4466 5.61263 25.4466 6.37852C25.4466 7.14441 26.0675 7.76525 26.8334 7.76525C30.2781 7.76525 33.143 10.2906 33.6767 13.5871C32.375 13.0413 30.9996 12.7575 29.6068 12.7575C26.2138 12.7575 23.0433 14.3848 20.6795 17.3395C18.3882 20.2036 17.1263 23.9936 17.1263 28.0115C17.1263 32.0294 18.3882 35.8193 20.6795 38.6834C21.2181 39.3567 21.799 39.9602 22.4144 40.492H9.64778C9.27156 40.492 8.91157 40.6448 8.65031 40.9154C4.44534 45.2697 4.44534 52.3549 8.65031 56.7094C8.91157 56.9799 9.27156 57.1327 9.64778 57.1327H12.4644C10.1087 61.3976 10.6848 66.9392 14.1972 70.5766C14.4585 70.8472 14.8185 71 15.1947 71H65.1169C65.8826 71 66.5036 70.3792 66.5036 69.6133C66.5036 68.8474 65.8827 68.2265 65.1169 68.2265ZM36.4592 4.07808C37.5193 3.01792 39.3922 2.77039 40.7013 2.77039H40.7037C40.7039 4.0796 40.4568 5.95418 39.396 7.01489C38.336 8.0749 36.4636 8.32243 35.1559 8.32271C35.1516 7.1121 35.3423 5.19495 36.4592 4.07808ZM19.9001 28.0115C19.9001 21.1297 24.2547 15.5309 29.6072 15.5309C31.2635 15.5309 32.9007 16.0816 34.3416 17.1236C34.8266 17.4741 35.4818 17.4741 35.9667 17.1236C37.4077 16.0816 39.0447 15.5309 40.701 15.5309C46.0535 15.5309 50.4081 21.1297 50.4081 28.0115C50.4081 34.8932 46.0535 40.492 40.701 40.492C39.0447 40.492 37.4076 39.9413 35.9667 38.8993C35.7242 38.7241 35.4392 38.6364 35.1543 38.6364C34.8693 38.6364 34.5842 38.7241 34.3418 38.8993C32.9008 39.9413 31.2638 40.492 29.6074 40.492C24.2546 40.492 19.9001 34.8932 19.9001 28.0115ZM10.2634 43.2655H54.0662C52.1749 46.6896 52.1749 50.9352 54.0662 54.3593H29.0621V50.1991H45.7028C46.4686 50.1991 47.0895 49.5783 47.0895 48.8124C47.0895 48.0465 46.4686 47.4256 45.7028 47.4256H15.1948C14.4289 47.4256 13.8081 48.0465 13.8081 48.8124C13.8081 49.5783 14.4289 50.1991 15.1948 50.1991H17.9683V54.3593H10.2634C7.59362 51.191 7.59362 46.4338 10.2634 43.2655ZM20.7416 50.1991H26.2885V56.5583L24.4956 54.7654C23.9541 54.2239 23.076 54.2239 22.5344 54.7654L20.7415 56.5583V50.1991H20.7416ZM15.8133 57.1327H17.9683V59.9062C17.9683 60.467 18.3062 60.9727 18.8243 61.1874C19.3425 61.4022 19.939 61.2832 20.3356 60.8869L23.5152 57.7072L26.6948 60.8869C26.9602 61.1521 27.3148 61.293 27.6758 61.293C27.8544 61.293 28.0345 61.2584 28.2061 61.1874C28.7243 60.9727 29.0621 60.4671 29.0621 59.9062V57.1327H59.6131C57.7219 60.5568 57.7219 64.8024 59.6131 68.2265H15.8103C13.1403 65.0579 13.1426 60.3011 15.8133 57.1327Z\" fill=\"#272727\"><\/path>\n  <path d=\"M51.2495 61.293H31.8354C31.0696 61.293 30.4487 61.9138 30.4487 62.6797C30.4487 63.4456 31.0696 64.0664 31.8354 64.0664H51.2495C52.0153 64.0664 52.6362 63.4456 52.6362 62.6797C52.6362 61.9138 52.0154 61.293 51.2495 61.293Z\" fill=\"#272727\"><\/path>\n  <path d=\"M40.3155 21.2854C42.4818 21.9126 44.1578 23.8565 44.6893 26.3584C44.8277 27.0104 45.4033 27.4572 46.0443 27.4572C46.1397 27.4572 46.2368 27.4474 46.3338 27.4267C47.0829 27.2675 47.5613 26.5312 47.402 25.7821C46.6576 22.2776 44.2377 19.5338 41.0868 18.6215C40.3512 18.4085 39.5822 18.8322 39.369 19.5678C39.156 20.3033 39.5798 21.0724 40.3155 21.2854Z\" fill=\"#272727\"><\/path>\n<\/svg><\/span><\/div>\n\n\n\n<h3 class=\"gb-text gb-text-e0e1df41\">Klassenzimmer<\/h3>\n\n\n\n<p class=\"gb-text gb-text-f9b9081b\">F\u00fcr das Schuljahr 2025\/26 bietet die Deutsch-Albanische Schule Tirana Unterricht f\u00fcr die Unterstufe (Klassen 1\u20134), die neunj\u00e4hrige Mittelstufe (Klassen 5\u20139) und die Sekundarstufe I (Klassen 10, 11 und 12) an.<\/p>\n<\/div>\n\n\n\n<a class=\"btn-underlined gb-text-92c54fce\" href=\"https:\/\/deutsch-albanische-schule.al\/de\/rreth-nesh\/klasat\/\"><span class=\"gb-text\">MEHR ERFAHREN<\/span><span class=\"gb-shape\"><svg xmlns=\"http:\/\/www.w3.org\/2000\/svg\" viewbox=\"0 0 320 512\"><!--!Font Awesome Free v7.0.0 by @fontawesome - https:\/\/fontawesome.com License - https:\/\/fontawesome.com\/license\/free Copyright 2025 Fonticons, Inc.--><path d=\"M311.1 233.4c12.5 12.5 12.5 32.8 0 45.3l-192 192c-12.5 12.5-32.8 12.5-45.3 0s-12.5-32.8 0-45.3L243.2 256 73.9 86.6c-12.5-12.5-12.5-32.8 0-45.3s32.8-12.5 45.3 0l192 192z\"><\/path><\/svg><\/span><\/a>\n<\/div>\n\n\n\n<div>\n<div class=\"gb-element-0eade8a3\">\n<div class=\"gb-text-0e8db130\"><span class=\"gb-shape\"><svg xmlns=\"http:\/\/www.w3.org\/2000\/svg\" width=\"72\" height=\"71\" viewbox=\"0 0 72 71\" fill=\"none\">\n  <g clip-path=\"url(#clip0_74_3799)\">\n    <path d=\"M40.2337 3.33984H33.1889C30.4925 3.34356 28.3078 5.5286 28.3046 8.22505V20.6295H9.09829C4.35088 20.635 0.504069 24.4828 0.5 29.2302V59.061C0.504953 63.8079 4.35142 67.6551 9.09829 67.6609H62.9001C67.6475 67.6554 71.4945 63.8082 71.5 59.061V29.2302C71.4945 24.483 67.6473 20.6362 62.9001 20.6312H45.1254V8.22682C45.1214 5.52754 42.9328 3.34126 40.2337 3.33984ZM31.1889 22.0708V8.22682C31.1898 7.12174 32.0853 6.22593 33.1903 6.22451H40.2335C41.3405 6.22398 42.2392 7.11979 42.2424 8.22682V25.8616C42.2415 26.9709 41.3427 27.8699 40.2335 27.8713H33.1887C32.0817 27.8676 31.1863 26.9686 31.1873 25.8616L31.1889 22.0708ZM62.9001 23.5124C66.0565 23.5156 68.6144 26.0738 68.6171 29.2302V59.061C68.6134 62.217 66.056 64.7745 62.9001 64.7782H9.09829C5.94279 64.7741 3.38609 62.2165 3.3829 59.061V29.2302C3.38609 26.0749 5.94296 23.5177 9.09829 23.514H28.3062V25.8614C28.3071 28.56 30.4921 30.7485 33.1905 30.754H40.2337C42.9344 30.7508 45.1228 28.5621 45.1254 25.8614V23.514L62.9001 23.5124Z\" fill=\"#FA1E0E\"><\/path>\n    <path d=\"M25.4218 43.9027C28.244 41.3906 28.4954 37.0661 25.9833 34.2439C23.4711 31.4217 19.1467 31.1703 16.3245 33.6824C13.5022 36.1945 13.2509 40.519 15.763 43.3412C15.9392 43.5392 16.1265 43.7265 16.3245 43.9027C13.1783 45.5825 11.2123 48.8578 11.2095 52.4244V54.8459C11.2095 55.642 11.8548 56.2873 12.6508 56.2873H29.0945C29.8906 56.2873 30.5359 55.642 30.5359 54.8459V52.4244C30.5332 48.8579 28.5676 45.5827 25.4218 43.9027ZM20.8727 34.886C23.0471 34.8951 24.8025 36.6653 24.7933 38.8395C24.7842 41.0139 23.014 42.7693 20.8398 42.7601C18.6719 42.7511 16.9192 40.9909 16.9192 38.8231C16.928 36.646 18.6956 34.886 20.8727 34.886ZM27.653 53.4046H14.0922V52.4244C14.0917 48.6796 17.1271 45.6435 20.8716 45.643C24.6164 45.6425 27.6525 48.6779 27.653 52.4224V52.4242V53.4046Z\" fill=\"#FA1E0E\"><\/path>\n    <path d=\"M36.7157 20.9507C38.8724 20.9512 40.621 19.2031 40.6216 17.0465C40.6221 14.8898 38.874 13.1412 36.7174 13.1406C34.5607 13.1401 32.8121 14.8882 32.8115 17.0448V17.0463C32.8142 19.2015 34.5607 20.948 36.7157 20.9507ZM36.7157 16.0242C37.2801 16.0237 37.7381 16.481 37.7387 17.0456C37.7392 17.6101 37.2819 18.0681 36.7172 18.0686C36.1528 18.0692 35.6948 17.6119 35.6942 17.0472C35.6942 17.0469 35.6942 17.0467 35.6942 17.0463C35.6948 16.4824 36.1517 16.0253 36.7157 16.0242Z\" fill=\"#FA1E0E\"><\/path>\n    <path d=\"M43.9451 38.3379H38.1513C37.3553 38.3379 36.71 38.9832 36.71 39.7793C36.71 40.5753 37.3553 41.2206 38.1513 41.2206H43.9449C44.7409 41.2206 45.3863 40.5753 45.3863 39.7793C45.3863 38.9832 44.7413 38.3379 43.9451 38.3379Z\" fill=\"#FA1E0E\"><\/path>\n    <path d=\"M51.0732 41.2206H61.0049C61.801 41.2206 62.4463 40.5753 62.4463 39.7793C62.4463 38.9832 61.801 38.3379 61.0049 38.3379H51.0732C50.2772 38.3379 49.6318 38.9832 49.6318 39.7793C49.6318 40.5753 50.2772 41.2206 51.0732 41.2206Z\" fill=\"#FA1E0E\"><\/path>\n    <path d=\"M61.0047 44.1172H38.1513C37.3553 44.1172 36.71 44.7625 36.71 45.5586C36.71 46.3546 37.3553 46.9999 38.1513 46.9999H61.0047C61.8008 46.9999 62.4461 46.3546 62.4461 45.5586C62.4461 44.7625 61.8008 44.1172 61.0047 44.1172Z\" fill=\"#FA1E0E\"><\/path>\n    <path d=\"M51.1809 49.8965H38.1513C37.3553 49.8965 36.71 50.5418 36.71 51.3378C36.71 52.1339 37.3553 52.7792 38.1513 52.7792H51.1809C51.9769 52.7792 52.6223 52.1339 52.6223 51.3378C52.6223 50.5418 51.9769 49.8965 51.1809 49.8965Z\" fill=\"#FA1E0E\"><\/path>\n    <path d=\"M61.0048 49.8965H58.0478C57.2518 49.8965 56.6064 50.5418 56.6064 51.3378C56.6064 52.1339 57.2518 52.7792 58.0478 52.7792H61.0048C61.8009 52.7792 62.4462 52.1339 62.4462 51.3378C62.4462 50.5418 61.8009 49.8965 61.0048 49.8965Z\" fill=\"#FA1E0E\"><\/path>\n  <\/g>\n  <defs>\n    <clippath id=\"clip0_74_3799\">\n      <rect width=\"71\" height=\"71\" fill=\"white\" transform=\"translate(0.5)\"><\/rect>\n    <\/clippath>\n  <\/defs>\n<\/svg><\/span><\/div>\n\n\n\n<h3 class=\"gb-text gb-text-42aef7ef\">Personal<\/h3>\n\n\n\n<p class=\"gb-text gb-text-b2a3108e\">Unser Team hat es sich zum Ziel gesetzt, jeden Sch\u00fcler zu inspirieren und zu f\u00f6rdern, damit er sein volles Potenzial aussch\u00f6pfen kann.<\/p>\n<\/div>\n\n\n\n<a class=\"btn-underlined gb-text-601bb593\" href=\"https:\/\/deutsch-albanische-schule.al\/de\/rreth-nesh\/stafi-yne\/\"><span class=\"gb-text\">MEHR ERFAHREN<\/span><span class=\"gb-shape\"><svg xmlns=\"http:\/\/www.w3.org\/2000\/svg\" viewbox=\"0 0 320 512\"><!--!Font Awesome Free v7.0.0 by @fontawesome - https:\/\/fontawesome.com License - https:\/\/fontawesome.com\/license\/free Copyright 2025 Fonticons, Inc.--><path d=\"M311.1 233.4c12.5 12.5 12.5 32.8 0 45.3l-192 192c-12.5 12.5-32.8 12.5-45.3 0s-12.5-32.8 0-45.3L243.2 256 73.9 86.6c-12.5-12.5-12.5-32.8 0-45.3s32.8-12.5 45.3 0l192 192z\"><\/path><\/svg><\/span><\/a>\n<\/div>\n\n\n\n<div>\n<div class=\"gb-element-af11520e\">\n<div class=\"gb-text-566bb223\"><span class=\"gb-shape\"><svg xmlns=\"http:\/\/www.w3.org\/2000\/svg\" width=\"72\" height=\"71\" viewbox=\"0 0 72 71\" fill=\"none\">\n  <g clip-path=\"url(#clip0_74_3820)\">\n    <path d=\"M70.1527 3.09806e-08H70.1521H1.51878C0.865435 -0.000147886 0.335597 0.529394 0.335449 1.18274V1.18333V24.85H2.70212V2.36667H68.9688V28.4H27.5521V30.7667H70.1521C70.8055 30.7668 71.3353 30.2373 71.3354 29.5839V29.5833V1.18333C71.3356 0.529985 70.8061 0.000147948 70.1527 3.09806e-08Z\" fill=\"#272727\"><\/path>\n    <path d=\"M63.0519 5.91699H39.3853V8.28366H63.0519V5.91699Z\" fill=\"#272727\"><\/path>\n    <path d=\"M66.6022 13.0166H42.9355V15.3833H66.6022V13.0166Z\" fill=\"#272727\"><\/path>\n    <path d=\"M61.8688 20.1162H38.2021V22.4829H61.8688V20.1162Z\" fill=\"#272727\"><\/path>\n    <path d=\"M38.1077 10.2025C37.2976 8.25515 35.0623 7.33333 33.1151 8.14347C33.0818 8.15737 33.0487 8.17157 33.0159 8.18637L23.4208 13.1638C23.7992 12.3795 23.9978 11.5207 24.0021 10.6501C24.0021 7.38244 21.3531 4.7334 18.0854 4.7334C14.8178 4.7334 12.1688 7.38244 12.1688 10.6501C12.1732 11.9344 12.5997 13.1818 13.3824 14.2001H13.3332C9.97429 14.2225 6.97587 16.3107 5.79002 19.4535L2.63112 30.3415C1.87911 32.2949 2.85299 34.4882 4.80653 35.2402C5.69728 35.583 6.68462 35.5773 7.57138 35.2239C8.59023 34.8134 9.38307 33.9845 9.74798 32.9485L10.9854 29.0102V46.1365C9.96719 45.3538 8.71981 44.9274 7.43545 44.9228C4.1727 44.9179 1.52366 47.559 1.51878 50.8219C1.51642 52.4198 2.16133 53.9505 3.30665 55.0649C1.48905 55.9935 0.342549 57.8596 0.335449 59.9006V69.8167C0.335301 70.4701 0.864843 70.9999 1.51819 71.0001H1.51878H13.3521C14.0055 71.0002 14.5353 70.4707 14.5354 69.8173V69.8167V59.9006C14.5297 58.2233 13.7505 56.6427 12.4238 55.6167H21.3806C20.0538 56.6427 19.2746 58.2233 19.2689 59.9006V69.8167C19.2688 70.4701 19.7983 70.9999 20.4517 71.0001H20.4523H32.2856C32.9389 71.0002 33.4688 70.4707 33.4689 69.8173V69.8167V59.9006C33.4618 57.8596 32.3153 55.9935 30.4977 55.0649C32.8341 52.7844 32.8795 49.0417 30.5991 46.7053C29.1947 45.2666 27.1554 44.6401 25.1856 45.0425V20.8355L36.0487 15.195C37.9959 14.385 38.9177 12.1496 38.1077 10.2025ZM18.0854 7.10007C20.0461 7.10007 21.6354 8.68943 21.6354 10.6501C21.6354 12.6107 20.0461 14.2001 18.0854 14.2001C16.1257 14.198 14.5375 12.6098 14.5354 10.6501C14.5354 8.68943 16.1248 7.10007 18.0854 7.10007ZM7.43545 47.2895C9.39608 47.2895 10.9854 48.8788 10.9854 50.8395C10.9854 52.8001 9.39608 54.3895 7.43545 54.3895C5.47481 54.3895 3.88545 52.8001 3.88545 50.8395C3.88752 48.8797 5.4757 47.2917 7.43545 47.2895ZM12.1688 68.6334H2.70212V59.9006C2.70448 58.189 4.0915 56.8021 5.80319 56.8001H9.06771C10.7793 56.8021 12.1664 58.189 12.1688 59.9006V68.6334ZM31.1021 59.9006V68.6334H21.6354V59.9006C21.6378 58.189 23.0248 56.8021 24.7365 56.8001H28.001C29.7127 56.8021 31.0997 58.189 31.1021 59.9006ZM26.3688 47.2895C28.3285 47.2915 29.9167 48.8797 29.9188 50.8395C29.9188 52.8001 28.3294 54.3895 26.3688 54.3895C24.4081 54.3895 22.8188 52.8001 22.8188 50.8395C22.8188 48.8788 24.4081 47.2895 26.3688 47.2895ZM35.9424 12.1766C35.784 12.583 35.4587 12.9021 35.0491 13.0525L23.4573 19.0662C23.0651 19.2698 22.8188 19.6749 22.8188 20.1167V46.1365C20.6023 47.7754 19.8344 50.7416 20.9775 53.2501H19.2688V33.1334H16.9021V53.2501H12.8267C13.1634 52.506 13.3407 51.6999 13.3477 50.8834H13.3521V21.3001C13.352 20.6464 12.822 20.1167 12.1685 20.1169C11.6518 20.117 11.1949 20.4524 11.0399 20.9454L7.50645 32.1892C7.23872 32.9276 6.42296 33.3093 5.68456 33.0414C5.63279 33.0226 5.58205 33.0009 5.53265 32.9762C4.85001 32.6234 4.56024 31.7998 4.87176 31.0972L8.03052 20.2092C8.88237 18.0215 10.9853 16.5769 13.333 16.5667H21.7118C21.9014 16.567 22.0884 16.5213 22.2567 16.4339L34.0178 10.3289C34.7234 10.0346 35.5367 10.3357 35.8801 11.0188C36.0622 11.3789 36.0848 11.7989 35.9424 12.1766Z\" fill=\"#272727\"><\/path>\n    <path d=\"M49.4309 55.0647C51.7714 52.7844 51.8202 49.0384 49.54 46.698C47.2597 44.3575 43.5137 44.3087 41.1732 46.5889C38.8327 48.8692 38.7839 52.6152 41.0642 54.9557C41.1001 54.9925 41.1365 55.0289 41.1734 55.0647C39.3559 55.9933 38.2092 57.8595 38.2021 59.9004V69.8166C38.202 70.4699 38.7315 70.9998 39.3849 70.9999C39.385 70.9999 39.3853 70.9999 39.3855 70.9999H51.2188C51.8722 71.0001 52.402 70.4705 52.4021 69.8172C52.4021 69.817 52.4021 69.8167 52.4021 69.8166V59.9004C52.395 57.8595 51.2485 55.9933 49.4309 55.0647ZM45.3021 47.2893C47.2628 47.2893 48.8521 48.8787 48.8521 50.8393C48.8521 52.8 47.2628 54.3893 45.3021 54.3893C43.3415 54.3893 41.7521 52.8 41.7521 50.8393C41.7542 48.8796 43.3424 47.2915 45.3021 47.2893ZM50.0355 68.6333H40.5688V59.9004C40.5712 58.1889 41.9582 56.802 43.6699 56.7999H46.9344C48.646 56.802 50.0331 58.1889 50.0355 59.9004V68.6333Z\" fill=\"#272727\"><\/path>\n    <path d=\"M68.3641 55.0647C70.7045 52.7844 70.7533 49.0384 68.4731 46.698C66.1928 44.3575 62.4468 44.3087 60.1063 46.5889C57.7658 48.8692 57.717 52.6152 59.9973 54.9557C60.0332 54.9925 60.0696 55.0289 60.1065 55.0647C58.289 55.9933 57.1424 57.8595 57.1353 59.9004V69.8166C57.1351 70.4699 57.6646 70.9998 58.318 70.9999C58.3181 70.9999 58.3184 70.9999 58.3186 70.9999H70.1519C70.8053 71.0001 71.3351 70.4705 71.3353 69.8172C71.3353 69.817 71.3353 69.8167 71.3353 69.8166V59.9004C71.3282 57.8595 70.1817 55.9933 68.3641 55.0647ZM64.2353 47.2893C66.1959 47.2893 67.7853 48.8787 67.7853 50.8393C67.7853 52.8 66.1959 54.3893 64.2353 54.3893C62.2746 54.3893 60.6853 52.8 60.6853 50.8393C60.6873 48.8796 62.2755 47.2915 64.2353 47.2893ZM68.9686 68.6333H59.5019V59.9004C59.5043 58.1889 60.8913 56.802 62.603 56.7999H65.8675C67.5791 56.802 68.9662 58.1889 68.9686 59.9004V68.6333Z\" fill=\"#272727\"><\/path>\n  <\/g>\n  <defs>\n    <clippath id=\"clip0_74_3820\">\n      <rect width=\"71\" height=\"71\" fill=\"white\" transform=\"translate(0.335449)\"><\/rect>\n    <\/clippath>\n  <\/defs>\n<\/svg><\/span><\/div>\n\n\n\n<h3 class=\"gb-text gb-text-e12192a3\">Unterrichtsplan<\/h3>\n\n\n\n<p class=\"gb-text gb-text-c2c5f52d\">Die deutsch-albanische Schule orientiert sich am deutschen Bildungssystemmodell und hat sich zum Ziel gesetzt, einen innovativen Bildungsprozess im albanischen Bildungswesen zu schaffen.<\/p>\n<\/div>\n\n\n\n<a class=\"btn-underlined gb-text-28d81c69\" href=\"https:\/\/deutsch-albanische-schule.al\/de\/programi\/programi-plani-mesimor\/\"><span class=\"gb-text\">MEHR ERFAHREN<\/span><span class=\"gb-shape\"><svg xmlns=\"http:\/\/www.w3.org\/2000\/svg\" viewbox=\"0 0 320 512\"><!--!Font Awesome Free v7.0.0 by @fontawesome - https:\/\/fontawesome.com License - https:\/\/fontawesome.com\/license\/free Copyright 2025 Fonticons, Inc.--><path d=\"M311.1 233.4c12.5 12.5 12.5 32.8 0 45.3l-192 192c-12.5 12.5-32.8 12.5-45.3 0s-12.5-32.8 0-45.3L243.2 256 73.9 86.6c-12.5-12.5-12.5-32.8 0-45.3s32.8-12.5 45.3 0l192 192z\"><\/path><\/svg><\/span><\/a>\n<\/div>\n<\/div>\n<\/div>\n<\/div>\n\n\n\n<div class=\"contained gb-element-e45ccade\">\n<div class=\"gb-element-dc067e80\">\n<img loading=\"lazy\" decoding=\"async\" width=\"1150\" height=\"660\" class=\"gb-media-81dc2ba7\" alt=\"\" src=\"https:\/\/deutsch-albanische-schule.al\/wp-content\/uploads\/2025\/07\/2fe394952863200fe1e87a66a103cf04c50a33c3.jpg\" title=\"2fe394952863200fe1e87a66a103cf04c50a33c3\" srcset=\"https:\/\/deutsch-albanische-schule.al\/wp-content\/uploads\/2025\/07\/2fe394952863200fe1e87a66a103cf04c50a33c3.jpg 1150w, https:\/\/deutsch-albanische-schule.al\/wp-content\/uploads\/2025\/07\/2fe394952863200fe1e87a66a103cf04c50a33c3-300x172.jpg 300w, https:\/\/deutsch-albanische-schule.al\/wp-content\/uploads\/2025\/07\/2fe394952863200fe1e87a66a103cf04c50a33c3-1024x588.jpg 1024w, https:\/\/deutsch-albanische-schule.al\/wp-content\/uploads\/2025\/07\/2fe394952863200fe1e87a66a103cf04c50a33c3-768x441.jpg 768w\" sizes=\"auto, (max-width: 1150px) 100vw, 1150px\" \/>\n<\/div>\n\n\n\n<div class=\"gb-element-b4b1ebc3\">\n<div class=\"gb-text subheading\">\u00dcber uns<\/div>\n\n\n\n<h2 class=\"gb-text gb-text-2fc662d5\">Unsere Philosophie<\/h2>\n\n\n\n<p class=\"gb-text\">An der Deutsch-Albanischen Schule verstehen wir Bildung nicht nur als Wissensvermittlung, sondern als einen ganzheitlichen Entwicklungsprozess, der Sprache, Kultur und Pers\u00f6nlichkeit jedes Kindes miteinander verbindet. Wir schaffen eine Umgebung, in der Deutsch zum Alltag geh\u00f6rt \u2013 nicht nur im Unterricht, sondern auch in der freien Kommunikation zwischen Sch\u00fclern und Lehrern. Unser p\u00e4dagogischer Ansatz vereint deutsche Bildungsstandards mit der albanischen Lebenswirklichkeit und gibt den Kindern die M\u00f6glichkeit, sich individuell zu entfalten und sich auf die Welt vorzubereiten.<\/p>\n\n\n\n<a class=\"btn-underlined btn-underlined-left btn-arrow-accent gb-text-2fd096df\" href=\"https:\/\/deutsch-albanische-schule.al\/de\/rreth-nesh\/misioni-dhe-vizioni\/\"><span class=\"gb-text\">MEHR ERFAHREN<\/span><span class=\"gb-shape\"><svg xmlns=\"http:\/\/www.w3.org\/2000\/svg\" viewbox=\"0 0 320 512\"><!--!Font Awesome Free v7.0.0 by @fontawesome - https:\/\/fontawesome.com License - https:\/\/fontawesome.com\/license\/free Copyright 2025 Fonticons, Inc.--><path d=\"M311.1 233.4c12.5 12.5 12.5 32.8 0 45.3l-192 192c-12.5 12.5-32.8 12.5-45.3 0s-12.5-32.8 0-45.3L243.2 256 73.9 86.6c-12.5-12.5-12.5-32.8 0-45.3s32.8-12.5 45.3 0l192 192z\"><\/path><\/svg><\/span><\/a>\n\n\n\n<div class=\"gb-element-2ff4067e\">\n<div>\n<h3 class=\"gb-text-4af7eb72\"><span class=\"gb-shape\"><svg xmlns=\"http:\/\/www.w3.org\/2000\/svg\" width=\"46\" height=\"45\" viewbox=\"0 0 46 45\" fill=\"none\">\n  <g clip-path=\"url(#clip0_68_3556)\">\n    <path d=\"M41.4396 0H18.9396C17.9454 0.00119089 16.9923 0.396661 16.2893 1.09966C15.5863 1.80267 15.1908 2.7558 15.1896 3.75V4.05L3.05759 6.9885C2.57876 7.10422 2.12742 7.31314 1.72936 7.60334C1.3313 7.89353 0.994317 8.25931 0.737661 8.67978C0.481005 9.10025 0.309708 9.56717 0.233556 10.0539C0.157403 10.5406 0.177888 11.0375 0.29384 11.5162L7.70384 42.132C7.81848 42.6114 8.02674 43.0635 8.31666 43.4622C8.60657 43.8608 8.97242 44.1983 9.39317 44.4551C9.81393 44.712 10.2813 44.8831 10.7684 44.9587C11.2555 45.0343 11.7528 45.0129 12.2316 44.8957L30.1896 40.5457V43.5C30.1897 43.7966 30.2777 44.0866 30.4425 44.3332C30.6073 44.5798 30.8416 44.772 31.1156 44.8855C31.3897 44.999 31.6912 45.0287 31.9821 44.9709C32.2731 44.913 32.5403 44.7702 32.7501 44.5605L34.6896 42.6195L36.6291 44.559C36.8388 44.7686 37.1059 44.9114 37.3967 44.9693C37.6875 45.0272 37.9889 44.9976 38.2629 44.8843C38.5369 44.771 38.7711 44.579 38.9361 44.3326C39.101 44.0862 39.1892 43.7965 39.1896 43.5V39H41.4396C42.4338 38.9988 43.3869 38.6033 44.0899 37.9003C44.7929 37.1973 45.1884 36.2442 45.1896 35.25V3.75C45.1884 2.7558 44.7929 1.80267 44.0899 1.09966C43.3869 0.396661 42.4338 0.00119089 41.4396 0ZM30.1896 39L11.8776 43.4385C11.5902 43.508 11.292 43.5202 10.9999 43.4744C10.7078 43.4286 10.4277 43.3257 10.1754 43.1716C9.92309 43.0174 9.70366 42.8151 9.52962 42.5761C9.35559 42.3371 9.23036 42.0662 9.16109 41.7787L1.75109 11.1637C1.68151 10.8761 1.66936 10.5775 1.71535 10.2852C1.76133 9.99281 1.86454 9.71239 2.01907 9.45998C2.17359 9.20757 2.3764 8.98813 2.61587 8.81422C2.85533 8.64031 3.12676 8.51535 3.41459 8.4465L15.1896 5.59575V9.45L10.1233 10.6762C9.945 10.7194 9.78864 10.8264 9.68387 10.977C9.5791 11.1276 9.53318 11.3114 9.5548 11.4936C9.57642 11.6758 9.66408 11.8438 9.8012 11.9657C9.93831 12.0876 10.1154 12.1551 10.2988 12.1552C10.3587 12.1553 10.4184 12.1482 10.4766 12.1342L15.1896 10.995V13.3147L11.0091 14.325C10.8315 14.3687 10.676 14.4758 10.5718 14.6261C10.4677 14.7765 10.4221 14.9597 10.4435 15.1413C10.465 15.3229 10.5521 15.4905 10.6884 15.6124C10.8248 15.7343 11.001 15.8021 11.1838 15.8032C11.2435 15.8036 11.3029 15.7966 11.3608 15.7822L15.1896 14.8575V17.1697L11.8896 17.9685C11.7112 18.0116 11.5549 18.1186 11.4501 18.2692C11.3453 18.4199 11.2994 18.6037 11.321 18.7859C11.3427 18.9681 11.4303 19.136 11.5674 19.258C11.7046 19.3799 11.8816 19.4473 12.0651 19.4475C12.1248 19.4476 12.1842 19.4403 12.2421 19.4257L15.1896 18.7125V21.0255L12.7693 21.6135C12.5909 21.6566 12.4344 21.7638 12.3297 21.9145C12.2249 22.0653 12.1791 22.2493 12.2009 22.4316C12.2227 22.6139 12.3106 22.7819 12.448 22.9037C12.5854 23.0255 12.7627 23.0927 12.9463 23.0925C13.0062 23.0925 13.0659 23.0855 13.1241 23.0715L15.1896 22.569V35.25C15.1908 36.2442 15.5863 37.1973 16.2893 37.9003C16.9923 38.6033 17.9454 38.9988 18.9396 39H30.1896ZM37.6896 43.5L35.7501 41.5605C35.4645 41.2876 35.0846 41.1354 34.6896 41.1354C34.2946 41.1354 33.9147 41.2876 33.6291 41.5605L31.6896 43.5V34.5367C32.0014 34.9081 32.4377 35.1533 32.917 35.2265C33.3964 35.2996 33.886 35.1957 34.2943 34.9342L34.4218 34.8525C34.5019 34.8009 34.5951 34.7735 34.6903 34.7735C34.7856 34.7735 34.8788 34.8009 34.9588 34.8525L35.0841 34.932C35.492 35.1947 35.9817 35.2995 36.4614 35.2269C36.941 35.1543 37.3777 34.9091 37.6896 34.5375V43.5ZM39.0696 32.13C39.0209 32.1792 38.9622 32.2176 38.8976 32.2425C38.833 32.2675 38.7638 32.2785 38.6946 32.2747L38.5446 32.268C38.1623 32.2484 37.7826 32.3397 37.451 32.5309C37.1194 32.7222 36.8501 33.0051 36.6756 33.3457L36.6066 33.48C36.5747 33.5418 36.5303 33.5962 36.4761 33.6398C36.4219 33.6833 36.3593 33.7151 36.2921 33.7331C36.225 33.751 36.1548 33.7547 36.0861 33.7439C36.0174 33.7332 35.9518 33.7081 35.8933 33.6705L35.7688 33.591C35.4467 33.3849 35.0724 33.2754 34.69 33.2754C34.3076 33.2754 33.9332 33.3849 33.6111 33.591L33.4851 33.6727C33.4268 33.7108 33.361 33.7359 33.2922 33.7465C33.2234 33.7571 33.1531 33.7529 33.0861 33.7342C33.0189 33.7161 32.9562 33.6841 32.9021 33.6403C32.848 33.5965 32.8036 33.5419 32.7718 33.48L32.7036 33.348C32.5348 33.0229 32.2801 32.7503 31.9673 32.5598C31.6544 32.3693 31.2954 32.2681 30.9291 32.2672C30.8986 32.2672 30.8678 32.2672 30.8368 32.2672L30.6868 32.274C30.6175 32.2792 30.5479 32.269 30.483 32.2439C30.4181 32.2189 30.3597 32.1797 30.3118 32.1292C30.263 32.0802 30.2249 32.0216 30.1999 31.957C30.175 31.8924 30.1638 31.8234 30.1671 31.7542L30.1738 31.6042C30.1907 31.2224 30.0983 30.8438 29.9073 30.5127C29.7164 30.1816 29.435 29.9119 29.0961 29.7352L28.9618 29.6662C28.9001 29.6344 28.8457 29.5899 28.8021 29.5358C28.7585 29.4816 28.7267 29.4189 28.7088 29.3518C28.6908 29.2846 28.6871 29.2144 28.6979 29.1458C28.7087 29.0771 28.7337 29.0114 28.7713 28.953L28.8508 28.8285C29.0569 28.5064 29.1665 28.132 29.1665 27.7496C29.1665 27.3672 29.0569 26.9928 28.8508 26.6707L28.7691 26.5447C28.7316 26.4861 28.7069 26.4204 28.6963 26.3516C28.6858 26.2829 28.6897 26.2127 28.7078 26.1455C28.726 26.0784 28.7579 26.0158 28.8017 25.9617C28.8454 25.9076 28.9 25.8633 28.9618 25.8315L29.0938 25.7632C29.4326 25.587 29.7141 25.3177 29.9051 24.987C30.0962 24.6564 30.1889 24.278 30.1723 23.8965L30.1656 23.7465C30.1622 23.6774 30.1734 23.6083 30.1983 23.5437C30.2232 23.4791 30.2614 23.4205 30.3103 23.3715C30.3591 23.3223 30.4177 23.2839 30.4823 23.2589C30.547 23.234 30.6162 23.223 30.6853 23.2267L30.8353 23.2335C31.2172 23.2505 31.5959 23.158 31.927 22.9671C32.2581 22.7762 32.5278 22.4947 32.7043 22.1557L32.7733 22.0215C32.8052 21.9597 32.8497 21.9053 32.9038 21.8617C32.958 21.8182 33.0207 21.7864 33.0878 21.7684C33.155 21.7505 33.2251 21.7468 33.2938 21.7576C33.3625 21.7683 33.4282 21.7934 33.4866 21.831L33.6111 21.9105C33.9332 22.1169 34.3078 22.2266 34.6903 22.2266C35.0729 22.2266 35.4475 22.1169 35.7696 21.9105L35.8948 21.8302C35.9534 21.7928 36.0192 21.768 36.088 21.7575C36.1567 21.7469 36.2269 21.7508 36.2941 21.769C36.3612 21.7871 36.4238 21.8191 36.4779 21.8628C36.532 21.9066 36.5763 21.9611 36.6081 22.023L36.6763 22.155C36.8521 22.4942 37.1213 22.776 37.452 22.9671C37.7828 23.1583 38.1614 23.2507 38.5431 23.2335L38.6931 23.2267C38.7624 23.2213 38.8321 23.2315 38.897 23.2565C38.9619 23.2816 39.0204 23.3209 39.0681 23.3715C39.117 23.4205 39.1551 23.4792 39.18 23.5437C39.2049 23.6083 39.2161 23.6774 39.2128 23.7465L39.2061 23.8965C39.1892 24.2783 39.2817 24.657 39.4726 24.9881C39.6635 25.3191 39.9449 25.5888 40.2838 25.7655L40.4181 25.8345C40.4799 25.8664 40.5343 25.9108 40.5779 25.965C40.6214 26.0191 40.6532 26.0818 40.6712 26.149C40.6891 26.2161 40.6928 26.2863 40.682 26.355C40.6712 26.4236 40.6462 26.4893 40.6086 26.5477L40.5291 26.6722C40.323 26.9943 40.2135 27.3687 40.2135 27.7511C40.2135 28.1335 40.323 28.5079 40.5291 28.83L40.6108 28.956C40.6483 29.0146 40.6731 29.0804 40.6836 29.1491C40.6942 29.2179 40.6903 29.2881 40.6721 29.3552C40.654 29.4224 40.622 29.485 40.5783 29.5391C40.5345 29.5931 40.48 29.6375 40.4181 29.6692L40.2861 29.7375C39.9473 29.9137 39.6658 30.183 39.4748 30.5137C39.2837 30.8444 39.191 31.2227 39.2076 31.6042L39.2143 31.7542C39.2178 31.8235 39.2067 31.8927 39.1818 31.9575C39.1568 32.0222 39.1186 32.0809 39.0696 32.13ZM43.6896 35.25C43.6896 35.8467 43.4525 36.419 43.0306 36.841C42.6086 37.2629 42.0363 37.5 41.4396 37.5H39.1896V33.708C39.6413 33.6038 40.0417 33.3436 40.3203 32.9731C40.5989 32.6027 40.7379 32.1458 40.7128 31.683L40.7061 31.533C40.7019 31.4375 40.7252 31.3428 40.7732 31.2601C40.8212 31.1775 40.8919 31.1103 40.9768 31.0665L41.1081 30.9982C41.3552 30.8705 41.5729 30.6927 41.7474 30.476C41.9218 30.2594 42.0491 30.0087 42.1212 29.7401C42.1933 29.4714 42.2085 29.1907 42.1659 28.9158C42.1233 28.6409 42.0238 28.378 41.8738 28.1437L41.7921 28.0162C41.7403 27.9363 41.7128 27.843 41.7128 27.7477C41.7128 27.6525 41.7403 27.5592 41.7921 27.4792L41.8716 27.354C42.0218 27.1199 42.1215 26.8571 42.1643 26.5823C42.2071 26.3075 42.1921 26.0268 42.1202 25.7581C42.0484 25.4895 41.9212 25.2388 41.747 25.022C41.5727 24.8053 41.3551 24.6273 41.1081 24.4995L40.9746 24.4305C40.8896 24.3863 40.819 24.3186 40.7711 24.2356C40.7233 24.1525 40.7002 24.0575 40.7046 23.9617L40.7113 23.8117C40.7245 23.5341 40.6795 23.2567 40.5793 22.9974C40.4791 22.7381 40.3258 22.5025 40.1293 22.3059C39.9329 22.1092 39.6975 21.9557 39.4383 21.8552C39.1791 21.7547 38.9018 21.7094 38.6241 21.7222L38.4741 21.729C38.3784 21.734 38.2834 21.7111 38.2006 21.663C38.1177 21.6149 38.0507 21.5438 38.0076 21.4582L37.9393 21.327C37.8116 21.0799 37.6338 20.8622 37.4171 20.6877C37.2005 20.5133 36.9498 20.386 36.6812 20.3139C36.4125 20.2418 36.1318 20.2266 35.8569 20.2692C35.582 20.3118 35.3191 20.4113 35.0848 20.5612L34.9588 20.6415C34.8789 20.6934 34.7857 20.7211 34.6903 20.7211C34.595 20.7211 34.5018 20.6934 34.4218 20.6415L34.2966 20.562C34.0625 20.4118 33.7997 20.3121 33.5249 20.2693C33.2501 20.2265 32.9694 20.2415 32.7007 20.3133C32.4321 20.3852 32.1813 20.5123 31.9646 20.6866C31.7479 20.8609 31.5699 21.0785 31.4421 21.3255L31.3731 21.459C31.3268 21.5423 31.2587 21.6115 31.1762 21.659C31.0936 21.7066 30.9996 21.7308 30.9043 21.729L30.7543 21.7222C30.4767 21.7091 30.1993 21.7541 29.94 21.8543C29.6807 21.9545 29.4451 22.1078 29.2485 22.3042C29.0518 22.5007 28.8983 22.7361 28.7978 22.9953C28.6973 23.2545 28.652 23.5318 28.6648 23.8095L28.6716 23.9595C28.6757 24.055 28.6525 24.1497 28.6045 24.2324C28.5565 24.315 28.4858 24.3822 28.4008 24.426L28.2696 24.4942C28.0225 24.622 27.8048 24.7998 27.6303 25.0165C27.4559 25.2331 27.3285 25.4838 27.2565 25.7524C27.1844 26.0211 27.1692 26.3018 27.2118 26.5767C27.2544 26.8515 27.3538 27.1145 27.5038 27.3487L27.5856 27.4762C27.6373 27.5562 27.6649 27.6495 27.6649 27.7447C27.6649 27.84 27.6373 27.9333 27.5856 28.0132L27.5061 28.1385C27.3559 28.3726 27.2562 28.6354 27.2134 28.9102C27.1706 29.185 27.1856 29.4657 27.2574 29.7344C27.3293 30.003 27.4564 30.2537 27.6307 30.4705C27.805 30.6872 28.0226 30.8652 28.2696 30.993L28.4031 31.062C28.4881 31.1062 28.5587 31.1739 28.6065 31.2569C28.6544 31.34 28.6775 31.435 28.6731 31.5307L28.6663 31.6807C28.641 32.144 28.7798 32.6014 29.0584 32.9723C29.3371 33.3433 29.7376 33.604 30.1896 33.7087V37.5H18.9396C18.3429 37.5 17.7706 37.2629 17.3486 36.841C16.9266 36.419 16.6896 35.8467 16.6896 35.25V3.75C16.6896 3.15326 16.9266 2.58097 17.3486 2.15901C17.7706 1.73705 18.3429 1.5 18.9396 1.5H41.4396C42.0363 1.5 42.6086 1.73705 43.0306 2.15901C43.4525 2.58097 43.6896 3.15326 43.6896 3.75V35.25Z\" fill=\"#272727\"><\/path>\n    <path d=\"M34.6895 23.25C33.7994 23.25 32.9294 23.5139 32.1894 24.0084C31.4494 24.5029 30.8726 25.2057 30.532 26.0279C30.1914 26.8502 30.1023 27.755 30.2759 28.6279C30.4496 29.5008 30.8781 30.3026 31.5075 30.932C32.1368 31.5613 32.9386 31.9899 33.8115 32.1635C34.6845 32.3372 35.5893 32.2481 36.4115 31.9075C37.2338 31.5669 37.9366 30.9901 38.4311 30.2501C38.9255 29.51 39.1895 28.64 39.1895 27.75C39.1883 26.5569 38.7138 25.413 37.8701 24.5693C37.0265 23.7257 35.8826 23.2512 34.6895 23.25ZM34.6895 30.75C34.0961 30.75 33.5161 30.5741 33.0227 30.2444C32.5294 29.9148 32.1449 29.4462 31.9178 28.8981C31.6908 28.3499 31.6313 27.7467 31.7471 27.1647C31.8629 26.5828 32.1486 26.0482 32.5681 25.6287C32.9877 25.2091 33.5222 24.9234 34.1042 24.8076C34.6861 24.6919 35.2893 24.7513 35.8375 24.9784C36.3857 25.2054 36.8542 25.5899 37.1839 26.0833C37.5135 26.5766 37.6895 27.1567 37.6895 27.75C37.6895 28.5457 37.3734 29.3087 36.8108 29.8713C36.2482 30.4339 35.4851 30.75 34.6895 30.75Z\" fill=\"#FBBC05\"><\/path>\n    <path d=\"M21.1895 5.25H19.6895C19.4905 5.25 19.2998 5.32902 19.1591 5.46967C19.0185 5.61032 18.9395 5.80109 18.9395 6C18.9395 6.19891 19.0185 6.38968 19.1591 6.53033C19.2998 6.67098 19.4905 6.75 19.6895 6.75H21.1895C21.3884 6.75 21.5791 6.67098 21.7198 6.53033C21.8604 6.38968 21.9395 6.19891 21.9395 6C21.9395 5.80109 21.8604 5.61032 21.7198 5.46967C21.5791 5.32902 21.3884 5.25 21.1895 5.25Z\" fill=\"#272727\"><\/path>\n    <path d=\"M40.6895 5.25H24.9395C24.7405 5.25 24.5498 5.32902 24.4091 5.46967C24.2685 5.61032 24.1895 5.80109 24.1895 6C24.1895 6.19891 24.2685 6.38968 24.4091 6.53033C24.5498 6.67098 24.7405 6.75 24.9395 6.75H40.6895C40.8884 6.75 41.0791 6.67098 41.2198 6.53033C41.3604 6.38968 41.4395 6.19891 41.4395 6C41.4395 5.80109 41.3604 5.61032 41.2198 5.46967C41.0791 5.32902 40.8884 5.25 40.6895 5.25Z\" fill=\"#FA1E0E\"><\/path>\n    <path d=\"M21.1895 9H19.6895C19.4905 9 19.2998 9.07902 19.1591 9.21967C19.0185 9.36032 18.9395 9.55109 18.9395 9.75C18.9395 9.94891 19.0185 10.1397 19.1591 10.2803C19.2998 10.421 19.4905 10.5 19.6895 10.5H21.1895C21.3884 10.5 21.5791 10.421 21.7198 10.2803C21.8604 10.1397 21.9395 9.94891 21.9395 9.75C21.9395 9.55109 21.8604 9.36032 21.7198 9.21967C21.5791 9.07902 21.3884 9 21.1895 9Z\" fill=\"#272727\"><\/path>\n    <path d=\"M40.6895 9H24.9395C24.7405 9 24.5498 9.07902 24.4091 9.21967C24.2685 9.36032 24.1895 9.55109 24.1895 9.75C24.1895 9.94891 24.2685 10.1397 24.4091 10.2803C24.5498 10.421 24.7405 10.5 24.9395 10.5H40.6895C40.8884 10.5 41.0791 10.421 41.2198 10.2803C41.3604 10.1397 41.4395 9.94891 41.4395 9.75C41.4395 9.55109 41.3604 9.36032 41.2198 9.21967C41.0791 9.07902 40.8884 9 40.6895 9Z\" fill=\"#272727\"><\/path>\n    <path d=\"M21.1895 12.75H19.6895C19.4905 12.75 19.2998 12.829 19.1591 12.9697C19.0185 13.1103 18.9395 13.3011 18.9395 13.5C18.9395 13.6989 19.0185 13.8897 19.1591 14.0303C19.2998 14.171 19.4905 14.25 19.6895 14.25H21.1895C21.3884 14.25 21.5791 14.171 21.7198 14.0303C21.8604 13.8897 21.9395 13.6989 21.9395 13.5C21.9395 13.3011 21.8604 13.1103 21.7198 12.9697C21.5791 12.829 21.3884 12.75 21.1895 12.75Z\" fill=\"#272727\"><\/path>\n    <path d=\"M40.6895 12.75H24.9395C24.7405 12.75 24.5498 12.829 24.4091 12.9697C24.2685 13.1103 24.1895 13.3011 24.1895 13.5C24.1895 13.6989 24.2685 13.8897 24.4091 14.0303C24.5498 14.171 24.7405 14.25 24.9395 14.25H40.6895C40.8884 14.25 41.0791 14.171 41.2198 14.0303C41.3604 13.8897 41.4395 13.6989 41.4395 13.5C41.4395 13.3011 41.3604 13.1103 41.2198 12.9697C41.0791 12.829 40.8884 12.75 40.6895 12.75Z\" fill=\"#FA1E0E\"><\/path>\n    <path d=\"M21.1895 16.5H19.6895C19.4905 16.5 19.2998 16.579 19.1591 16.7197C19.0185 16.8603 18.9395 17.0511 18.9395 17.25C18.9395 17.4489 19.0185 17.6397 19.1591 17.7803C19.2998 17.921 19.4905 18 19.6895 18H21.1895C21.3884 18 21.5791 17.921 21.7198 17.7803C21.8604 17.6397 21.9395 17.4489 21.9395 17.25C21.9395 17.0511 21.8604 16.8603 21.7198 16.7197C21.5791 16.579 21.3884 16.5 21.1895 16.5Z\" fill=\"#272727\"><\/path>\n    <path d=\"M28.6895 16.5H24.9395C24.7405 16.5 24.5498 16.579 24.4091 16.7197C24.2685 16.8603 24.1895 17.0511 24.1895 17.25C24.1895 17.4489 24.2685 17.6397 24.4091 17.7803C24.5498 17.921 24.7405 18 24.9395 18H28.6895C28.8884 18 29.0791 17.921 29.2198 17.7803C29.3604 17.6397 29.4395 17.4489 29.4395 17.25C29.4395 17.0511 29.3604 16.8603 29.2198 16.7197C29.0791 16.579 28.8884 16.5 28.6895 16.5Z\" fill=\"#272727\"><\/path>\n    <path d=\"M6.83239 13.0193C6.93071 12.9987 7.02389 12.9586 7.10641 12.9013C7.18893 12.844 7.25911 12.7707 7.31277 12.6858C7.36643 12.6009 7.40249 12.5061 7.4188 12.407C7.43511 12.3078 7.43135 12.2065 7.40773 12.1088C7.38412 12.0112 7.34113 11.9193 7.28132 11.8386C7.22151 11.7579 7.14609 11.69 7.05955 11.639C6.97301 11.588 6.87711 11.5549 6.77754 11.5417C6.67796 11.5285 6.57674 11.5354 6.47989 11.562L5.02189 11.9153C4.84418 11.959 4.6886 12.0662 4.58446 12.2167C4.48031 12.3672 4.43478 12.5506 4.45645 12.7323C4.47812 12.914 4.56548 13.0816 4.70209 13.2033C4.8387 13.3251 5.01513 13.3928 5.19814 13.3935C5.25778 13.3939 5.31724 13.3868 5.37514 13.3725L6.83239 13.0193Z\" fill=\"#272727\"><\/path>\n    <path d=\"M7.71509 16.6646C7.90844 16.6178 8.07525 16.4961 8.17884 16.3262C8.28243 16.1564 8.31431 15.9524 8.26747 15.759C8.22063 15.5657 8.0989 15.3989 7.92906 15.2953C7.75922 15.1917 7.55519 15.1598 7.36184 15.2066L5.90384 15.5599C5.72544 15.603 5.56904 15.7101 5.46427 15.8608C5.3595 16.0115 5.31363 16.1954 5.33535 16.3776C5.35707 16.5599 5.44487 16.7279 5.58212 16.8497C5.71937 16.9716 5.89655 17.0389 6.08009 17.0389C6.13977 17.039 6.19923 17.0317 6.25709 17.0171L7.71509 16.6646Z\" fill=\"#272727\"><\/path>\n    <path d=\"M8.59716 20.3096C8.69513 20.2886 8.78791 20.2482 8.87002 20.1908C8.95213 20.1334 9.0219 20.0601 9.07521 19.9752C9.12852 19.8904 9.1643 19.7957 9.18042 19.6969C9.19654 19.598 9.19269 19.4969 9.16908 19.3995C9.14548 19.3021 9.1026 19.2105 9.04299 19.1299C8.98337 19.0494 8.90823 18.9816 8.82199 18.9306C8.73575 18.8796 8.64016 18.8464 8.54087 18.833C8.44159 18.8195 8.34061 18.8261 8.24391 18.8523L6.78666 19.2048C6.60831 19.2479 6.45196 19.3549 6.34719 19.5055C6.24242 19.6562 6.1965 19.84 6.21812 20.0222C6.23974 20.2044 6.3274 20.3723 6.46451 20.4943C6.60163 20.6162 6.77868 20.6836 6.96216 20.6838C7.02203 20.6838 7.08169 20.6768 7.13991 20.6628L8.59716 20.3096Z\" fill=\"#272727\"><\/path>\n    <path d=\"M9.12649 22.4998L7.66849 22.853C7.49015 22.8961 7.3338 23.0031 7.22903 23.1538C7.12425 23.3044 7.07833 23.4882 7.09995 23.6704C7.12157 23.8526 7.20924 24.0206 7.34635 24.1425C7.48346 24.2644 7.66051 24.3318 7.84399 24.332C7.90367 24.3321 7.96313 24.3248 8.02099 24.3103L9.47974 23.957C9.57772 23.9361 9.6705 23.8957 9.75261 23.8382C9.83471 23.7808 9.90448 23.7075 9.9578 23.6227C10.0111 23.5379 10.0469 23.4432 10.063 23.3443C10.0791 23.2454 10.0753 23.1443 10.0517 23.0469C10.0281 22.9496 9.98519 22.8579 9.92557 22.7774C9.86596 22.6969 9.79081 22.6291 9.70457 22.5781C9.61833 22.5271 9.52275 22.4939 9.42346 22.4804C9.32417 22.467 9.2232 22.4736 9.12649 22.4998Z\" fill=\"#272727\"><\/path>\n  <\/g>\n  <defs>\n    <clippath id=\"clip0_68_3556\">\n      <rect width=\"45\" height=\"45\" fill=\"white\" transform=\"translate(0.189453)\"><\/rect>\n    <\/clippath>\n  <\/defs>\n<\/svg><\/span><span class=\"gb-text\">VISION&nbsp;<\/span><\/h3>\n\n\n\n<div class=\"gb-text gb-text-1cf9b224\">Bildung nach deutschen Standards, integriert in die albanische Kultur.<\/div>\n<\/div>\n\n\n\n<div>\n<h3 class=\"gb-text-50a86ecb\"><span class=\"gb-shape\"><svg xmlns=\"http:\/\/www.w3.org\/2000\/svg\" width=\"40\" height=\"41\" viewbox=\"0 0 40 41\" fill=\"none\">\n  <g clip-path=\"url(#clip0_68_3576)\">\n    <path d=\"M27.04 0.5C23.9279 0.5 21.6464 1.76633 19.44 2.99102C17.405 4.12055 15.4829 5.1875 12.9775 5.1875C10.6093 5.1875 8.16246 3.95234 7.11816 3.35539V0.5H4.77441V40.5H7.11816V24.7544C8.58527 25.4628 10.76 26.2812 12.9775 26.2812C16.0896 26.2812 18.3712 25.0149 20.5775 23.7902C22.6125 22.6607 24.5348 21.5938 27.04 21.5938C30.1471 21.5938 33.39 23.72 33.4213 23.7407L35.2432 24.9553V3.38844C32.8334 1.79812 29.8922 0.5 27.04 0.5ZM32.8994 20.7768C31.4323 20.0684 29.2576 19.25 27.04 19.25C23.9279 19.25 21.6464 20.5163 19.44 21.741C17.405 22.8705 15.4829 23.9375 12.9775 23.9375C10.6089 23.9375 8.1616 22.702 7.11816 22.1055V6.00437C8.58527 6.71281 10.76 7.53125 12.9775 7.53125C16.0896 7.53125 18.3712 6.26492 20.5775 5.04023C22.6125 3.9107 24.5348 2.84375 27.04 2.84375C29.4085 2.84375 31.8559 4.07922 32.8994 4.67578V20.7768Z\" fill=\"black\"><\/path>\n    <path d=\"M6.00879 0.5V40.5\" stroke=\"#FA1E0E\" stroke-width=\"3\" stroke-linejoin=\"round\"><\/path>\n  <\/g>\n  <defs>\n    <clippath id=\"clip0_68_3576\">\n      <rect width=\"40\" height=\"40\" fill=\"white\" transform=\"translate(0.00878906 0.5)\"><\/rect>\n    <\/clippath>\n  <\/defs>\n<\/svg><\/span><span class=\"gb-text\">MISSION&nbsp;<\/span><\/h3>\n\n\n\n<div class=\"gb-text gb-text-208294eb\">Eine Schule, in der Kinder zu Weltb\u00fcrgern heranwachsen.<\/div>\n<\/div>\n<\/div>\n<\/div>\n<\/div>\n\n\n\n<div class=\"gb-element-b76ed168\">\n<img loading=\"lazy\" decoding=\"async\" width=\"2560\" height=\"1707\" class=\"bg-image gb-media-2f9ab3a8\" alt=\"\" src=\"https:\/\/deutsch-albanische-schule.al\/wp-content\/uploads\/2025\/07\/e5d20195240823eb2edce87cfdbe500b18768b40-scaled.jpg\" title=\"e5d20195240823eb2edce87cfdbe500b18768b40\" srcset=\"https:\/\/deutsch-albanische-schule.al\/wp-content\/uploads\/2025\/07\/e5d20195240823eb2edce87cfdbe500b18768b40-scaled.jpg 2560w, https:\/\/deutsch-albanische-schule.al\/wp-content\/uploads\/2025\/07\/e5d20195240823eb2edce87cfdbe500b18768b40-300x200.jpg 300w, https:\/\/deutsch-albanische-schule.al\/wp-content\/uploads\/2025\/07\/e5d20195240823eb2edce87cfdbe500b18768b40-1024x683.jpg 1024w, https:\/\/deutsch-albanische-schule.al\/wp-content\/uploads\/2025\/07\/e5d20195240823eb2edce87cfdbe500b18768b40-768x512.jpg 768w, https:\/\/deutsch-albanische-schule.al\/wp-content\/uploads\/2025\/07\/e5d20195240823eb2edce87cfdbe500b18768b40-1536x1024.jpg 1536w, https:\/\/deutsch-albanische-schule.al\/wp-content\/uploads\/2025\/07\/e5d20195240823eb2edce87cfdbe500b18768b40-2048x1366.jpg 2048w\" sizes=\"auto, (max-width: 2560px) 100vw, 2560px\" \/>\n\n\n\n<div class=\"contained gb-element-2bcd58d4\">\n<div class=\"gb-element-1a60fa28\">\n<div class=\"gb-element-3768a1ae\">\n<img loading=\"lazy\" decoding=\"async\" width=\"68\" height=\"68\" class=\"gb-media-c63e8ab7\" alt=\"\" src=\"https:\/\/deutsch-albanische-schule.al\/wp-content\/uploads\/2025\/07\/calendar-1-1.svg\" title=\"Kalender (1) 1\"\/>\n\n\n\n<div class=\"gb-element-b6c37403\">\n<div class=\"gb-text gb-text-f33a26ab\">Agenda<\/div>\n\n\n\n<div class=\"gb-text gb-text-a625f33b\">T\u00e4glich bei DAS<\/div>\n<\/div>\n<\/div>\n\n\n\n<div class=\"gb-element-13288806\">\n<div class=\"gb-element-6d6d52ba\">\n<div class=\"gb-text\">Montag<\/div>\n\n\n\n<div class=\"gb-text\"><strong>8:00 &#8211; 15:30<\/strong><\/div>\n<\/div>\n\n\n\n<div class=\"gb-element-06216799\">\n<div class=\"gb-text\">Dienstag<\/div>\n\n\n\n<div class=\"gb-text\"><strong>8:00 &#8211; 15:30<\/strong><\/div>\n<\/div>\n\n\n\n<div class=\"gb-element-62bb10b4\">\n<div class=\"gb-text\">Mittwoch<\/div>\n\n\n\n<div class=\"gb-text\"><strong>8:00 &#8211; 15:30<\/strong><\/div>\n<\/div>\n\n\n\n<div class=\"gb-element-1af9bf51\">\n<div class=\"gb-text\">Donnerstag<\/div>\n\n\n\n<div class=\"gb-text\"><strong>8:00 &#8211; 15:30<\/strong><\/div>\n<\/div>\n\n\n\n<div class=\"gb-element-2e9b6fcf\">\n<div class=\"gb-text\">Freitag<\/div>\n\n\n\n<div class=\"gb-text\"><strong>8:00 &#8211; 15:30<\/strong><\/div>\n<\/div>\n<\/div>\n\n\n\n<a class=\"btn-underlined btn-underlined-left btn-accent-alt gb-text-ae263da3\" href=\"https:\/\/deutsch-albanische-schule.al\/de\/programi\/agjenda-ditore\/\"><span class=\"gb-text\">MEHR DETAILS<\/span><span class=\"gb-shape\"><svg xmlns=\"http:\/\/www.w3.org\/2000\/svg\" viewbox=\"0 0 320 512\"><!--!Font Awesome Free v7.0.0 by @fontawesome - https:\/\/fontawesome.com License - https:\/\/fontawesome.com\/license\/free Copyright 2025 Fonticons, Inc.--><path d=\"M311.1 233.4c12.5 12.5 12.5 32.8 0 45.3l-192 192c-12.5 12.5-32.8 12.5-45.3 0s-12.5-32.8 0-45.3L243.2 256 73.9 86.6c-12.5-12.5-12.5-32.8 0-45.3s32.8-12.5 45.3 0l192 192z\"><\/path><\/svg><\/span><\/a>\n<\/div>\n<\/div>\n<\/div>\n\n\n\n<div class=\"gb-element-dc3a56bf\">\n<div class=\"contained gb-element-6bf1c35b\">\n<div class=\"gb-element-1c71d048\">\n<img loading=\"lazy\" decoding=\"async\" width=\"753\" height=\"695\" class=\"gb-media-a0aa142f\" alt=\"\" src=\"https:\/\/deutsch-albanische-schule.al\/wp-content\/uploads\/2025\/07\/kevin-matos-Nl_FMFpXo2g-unsplash-2.png\" title=\"kevin-matos-Nl_FMFpXo2g-unsplash 2\" srcset=\"https:\/\/deutsch-albanische-schule.al\/wp-content\/uploads\/2025\/07\/kevin-matos-Nl_FMFpXo2g-unsplash-2.png 753w, https:\/\/deutsch-albanische-schule.al\/wp-content\/uploads\/2025\/07\/kevin-matos-Nl_FMFpXo2g-unsplash-2-300x277.png 300w\" sizes=\"auto, (max-width: 753px) 100vw, 753px\" \/>\n<\/div>\n\n\n\n<div class=\"gb-element-350b4ee4\">\n<div class=\"gb-element-75642064\">\n<div class=\"gb-text gb-text-0a360999\">Deutsch-Albanische Schule Tirana<\/div>\n\n\n\n<h2 class=\"gb-text gb-text-9e4d715c\">Das erste deutsch-albanische Bildungsmodell im Land<\/h2>\n<\/div>\n\n\n\n<div class=\"gb-element-ec8a6a12\">\n<div class=\"gb-element-a9a742b2\">\n<div class=\"gb-element-68a436c4\">\n<img loading=\"lazy\" decoding=\"async\" width=\"67\" height=\"67\" class=\"gb-media-49d30766\" alt=\"\" src=\"https:\/\/deutsch-albanische-schule.al\/wp-content\/uploads\/2025\/07\/icon.svg\" title=\"Symbol\"\/>\n\n\n\n<div>\n<h3 class=\"gb-text gb-text-5167f18a\">Lehrbelastung<\/h3>\n<\/div>\n<\/div>\n\n\n\n<p><br>Unser Lehrpersonal hat einen Lehrplan entworfen, der f\u00fcr die Sch\u00fcler so einfach wie m\u00f6glich sein soll, gleichzeitig aber herausfordernd ist, um ihr Wissen und ihre Kreativit\u00e4t zu f\u00f6rdern.<\/p>\n\n\n\n<a class=\"btn-outline-black gb-text-4452fe8d\" href=\"https:\/\/deutsch-albanische-schule.al\/de\/programi\/ngarkesa-mesimore\/\"><span class=\"gb-text\">MEHR DETAILS<\/span><span class=\"gb-shape\"><svg xmlns=\"http:\/\/www.w3.org\/2000\/svg\" fill=\"none\" viewbox=\"9.49 9.72 16 15.56\">   <g clip-path=\"url(#clip0_68_3732)\">     <path d=\"M21.6596 18.5029L9.48751 18.5029L9.48751 16.5032L21.6589 16.5025L16.2955 11.1391L17.7097 9.72489L25.4879 17.5031L17.7097 25.2812L16.2955 23.867L21.6596 18.5029Z\"><\/path>   <\/g>   <defs>     <clippath id=\"clip0_68_3732\">       <rect width=\"24\" height=\"24\" fill=\"white\" transform=\"translate(17 0.529297) rotate(45)\"><\/rect>     <\/clippath>   <\/defs> <\/svg><\/span><\/a>\n<\/div>\n\n\n\n<div class=\"gb-element-a4aea84a\">\n<div>\n<div class=\"gb-element-2426ee6d\">\n<img loading=\"lazy\" decoding=\"async\" width=\"68\" height=\"69\" class=\"gb-media-ffe96a80\" alt=\"\" src=\"https:\/\/deutsch-albanische-schule.al\/wp-content\/uploads\/2025\/07\/calendar-1-1-1.svg\" title=\"Kalender (1) 1 (1)\"\/>\n\n\n\n<div class=\"gb-element-bf5a7f9e\">\n<div class=\"gb-text gb-text-54ced144\">Schulkalender 2025-2026<\/div>\n<\/div>\n<\/div>\n\n\n\n<a class=\"btn-outline-black gb-text-e52b1b0b\" href=\"https:\/\/deutsch-albanische-schule.al\/de\/programi\/kalendari-i-vitit-shkollor\/\"><span class=\"gb-text\">MEHR DETAILS<\/span><span class=\"gb-shape\"><svg xmlns=\"http:\/\/www.w3.org\/2000\/svg\" fill=\"none\" viewbox=\"9.49 9.72 16 15.56\">   <g clip-path=\"url(#clip0_68_3732)\">     <path d=\"M21.6596 18.5029L9.48751 18.5029L9.48751 16.5032L21.6589 16.5025L16.2955 11.1391L17.7097 9.72489L25.4879 17.5031L17.7097 25.2812L16.2955 23.867L21.6596 18.5029Z\" fill=\"#FA1E0E\"><\/path>   <\/g>   <defs>     <clippath id=\"clip0_68_3732\">       <rect width=\"24\" height=\"24\" fill=\"white\" transform=\"translate(17 0.529297) rotate(45)\"><\/rect>     <\/clippath>   <\/defs> <\/svg><\/span><\/a>\n<\/div>\n\n\n\n<div class=\"gb-element-db530098\">\n<div class=\"gb-element-034dd04d\">\n<img loading=\"lazy\" decoding=\"async\" width=\"68\" height=\"69\" class=\"gb-media-fd8a52f7\" alt=\"\" src=\"https:\/\/deutsch-albanische-schule.al\/wp-content\/uploads\/2025\/07\/calendar-1-1-2.svg\" title=\"Kalender (1) 1 (2)\"\/>\n\n\n\n<div class=\"gb-element-d72ef504\">\n<div class=\"gb-text gb-text-76cb905f\">Veranstaltungen<\/div>\n<\/div>\n<\/div>\n\n\n\n<a class=\"btn-outline-black gb-text-dadf6114\" href=\"https:\/\/deutsch-albanische-schule.al\/de\/programi\/aktivitetet\/\"><span class=\"gb-text\">MEHR DETAILS<\/span><span class=\"gb-shape\"><svg xmlns=\"http:\/\/www.w3.org\/2000\/svg\" fill=\"none\" viewbox=\"9.49 9.72 16 15.56\">   <g clip-path=\"url(#clip0_68_3732)\">     <path d=\"M21.6596 18.5029L9.48751 18.5029L9.48751 16.5032L21.6589 16.5025L16.2955 11.1391L17.7097 9.72489L25.4879 17.5031L17.7097 25.2812L16.2955 23.867L21.6596 18.5029Z\" fill=\"#FA1E0E\"><\/path>   <\/g>   <defs>     <clippath id=\"clip0_68_3732\">       <rect width=\"24\" height=\"24\" fill=\"white\" transform=\"translate(17 0.529297) rotate(45)\"><\/rect>     <\/clippath>   <\/defs> <\/svg><\/span><\/a>\n<\/div>\n<\/div>\n<\/div>\n<\/div>\n<\/div>\n<\/div>\n\n\n\n<div class=\"contained gb-element-3bcc5f3c\">\n<div class=\"gb-element-2ae24408\">\n<div class=\"gb-text subheading gb-text-2770f662\">Deutsch-Albanische Schule Tirana<\/div>\n\n\n\n<h2 class=\"gb-text gb-text-0fda3413\"><strong>Schulaktivit\u00e4ten<br><\/strong>&amp; inspirierte Sch\u00fcler<\/h2>\n<\/div>\n\n\n\n<div class=\"gb-element-fac517c1\">\n<div class=\"gb-element-7b850a78\">\n<img loading=\"lazy\" decoding=\"async\" width=\"400\" height=\"83\" class=\"gb-media-1d353162\" alt=\"\" src=\"https:\/\/deutsch-albanische-schule.al\/wp-content\/uploads\/2025\/07\/b40a0c3f5d9e9e3959be461b6cc488c242c93795.png\" title=\"b40a0c3f5d9e9e3959be461b6cc488c242c93795\" srcset=\"https:\/\/deutsch-albanische-schule.al\/wp-content\/uploads\/2025\/07\/b40a0c3f5d9e9e3959be461b6cc488c242c93795.png 400w, https:\/\/deutsch-albanische-schule.al\/wp-content\/uploads\/2025\/07\/b40a0c3f5d9e9e3959be461b6cc488c242c93795-300x62.png 300w\" sizes=\"auto, (max-width: 400px) 100vw, 400px\" \/>\n\n\n\n<h3 class=\"gb-text gb-text-69f6943e\"><strong>DAST<\/strong><\/h3>\n\n\n\n<div class=\"gb-element-646cc9c5 select-wrapper\">\n<select id=\"klasa-select\">\n    <option value=\"\">\u2014 Klasse ausw\u00e4hlen \u2014<\/option>\n    <option value=\"https:\/\/deutsch-albanische-schule.al\/rreth-nesh\/klasat?tab=1\">Vorschule<\/option>\n    <option value=\"https:\/\/deutsch-albanische-schule.al\/rreth-nesh\/klasat?tab=2\">Klasse 1<\/option>\n    <option value=\"https:\/\/deutsch-albanische-schule.al\/rreth-nesh\/klasat?tab=3\">Klasse 2<\/option>\n    <option value=\"https:\/\/deutsch-albanische-schule.al\/rreth-nesh\/klasat?tab=4\">Klasse 3<\/option>\n    <option value=\"https:\/\/deutsch-albanische-schule.al\/rreth-nesh\/klasat?tab=5\">Klasse 4<\/option>\n    <option value=\"https:\/\/deutsch-albanische-schule.al\/rreth-nesh\/klasat?tab=6\">Klasse 5<\/option>\n    <option value=\"https:\/\/deutsch-albanische-schule.al\/rreth-nesh\/klasat?tab=7\">Klasse 6<\/option>\n    <option value=\"https:\/\/deutsch-albanische-schule.al\/rreth-nesh\/klasat?tab=8\">Klasse 7<\/option>\n    <option value=\"https:\/\/deutsch-albanische-schule.al\/rreth-nesh\/klasat?tab=9\">Klasse 8<\/option>\n    <option value=\"https:\/\/deutsch-albanische-schule.al\/rreth-nesh\/klasat?tab=10\">Klasse 9<\/option>\n    <option value=\"https:\/\/deutsch-albanische-schule.al\/rreth-nesh\/klasat?tab=11\">10. Klasse<\/option>\n    <option value=\"https:\/\/deutsch-albanische-schule.al\/rreth-nesh\/klasat?tab=12\">Klasse 11<\/option>\n<\/select>\n<\/div>\n\n\n\n<a class=\"btn-underlined btn-arrow-accent btn-underlined-left gb-text-b447f795\" href=\"https:\/\/deutsch-albanische-schule.al\/de\/rreth-nesh\/klasat\/\"><span class=\"gb-text\">Klicken Sie hier, um fortzufahren<\/span><span class=\"gb-shape\"><svg xmlns=\"http:\/\/www.w3.org\/2000\/svg\" viewbox=\"0 0 320 512\"><!--!Font Awesome Free v7.0.0 by @fontawesome - https:\/\/fontawesome.com License - https:\/\/fontawesome.com\/license\/free Copyright 2025 Fonticons, Inc.--><path d=\"M311.1 233.4c12.5 12.5 12.5 32.8 0 45.3l-192 192c-12.5 12.5-32.8 12.5-45.3 0s-12.5-32.8 0-45.3L243.2 256 73.9 86.6c-12.5-12.5-12.5-32.8 0-45.3s32.8-12.5 45.3 0l192 192z\"><\/path><\/svg><\/span><\/a>\n<\/div>\n\n\n\n<div class=\"gb-element-9576d708\">\n<img loading=\"lazy\" decoding=\"async\" width=\"98\" height=\"98\" class=\"gb-media-052ae573\" alt=\"\" src=\"https:\/\/deutsch-albanische-schule.al\/wp-content\/uploads\/2025\/07\/icon-1.svg\" title=\"Symbol (1)\"\/>\n\n\n\n<h3 class=\"gb-text gb-text-2359b771\">Anmeldeformular auf Albanisch<\/h3>\n\n\n\n<p class=\"has-text-color has-link-color wp-elements-76ddf83c574f0139c3a2b00130ff8b03\" style=\"color:#5c5c5c\"><strong>Zum Herunterladen unten klicken.<\/strong> Anmeldeformular in albanischer Sprache.<\/p>\n\n\n\n<a class=\"btn-underlined btn-underlined-left btn-arrow-accent gb-element-396849b1\" href=\"https:\/\/deutsch-albanische-schule.al\/wp-content\/uploads\/2025\/08\/Anmeldung-Formular-Albanisch-1.pdf\" download=\"Formulari i regjistrimit n\u00eb Shqip\">\n<img loading=\"lazy\" decoding=\"async\" width=\"25\" height=\"26\" class=\"gb-media-c735ff5a\" alt=\"\" src=\"https:\/\/deutsch-albanische-schule.al\/wp-content\/uploads\/2025\/07\/downloads-1-1.svg\" title=\"Downloads (1) 1\"\/>\n\n\n\n<div class=\"gb-text-411728d9\"><span class=\"gb-text\">HERUNTERLADEN<\/span><span class=\"gb-shape\"><svg xmlns=\"http:\/\/www.w3.org\/2000\/svg\" viewbox=\"0 0 320 512\"><!--!Font Awesome Free v7.0.0 by @fontawesome - https:\/\/fontawesome.com License - https:\/\/fontawesome.com\/license\/free Copyright 2025 Fonticons, Inc.--><path d=\"M311.1 233.4c12.5 12.5 12.5 32.8 0 45.3l-192 192c-12.5 12.5-32.8 12.5-45.3 0s-12.5-32.8 0-45.3L243.2 256 73.9 86.6c-12.5-12.5-12.5-32.8 0-45.3s32.8-12.5 45.3 0l192 192z\"><\/path><\/svg><\/span><\/div>\n<\/a>\n<\/div>\n\n\n\n<div class=\"gb-element-90e080e8\">\n<img loading=\"lazy\" decoding=\"async\" width=\"98\" height=\"98\" class=\"gb-media-cc457c7c\" alt=\"\" src=\"https:\/\/deutsch-albanische-schule.al\/wp-content\/uploads\/2025\/07\/icon-2.svg\" title=\"Symbol (2)\"\/>\n\n\n\n<h3 class=\"gb-text gb-text-cdfca8d9\">Anmeldeformular auf Deutsch<\/h3>\n\n\n\n<p class=\"has-text-color has-link-color wp-elements-332bc967935914f5834c6d8652f918a0\" style=\"color:#5c5c5c\"><strong>Zum Herunterladen unten klicken.<\/strong> Anmeldeformular auf Deutsch.<\/p>\n\n\n\n<a class=\"btn-underlined btn-underlined-left btn-arrow-accent gb-element-dcf93721\" href=\"https:\/\/deutsch-albanische-schule.al\/wp-content\/uploads\/2025\/08\/German-registration.pdf\" download=\"Formulari i regjistrimit n\u00eb Gjermanisht\">\n<img loading=\"lazy\" decoding=\"async\" width=\"25\" height=\"26\" class=\"gb-media-03afbd79\" alt=\"\" src=\"https:\/\/deutsch-albanische-schule.al\/wp-content\/uploads\/2025\/07\/downloads-1-1.svg\" title=\"Downloads (1) 1\"\/>\n\n\n\n<div class=\"gb-text-87b56596\"><span class=\"gb-text\">HERUNTERLADEN<\/span><span class=\"gb-shape\"><svg xmlns=\"http:\/\/www.w3.org\/2000\/svg\" viewbox=\"0 0 320 512\"><!--!Font Awesome Free v7.0.0 by @fontawesome - https:\/\/fontawesome.com License - https:\/\/fontawesome.com\/license\/free Copyright 2025 Fonticons, Inc.--><path d=\"M311.1 233.4c12.5 12.5 12.5 32.8 0 45.3l-192 192c-12.5 12.5-32.8 12.5-45.3 0s-12.5-32.8 0-45.3L243.2 256 73.9 86.6c-12.5-12.5-12.5-32.8 0-45.3s32.8-12.5 45.3 0l192 192z\"><\/path><\/svg><\/span><\/div>\n<\/a>\n<\/div>\n\n\n\n<div class=\"gb-element-7ecbf3a2\">\n<div class=\"gb-element-bf43a9d3\">\n<img loading=\"lazy\" decoding=\"async\" width=\"98\" height=\"99\" class=\"gb-media-17314f7a\" alt=\"\" src=\"https:\/\/deutsch-albanische-schule.al\/wp-content\/uploads\/2025\/07\/icon-3.svg\" title=\"Symbol (3)\"\/>\n\n\n\n<h3 class=\"gb-text gb-text-fe46f8a9\">Informationen zum Programm<\/h3>\n<\/div>\n\n\n\n<div class=\"gb-element-9c0e2212\">\n<div class=\"gb-element-79ea5215\">\n<div class=\"gb-text gb-text-3a89c60c\">Tagesplanung 2025-2026 f\u00fcr die Klassen 1-9<\/div>\n\n\n\n<a class=\"btn btn-outline-white gb-text-45489f84\" href=\"https:\/\/deutsch-albanische-schule.al\/de\/programi\/ngarkesa-mesimore\/\"><span class=\"gb-text\">Mehr<\/span><span class=\"gb-shape\"><svg xmlns=\"http:\/\/www.w3.org\/2000\/svg\" width=\"33\" height=\"31\" viewbox=\"0 0 33 31\" fill=\"none\">\n<rect width=\"31.3636\" height=\"30\" rx=\"15\" transform=\"matrix(1 1.68587e-07 1.68587e-07 -1 0.818359 30.5)\" fill=\"#FBBC05\"><\/rect>\n<path d=\"M14.1556 21.6367L12.7085 20.1895L17.3977 15.5004L12.7085 10.8112L14.1556 9.364L20.292 15.5004L14.1556 21.6367Z\" fill=\"#272727\"><\/path>\n<\/svg><\/span><\/a>\n<\/div>\n\n\n\n<div class=\"gb-element-3c76054e\">\n<div class=\"gb-text gb-text-d45ce561\">Tagesplanung 2025-2026 f\u00fcr die Klassen 10-11<\/div>\n\n\n\n<a class=\"btn btn-outline-white gb-text-431f51b0\" href=\"https:\/\/deutsch-albanische-schule.al\/de\/programi\/ngarkesa-mesimore\/\"><span class=\"gb-text\">Mehr<\/span><span class=\"gb-shape\"><svg xmlns=\"http:\/\/www.w3.org\/2000\/svg\" width=\"33\" height=\"31\" viewbox=\"0 0 33 31\" fill=\"none\">\n<rect width=\"31.3636\" height=\"30\" rx=\"15\" transform=\"matrix(1 1.68587e-07 1.68587e-07 -1 0.818359 30.5)\" fill=\"#FBBC05\"><\/rect>\n<path d=\"M14.1556 21.6367L12.7085 20.1895L17.3977 15.5004L12.7085 10.8112L14.1556 9.364L20.292 15.5004L14.1556 21.6367Z\" fill=\"#272727\"><\/path>\n<\/svg><\/span><\/a>\n<\/div>\n\n\n\n<div class=\"gb-element-78fcf844\">\n<div class=\"gb-text gb-text-fc333784\">Aktivit\u00e4ten &amp; Veranstaltungen<\/div>\n\n\n\n<a class=\"btn btn-outline-white gb-text-074dfea8\" href=\"https:\/\/deutsch-albanische-schule.al\/de\/programi\/aktivitetet\/\"><span class=\"gb-text\">Mehr<\/span><span class=\"gb-shape\"><svg xmlns=\"http:\/\/www.w3.org\/2000\/svg\" width=\"33\" height=\"31\" viewbox=\"0 0 33 31\" fill=\"none\">\n<rect width=\"31.3636\" height=\"30\" rx=\"15\" transform=\"matrix(1 1.68587e-07 1.68587e-07 -1 0.818359 30.5)\" fill=\"#FBBC05\"><\/rect>\n<path d=\"M14.1556 21.6367L12.7085 20.1895L17.3977 15.5004L12.7085 10.8112L14.1556 9.364L20.292 15.5004L14.1556 21.6367Z\" fill=\"#272727\"><\/path>\n<\/svg><\/span><\/a>\n<\/div>\n<\/div>\n<\/div>\n\n\n\n<div class=\"gb-element-daa394a8\">\n<img loading=\"lazy\" decoding=\"async\" width=\"98\" height=\"99\" class=\"gb-media-526d87ed\" alt=\"\" src=\"https:\/\/deutsch-albanische-schule.al\/wp-content\/uploads\/2025\/07\/icon-4.svg\" title=\"Symbol (4)\"\/>\n\n\n\n<p class=\"gb-text gb-text-a3403c83\">Deutsch-Albanische Schule<br>in Tirana ist eine durch Beschluss des Ministerrats akkreditierte Bildungseinrichtung.<\/p>\n\n\n\n<a class=\"btn-underlined btn-underlined-left btn-arrow-accent gb-element-32b54aa3\" href=\"https:\/\/deutsch-albanische-schule.al\/de\/na-kontaktoni\/\">\n<img loading=\"lazy\" decoding=\"async\" width=\"25\" height=\"25\" class=\"gb-media-de17b3c5\" alt=\"\" src=\"https:\/\/deutsch-albanische-schule.al\/wp-content\/uploads\/2025\/07\/telephone-call-1.svg\" title=\"Telefonanruf 1\"\/>\n\n\n\n<div class=\"gb-text-54cc78d4\"><span class=\"gb-text\">Kontaktieren Sie uns<\/span><span class=\"gb-shape\"><svg xmlns=\"http:\/\/www.w3.org\/2000\/svg\" viewbox=\"0 0 320 512\"><!--!Font Awesome Free v7.0.0 by @fontawesome - https:\/\/fontawesome.com License - https:\/\/fontawesome.com\/license\/free Copyright 2025 Fonticons, Inc.--><path d=\"M311.1 233.4c12.5 12.5 12.5 32.8 0 45.3l-192 192c-12.5 12.5-32.8 12.5-45.3 0s-12.5-32.8 0-45.3L243.2 256 73.9 86.6c-12.5-12.5-12.5-32.8 0-45.3s32.8-12.5 45.3 0l192 192z\"><\/path><\/svg><\/span><\/div>\n<\/a>\n<\/div>\n<\/div>\n<\/div>\n\n\n\n<div class=\"gb-element-f4c2cb4f\">\n<div class=\"contained gb-element-1238cfb2\">\n<h2 class=\"gb-text gb-text-35198b12\">Unsere Mitarbeiter<\/h2>\n\n\n\n<div class=\"embla cols-2 cols-1-t\">\n<div class=\"embla__viewport\"><div class=\"gb-looper-2e9c4ecc embla__container convert-list\">\n<div class=\"gb-loop-item post-3219 staff type-staff status-publish has-post-thumbnail hentry role-drejtor-i-departamentit-gjerman\">\n<div class=\"gb-element-28e70541\">\n<div class=\"gb-element-693b4cef img-container\">\n<a href=\"https:\/\/deutsch-albanische-schule.al\/de\/stafi-yne\/hendrik-schaefer-2\/\"><img loading=\"lazy\" decoding=\"async\" width=\"420\" height=\"420\" data-media-id=\"396\" class=\"gb-media-6f25cc8c\" alt=\"\" title=\"bf93c0956d67c7c58cfae67d128f8998afbb20c7\" src=\"https:\/\/deutsch-albanische-schule.al\/wp-content\/uploads\/2025\/07\/08545fed1939c8de0b2c147f964f2701050b13a7.jpg\" srcset=\"https:\/\/deutsch-albanische-schule.al\/wp-content\/uploads\/2025\/07\/08545fed1939c8de0b2c147f964f2701050b13a7.jpg 420w, https:\/\/deutsch-albanische-schule.al\/wp-content\/uploads\/2025\/07\/08545fed1939c8de0b2c147f964f2701050b13a7-300x300.jpg 300w, https:\/\/deutsch-albanische-schule.al\/wp-content\/uploads\/2025\/07\/08545fed1939c8de0b2c147f964f2701050b13a7-150x150.jpg 150w\" sizes=\"auto, (max-width: 420px) 100vw, 420px\" \/><\/a>\n<\/div>\n\n\n\n<div class=\"gb-element-910b6e73 staff-content\">\n<h3 class=\"gb-text gb-text-ae75c628\">Hendrik Schaefer<\/h3>\n\n\n\n<div class=\"gb-text gb-text-a1c0ad1a pos\"><span>Leiter der deutschen Abteilung<\/span><\/div>\n\n\n\n<p class=\"gb-text remove-read-more gb-text-a2bcd249\">Als geb\u00fcrtiger Th\u00fcringer habe ich Romanistik studiert und Deutsch als Fremdsprache an der Friedrich-Schiller-Universit\u00e4t Jena studiert.... <a title=\"Hendrik Schaefer\" class=\"read-more\" href=\"https:\/\/deutsch-albanische-schule.al\/de\/stafi-yne\/hendrik-schaefer-2\/\" aria-label=\"Mehr Informationen \u00fcber Hendrik Schaefer\">Weiterlesen<\/a><\/p>\n\n\n\n<a class=\"gb-element-befe8e0f meet-on\" href=\"https:\/\/www.instagram.com\/deutsch_albanische_schule\" target=\"_blank\" rel=\"noopener\">\n<div class=\"gb-text-701fa283 meet-on-text\"><span class=\"gb-shape\"><svg xmlns=\"http:\/\/www.w3.org\/2000\/svg\" fill=\"none\" viewbox=\"5.98 6 12.02 12.02\">   <path d=\"M16.0039 9.414L7.39691 18.021L5.98291 16.607L14.5889 8L7.00391 8L7.00391 6L18.0039 6L18.0039 17L16.0039 17L16.0039 9.414Z\"><\/path> <\/svg><\/span><span class=\"gb-text\">Folgen Sie uns<\/span><\/div>\n\n\n\n<img loading=\"lazy\" decoding=\"async\" width=\"29\" height=\"30\" class=\"gb-media-743adeb4 avoid\" alt=\"\" src=\"https:\/\/deutsch-albanische-schule.al\/wp-content\/uploads\/2025\/08\/instagram-2.png\" title=\"Instagram (2)\" srcset=\"https:\/\/deutsch-albanische-schule.al\/wp-content\/uploads\/2025\/08\/instagram-2.png 29w, https:\/\/deutsch-albanische-schule.al\/wp-content\/uploads\/2025\/08\/instagram-2-12x12.png 12w\" sizes=\"auto, (max-width: 29px) 100vw, 29px\" \/>\n<\/a>\n<\/div>\n<\/div>\n<\/div>\n\n<div class=\"gb-loop-item post-981 staff type-staff status-publish has-post-thumbnail hentry role-drejtore-e-gjimnazit\">\n<div class=\"gb-element-28e70541\">\n<div class=\"gb-element-693b4cef img-container\">\n<a href=\"https:\/\/deutsch-albanische-schule.al\/de\/stafi-yne\/orjona-aliaj\/\"><img loading=\"lazy\" decoding=\"async\" width=\"420\" height=\"420\" data-media-id=\"10259\" class=\"gb-media-6f25cc8c\" alt=\"\" title=\"bf93c0956d67c7c58cfae67d128f8998afbb20c7\" src=\"https:\/\/deutsch-albanische-schule.al\/wp-content\/uploads\/2025\/08\/fdgfgfDeutsch-Albanische-Schule-Tirana-Orjona-Aliaj-420x420-1.jpg\" srcset=\"https:\/\/deutsch-albanische-schule.al\/wp-content\/uploads\/2025\/08\/fdgfgfDeutsch-Albanische-Schule-Tirana-Orjona-Aliaj-420x420-1.jpg 420w, https:\/\/deutsch-albanische-schule.al\/wp-content\/uploads\/2025\/08\/fdgfgfDeutsch-Albanische-Schule-Tirana-Orjona-Aliaj-420x420-1-300x300.jpg 300w, https:\/\/deutsch-albanische-schule.al\/wp-content\/uploads\/2025\/08\/fdgfgfDeutsch-Albanische-Schule-Tirana-Orjona-Aliaj-420x420-1-150x150.jpg 150w, https:\/\/deutsch-albanische-schule.al\/wp-content\/uploads\/2025\/08\/fdgfgfDeutsch-Albanische-Schule-Tirana-Orjona-Aliaj-420x420-1-12x12.jpg 12w\" sizes=\"auto, (max-width: 420px) 100vw, 420px\" \/><\/a>\n<\/div>\n\n\n\n<div class=\"gb-element-910b6e73 staff-content\">\n<h3 class=\"gb-text gb-text-ae75c628\">Orjona Aliaj<\/h3>\n\n\n\n<div class=\"gb-text gb-text-a1c0ad1a pos\"><span>Schulleiter<\/span><\/div>\n\n\n\n<p class=\"gb-text remove-read-more gb-text-a2bcd249\">Hallo, mein Name ist Orjona Aliaj. Ich habe mein Studium an der Universit\u00e4t Tirana abgeschlossen. Ich bin gl\u00fccklich in meinem Beruf, da ich \u2026 <a title=\"Orjona Aliaj\" class=\"read-more\" href=\"https:\/\/deutsch-albanische-schule.al\/de\/stafi-yne\/orjona-aliaj\/\" aria-label=\"Mehr Informationen \u00fcber Orjona Aliaj\">Weiterlesen<\/a><\/p>\n\n\n\n<a class=\"gb-element-befe8e0f meet-on\" href=\"https:\/\/www.instagram.com\/deutsch_albanische_schule\" target=\"_blank\" rel=\"noopener\">\n<div class=\"gb-text-701fa283 meet-on-text\"><span class=\"gb-shape\"><svg xmlns=\"http:\/\/www.w3.org\/2000\/svg\" fill=\"none\" viewbox=\"5.98 6 12.02 12.02\">   <path d=\"M16.0039 9.414L7.39691 18.021L5.98291 16.607L14.5889 8L7.00391 8L7.00391 6L18.0039 6L18.0039 17L16.0039 17L16.0039 9.414Z\"><\/path> <\/svg><\/span><span class=\"gb-text\">Folgen Sie uns<\/span><\/div>\n\n\n\n<img loading=\"lazy\" decoding=\"async\" width=\"29\" height=\"30\" class=\"gb-media-743adeb4 avoid\" alt=\"\" src=\"https:\/\/deutsch-albanische-schule.al\/wp-content\/uploads\/2025\/08\/instagram-2.png\" title=\"Instagram (2)\" srcset=\"https:\/\/deutsch-albanische-schule.al\/wp-content\/uploads\/2025\/08\/instagram-2.png 29w, https:\/\/deutsch-albanische-schule.al\/wp-content\/uploads\/2025\/08\/instagram-2-12x12.png 12w\" sizes=\"auto, (max-width: 29px) 100vw, 29px\" \/>\n<\/a>\n<\/div>\n<\/div>\n<\/div>\n\n<div class=\"gb-loop-item post-978 staff type-staff status-publish has-post-thumbnail hentry role-drejtor\">\n<div class=\"gb-element-28e70541\">\n<div class=\"gb-element-693b4cef img-container\">\n<a href=\"https:\/\/deutsch-albanische-schule.al\/de\/stafi-yne\/guido-goser\/\"><img loading=\"lazy\" decoding=\"async\" width=\"319\" height=\"301\" data-media-id=\"980\" class=\"gb-media-6f25cc8c\" alt=\"\" title=\"bf93c0956d67c7c58cfae67d128f8998afbb20c7\" src=\"https:\/\/deutsch-albanische-schule.al\/wp-content\/uploads\/2025\/08\/Rectangle-119.png\" srcset=\"https:\/\/deutsch-albanische-schule.al\/wp-content\/uploads\/2025\/08\/Rectangle-119.png 319w, https:\/\/deutsch-albanische-schule.al\/wp-content\/uploads\/2025\/08\/Rectangle-119-300x283.png 300w\" sizes=\"auto, (max-width: 319px) 100vw, 319px\" \/><\/a>\n<\/div>\n\n\n\n<div class=\"gb-element-910b6e73 staff-content\">\n<h3 class=\"gb-text gb-text-ae75c628\">Guido G\u00f6ser<\/h3>\n\n\n\n<div class=\"gb-text gb-text-a1c0ad1a pos\"><span>Direktor<\/span><\/div>\n\n\n\n<p class=\"gb-text remove-read-more gb-text-a2bcd249\">Nach meinem Studium in T\u00fcbingen unterrichtete ich mehrere Jahre im Bundesland Baden-W\u00fcrttemberg und arbeitete anschlie\u00dfend an verschiedenen Schulen... <a title=\"Guido G\u00f6ser\" class=\"read-more\" href=\"https:\/\/deutsch-albanische-schule.al\/de\/stafi-yne\/guido-goser\/\" aria-label=\"Mehr Informationen \u00fcber Guido Go\u0308ser\">Weiterlesen<\/a><\/p>\n\n\n\n<a class=\"gb-element-befe8e0f meet-on\" href=\"https:\/\/www.instagram.com\/deutsch_albanische_schule\" target=\"_blank\" rel=\"noopener\">\n<div class=\"gb-text-701fa283 meet-on-text\"><span class=\"gb-shape\"><svg xmlns=\"http:\/\/www.w3.org\/2000\/svg\" fill=\"none\" viewbox=\"5.98 6 12.02 12.02\">   <path d=\"M16.0039 9.414L7.39691 18.021L5.98291 16.607L14.5889 8L7.00391 8L7.00391 6L18.0039 6L18.0039 17L16.0039 17L16.0039 9.414Z\"><\/path> <\/svg><\/span><span class=\"gb-text\">Folgen Sie uns<\/span><\/div>\n\n\n\n<img loading=\"lazy\" decoding=\"async\" width=\"29\" height=\"30\" class=\"gb-media-743adeb4 avoid\" alt=\"\" src=\"https:\/\/deutsch-albanische-schule.al\/wp-content\/uploads\/2025\/08\/instagram-2.png\" title=\"Instagram (2)\" srcset=\"https:\/\/deutsch-albanische-schule.al\/wp-content\/uploads\/2025\/08\/instagram-2.png 29w, https:\/\/deutsch-albanische-schule.al\/wp-content\/uploads\/2025\/08\/instagram-2-12x12.png 12w\" sizes=\"auto, (max-width: 29px) 100vw, 29px\" \/>\n<\/a>\n<\/div>\n<\/div>\n<\/div>\n\n<div class=\"gb-loop-item post-977 staff type-staff status-publish has-post-thumbnail hentry role-drejtore\">\n<div class=\"gb-element-28e70541\">\n<div class=\"gb-element-693b4cef img-container\">\n<a href=\"https:\/\/deutsch-albanische-schule.al\/de\/stafi-yne\/petrina-blushi-mataj\/\"><img loading=\"lazy\" decoding=\"async\" width=\"374\" height=\"376\" data-media-id=\"817\" class=\"gb-media-6f25cc8c\" alt=\"\" title=\"bf93c0956d67c7c58cfae67d128f8998afbb20c7\" src=\"https:\/\/deutsch-albanische-schule.al\/wp-content\/uploads\/2025\/08\/Rectangle-124.png\" srcset=\"https:\/\/deutsch-albanische-schule.al\/wp-content\/uploads\/2025\/08\/Rectangle-124.png 374w, https:\/\/deutsch-albanische-schule.al\/wp-content\/uploads\/2025\/08\/Rectangle-124-298x300.png 298w, https:\/\/deutsch-albanische-schule.al\/wp-content\/uploads\/2025\/08\/Rectangle-124-150x150.png 150w\" sizes=\"auto, (max-width: 374px) 100vw, 374px\" \/><\/a>\n<\/div>\n\n\n\n<div class=\"gb-element-910b6e73 staff-content\">\n<h3 class=\"gb-text gb-text-ae75c628\">Petrina Blushi (Mataj)<\/h3>\n\n\n\n<div class=\"gb-text gb-text-a1c0ad1a pos\"><span>Gesch\u00e4ftsf\u00fchrerin<\/span><\/div>\n\n\n\n<p class=\"gb-text remove-read-more gb-text-a2bcd249\">Meine 40-j\u00e4hrige Unterrichtserfahrung versetzt mich in die Lage, mich gemeinsam mit dem deutschen Lehrpersonal an unserer Schule zu bewerben und... <a title=\"Petrina Blushi (Mataj)\" class=\"read-more\" href=\"https:\/\/deutsch-albanische-schule.al\/de\/stafi-yne\/petrina-blushi-mataj\/\" aria-label=\"Mehr Informationen \u00fcber Petrina Blushi (Mataj)\">Weiterlesen<\/a><\/p>\n\n\n\n<a class=\"gb-element-befe8e0f meet-on\" href=\"https:\/\/www.instagram.com\/deutsch_albanische_schule\" target=\"_blank\" rel=\"noopener\">\n<div class=\"gb-text-701fa283 meet-on-text\"><span class=\"gb-shape\"><svg xmlns=\"http:\/\/www.w3.org\/2000\/svg\" fill=\"none\" viewbox=\"5.98 6 12.02 12.02\">   <path d=\"M16.0039 9.414L7.39691 18.021L5.98291 16.607L14.5889 8L7.00391 8L7.00391 6L18.0039 6L18.0039 17L16.0039 17L16.0039 9.414Z\"><\/path> <\/svg><\/span><span class=\"gb-text\">Folgen Sie uns<\/span><\/div>\n\n\n\n<img loading=\"lazy\" decoding=\"async\" width=\"29\" height=\"30\" class=\"gb-media-743adeb4 avoid\" alt=\"\" src=\"https:\/\/deutsch-albanische-schule.al\/wp-content\/uploads\/2025\/08\/instagram-2.png\" title=\"Instagram (2)\" srcset=\"https:\/\/deutsch-albanische-schule.al\/wp-content\/uploads\/2025\/08\/instagram-2.png 29w, https:\/\/deutsch-albanische-schule.al\/wp-content\/uploads\/2025\/08\/instagram-2-12x12.png 12w\" sizes=\"auto, (max-width: 29px) 100vw, 29px\" \/>\n<\/a>\n<\/div>\n<\/div>\n<\/div>\n<\/div><\/div>\n\n\n\n<div class=\"gb-element-d427158e\">\n<button class=\"btn-reset gb-text-30334ad1 embla__button embla__button--prev\"><span class=\"gb-shape\"><svg xmlns=\"http:\/\/www.w3.org\/2000\/svg\" width=\"11\" height=\"16\" viewbox=\"0 0 11 16\" fill=\"none\">\n  <path d=\"M8.19253 16L10.0791 14.1134L3.96595 8.00022L10.0791 1.88707L8.19252 0.000433298L0.192743 8.00022L8.19253 16Z\" fill=\"#272727\"><\/path>\n<\/svg><\/span><\/button>\n\n\n\n<div class=\"gb-element-5b481e4b embla__dots\"><\/div>\n\n\n\n<button class=\"btn-reset gb-text-01d6ac98 embla__button embla__button--next\"><span class=\"gb-shape\"><svg xmlns=\"http:\/\/www.w3.org\/2000\/svg\" width=\"11\" height=\"16\" viewbox=\"0 0 11 16\" fill=\"none\">\n  <path d=\"M2.58335 16L0.696778 14.1134L6.80993 8.00022L0.69678 1.88707L2.58335 0.000433298L10.5831 8.00022L2.58335 16Z\" fill=\"#272727\"><\/path>\n<\/svg><\/span><\/button>\n<\/div>\n<\/div>\n\n\n\n<div class=\"gb-element-52f6fe25\"><div class=\"staff-wrapper\"><div class=\"teacher-card\">  <div class=\"photo-teacher\">    <a href=\"https:\/\/deutsch-albanische-schule.al\/de\/stafi-yne\/ela-hoxhallari\/\"><img loading=\"lazy\" decoding=\"async\" width=\"300\" height=\"300\" src=\"https:\/\/deutsch-albanische-schule.al\/wp-content\/uploads\/2025\/08\/DAST-Ela-Hoxhallari-768x768-1-300x300.jpeg\" class=\"attachment-medium size-medium wp-post-image\" alt=\"\" srcset=\"https:\/\/deutsch-albanische-schule.al\/wp-content\/uploads\/2025\/08\/DAST-Ela-Hoxhallari-768x768-1-300x300.jpeg 300w, https:\/\/deutsch-albanische-schule.al\/wp-content\/uploads\/2025\/08\/DAST-Ela-Hoxhallari-768x768-1-150x150.jpeg 150w, https:\/\/deutsch-albanische-schule.al\/wp-content\/uploads\/2025\/08\/DAST-Ela-Hoxhallari-768x768-1.jpeg 768w\" sizes=\"auto, (max-width: 300px) 100vw, 300px\" \/>    <\/a>  <\/div>  <div class=\"info-teacher\">    <h2 class=\"name-teacher\"><a href=\"https:\/\/deutsch-albanische-schule.al\/de\/stafi-yne\/ela-hoxhallari\/\">Ela Hoxhallari<\/a><\/h2>    <div class=\"teacher-category\">Vorschule<\/div>  <\/div><\/div><div class=\"teacher-card\">  <div class=\"photo-teacher\">    <a href=\"https:\/\/deutsch-albanische-schule.al\/de\/stafi-yne\/gerta-mucaj\/\"><img loading=\"lazy\" decoding=\"async\" width=\"300\" height=\"300\" src=\"https:\/\/deutsch-albanische-schule.al\/wp-content\/uploads\/2025\/08\/Gerta-Mucaj-768x768-1-300x300.jpeg\" class=\"attachment-medium size-medium wp-post-image\" alt=\"\" srcset=\"https:\/\/deutsch-albanische-schule.al\/wp-content\/uploads\/2025\/08\/Gerta-Mucaj-768x768-1-300x300.jpeg 300w, https:\/\/deutsch-albanische-schule.al\/wp-content\/uploads\/2025\/08\/Gerta-Mucaj-768x768-1-150x150.jpeg 150w, https:\/\/deutsch-albanische-schule.al\/wp-content\/uploads\/2025\/08\/Gerta-Mucaj-768x768-1.jpeg 768w\" sizes=\"auto, (max-width: 300px) 100vw, 300px\" \/>    <\/a>  <\/div>  <div class=\"info-teacher\">    <h2 class=\"name-teacher\"><a href=\"https:\/\/deutsch-albanische-schule.al\/de\/stafi-yne\/gerta-mucaj\/\">Gerta Mu\u00e7aj<\/a><\/h2>    <div class=\"teacher-category\">Lehrpersonal<\/div>  <\/div><\/div><div class=\"teacher-card\">  <div class=\"photo-teacher\">    <a href=\"https:\/\/deutsch-albanische-schule.al\/de\/stafi-yne\/ygerso-bahja\/\"><img loading=\"lazy\" decoding=\"async\" width=\"300\" height=\"300\" src=\"https:\/\/deutsch-albanische-schule.al\/wp-content\/uploads\/2025\/09\/WhatsApp-Image-2025-09-30-at-2.42.28-PM-300x300.jpeg\" class=\"attachment-medium size-medium wp-post-image\" alt=\"\" srcset=\"https:\/\/deutsch-albanische-schule.al\/wp-content\/uploads\/2025\/09\/WhatsApp-Image-2025-09-30-at-2.42.28-PM-300x300.jpeg 300w, https:\/\/deutsch-albanische-schule.al\/wp-content\/uploads\/2025\/09\/WhatsApp-Image-2025-09-30-at-2.42.28-PM-150x150.jpeg 150w, https:\/\/deutsch-albanische-schule.al\/wp-content\/uploads\/2025\/09\/WhatsApp-Image-2025-09-30-at-2.42.28-PM-12x12.jpeg 12w, https:\/\/deutsch-albanische-schule.al\/wp-content\/uploads\/2025\/09\/WhatsApp-Image-2025-09-30-at-2.42.28-PM.jpeg 660w\" sizes=\"auto, (max-width: 300px) 100vw, 300px\" \/>    <\/a>  <\/div>  <div class=\"info-teacher\">    <h2 class=\"name-teacher\"><a href=\"https:\/\/deutsch-albanische-schule.al\/de\/stafi-yne\/ygerso-bahja\/\">Ygerso Bahja<\/a><\/h2>    <div class=\"teacher-category\">Musikp\u00e4dagogik<\/div>  <\/div><\/div><div class=\"teacher-card\">  <div class=\"photo-teacher\">    <a href=\"https:\/\/deutsch-albanische-schule.al\/de\/stafi-yne\/mathilde\/\"><img loading=\"lazy\" decoding=\"async\" width=\"254\" height=\"300\" src=\"https:\/\/deutsch-albanische-schule.al\/wp-content\/uploads\/2025\/09\/WhatsApp-Image-2025-09-04-at-3.49.08-PM-254x300.jpeg\" class=\"attachment-medium size-medium wp-post-image\" alt=\"\" srcset=\"https:\/\/deutsch-albanische-schule.al\/wp-content\/uploads\/2025\/09\/WhatsApp-Image-2025-09-04-at-3.49.08-PM-254x300.jpeg 254w, https:\/\/deutsch-albanische-schule.al\/wp-content\/uploads\/2025\/09\/WhatsApp-Image-2025-09-04-at-3.49.08-PM-768x909.jpeg 768w, https:\/\/deutsch-albanische-schule.al\/wp-content\/uploads\/2025\/09\/WhatsApp-Image-2025-09-04-at-3.49.08-PM-10x12.jpeg 10w, https:\/\/deutsch-albanische-schule.al\/wp-content\/uploads\/2025\/09\/WhatsApp-Image-2025-09-04-at-3.49.08-PM.jpeg 852w\" sizes=\"auto, (max-width: 254px) 100vw, 254px\" \/>    <\/a>  <\/div>  <div class=\"info-teacher\">    <h2 class=\"name-teacher\"><a href=\"https:\/\/deutsch-albanische-schule.al\/de\/stafi-yne\/mathilde\/\">Mathilde<\/a><\/h2>    <div class=\"teacher-category\">Deutsch<\/div>  <\/div><\/div><div class=\"teacher-card\">  <div class=\"photo-teacher\">    <a href=\"https:\/\/deutsch-albanische-schule.al\/de\/stafi-yne\/juri\/\"><img loading=\"lazy\" decoding=\"async\" width=\"228\" height=\"300\" src=\"https:\/\/deutsch-albanische-schule.al\/wp-content\/uploads\/2025\/09\/hjhjhjWhatsApp-Image-2025-09-04-at-3.47.46-PM-228x300.jpeg\" class=\"attachment-medium size-medium wp-post-image\" alt=\"\" srcset=\"https:\/\/deutsch-albanische-schule.al\/wp-content\/uploads\/2025\/09\/hjhjhjWhatsApp-Image-2025-09-04-at-3.47.46-PM-228x300.jpeg 228w, https:\/\/deutsch-albanische-schule.al\/wp-content\/uploads\/2025\/09\/hjhjhjWhatsApp-Image-2025-09-04-at-3.47.46-PM-9x12.jpeg 9w, https:\/\/deutsch-albanische-schule.al\/wp-content\/uploads\/2025\/09\/hjhjhjWhatsApp-Image-2025-09-04-at-3.47.46-PM.jpeg 560w\" sizes=\"auto, (max-width: 228px) 100vw, 228px\" \/>    <\/a>  <\/div>  <div class=\"info-teacher\">    <h2 class=\"name-teacher\"><a href=\"https:\/\/deutsch-albanische-schule.al\/de\/stafi-yne\/juri\/\">Juri<\/a><\/h2>    <div class=\"teacher-category\">Deutsch<\/div>  <\/div><\/div><div class=\"teacher-card\">  <div class=\"photo-teacher\">    <a href=\"https:\/\/deutsch-albanische-schule.al\/de\/stafi-yne\/johanna\/\"><img loading=\"lazy\" decoding=\"async\" width=\"223\" height=\"300\" src=\"https:\/\/deutsch-albanische-schule.al\/wp-content\/uploads\/2025\/09\/ghfghWhatsApp-Image-2025-09-04-at-3.45.54-PM-223x300.jpeg\" class=\"attachment-medium size-medium wp-post-image\" alt=\"\" srcset=\"https:\/\/deutsch-albanische-schule.al\/wp-content\/uploads\/2025\/09\/ghfghWhatsApp-Image-2025-09-04-at-3.45.54-PM-223x300.jpeg 223w, https:\/\/deutsch-albanische-schule.al\/wp-content\/uploads\/2025\/09\/ghfghWhatsApp-Image-2025-09-04-at-3.45.54-PM-761x1024.jpeg 761w, https:\/\/deutsch-albanische-schule.al\/wp-content\/uploads\/2025\/09\/ghfghWhatsApp-Image-2025-09-04-at-3.45.54-PM-768x1034.jpeg 768w, https:\/\/deutsch-albanische-schule.al\/wp-content\/uploads\/2025\/09\/ghfghWhatsApp-Image-2025-09-04-at-3.45.54-PM-9x12.jpeg 9w, https:\/\/deutsch-albanische-schule.al\/wp-content\/uploads\/2025\/09\/ghfghWhatsApp-Image-2025-09-04-at-3.45.54-PM.jpeg 853w\" sizes=\"auto, (max-width: 223px) 100vw, 223px\" \/>    <\/a>  <\/div>  <div class=\"info-teacher\">    <h2 class=\"name-teacher\"><a href=\"https:\/\/deutsch-albanische-schule.al\/de\/stafi-yne\/johanna\/\">Johanna<\/a><\/h2>    <div class=\"teacher-category\">Deutsch<\/div>  <\/div><\/div><div class=\"teacher-card\">  <div class=\"photo-teacher\">    <a href=\"https:\/\/deutsch-albanische-schule.al\/de\/stafi-yne\/armina-berberi\/\"><img loading=\"lazy\" decoding=\"async\" width=\"188\" height=\"300\" src=\"https:\/\/deutsch-albanische-schule.al\/wp-content\/uploads\/2025\/09\/hghWhatsApp-Image-2025-09-04-at-1.14.08-PM-188x300.jpeg\" class=\"attachment-medium size-medium wp-post-image\" alt=\"\" srcset=\"https:\/\/deutsch-albanische-schule.al\/wp-content\/uploads\/2025\/09\/hghWhatsApp-Image-2025-09-04-at-1.14.08-PM-188x300.jpeg 188w, https:\/\/deutsch-albanische-schule.al\/wp-content\/uploads\/2025\/09\/hghWhatsApp-Image-2025-09-04-at-1.14.08-PM-8x12.jpeg 8w, https:\/\/deutsch-albanische-schule.al\/wp-content\/uploads\/2025\/09\/hghWhatsApp-Image-2025-09-04-at-1.14.08-PM.jpeg 641w\" sizes=\"auto, (max-width: 188px) 100vw, 188px\" \/>    <\/a>  <\/div>  <div class=\"info-teacher\">    <h2 class=\"name-teacher\"><a href=\"https:\/\/deutsch-albanische-schule.al\/de\/stafi-yne\/armina-berberi\/\">Armina Berberi<\/a><\/h2>    <div class=\"teacher-category\">Lehrpersonal<\/div>  <\/div><\/div><div class=\"teacher-card\">  <div class=\"photo-teacher\">    <a href=\"https:\/\/deutsch-albanische-schule.al\/de\/stafi-yne\/jonida-shingjergji\/\"><img loading=\"lazy\" decoding=\"async\" width=\"225\" height=\"300\" src=\"https:\/\/deutsch-albanische-schule.al\/wp-content\/uploads\/2025\/09\/WhatsApp-Image-2025-09-03-at-6.03.28-PM-225x300.jpeg\" class=\"attachment-medium size-medium wp-post-image\" alt=\"\" srcset=\"https:\/\/deutsch-albanische-schule.al\/wp-content\/uploads\/2025\/09\/WhatsApp-Image-2025-09-03-at-6.03.28-PM-225x300.jpeg 225w, https:\/\/deutsch-albanische-schule.al\/wp-content\/uploads\/2025\/09\/WhatsApp-Image-2025-09-03-at-6.03.28-PM-768x1024.jpeg 768w, https:\/\/deutsch-albanische-schule.al\/wp-content\/uploads\/2025\/09\/WhatsApp-Image-2025-09-03-at-6.03.28-PM-1152x1536.jpeg 1152w, https:\/\/deutsch-albanische-schule.al\/wp-content\/uploads\/2025\/09\/WhatsApp-Image-2025-09-03-at-6.03.28-PM-9x12.jpeg 9w, https:\/\/deutsch-albanische-schule.al\/wp-content\/uploads\/2025\/09\/WhatsApp-Image-2025-09-03-at-6.03.28-PM.jpeg 1200w\" sizes=\"auto, (max-width: 225px) 100vw, 225px\" \/>    <\/a>  <\/div>  <div class=\"info-teacher\">    <h2 class=\"name-teacher\"><a href=\"https:\/\/deutsch-albanische-schule.al\/de\/stafi-yne\/jonida-shingjergji\/\">Jonida Shingjergji<\/a><\/h2>    <div class=\"teacher-category\">Deutsch<\/div>  <\/div><\/div><div class=\"teacher-card\">  <div class=\"photo-teacher\">    <a href=\"https:\/\/deutsch-albanische-schule.al\/de\/stafi-yne\/vojsava-ago\/\"><img loading=\"lazy\" decoding=\"async\" width=\"207\" height=\"300\" src=\"https:\/\/deutsch-albanische-schule.al\/wp-content\/uploads\/2025\/09\/WhatsApp-Image-2025-09-03-at-12.08.30-PM-207x300.jpeg\" class=\"attachment-medium size-medium wp-post-image\" alt=\"\" srcset=\"https:\/\/deutsch-albanische-schule.al\/wp-content\/uploads\/2025\/09\/WhatsApp-Image-2025-09-03-at-12.08.30-PM-207x300.jpeg 207w, https:\/\/deutsch-albanische-schule.al\/wp-content\/uploads\/2025\/09\/WhatsApp-Image-2025-09-03-at-12.08.30-PM-708x1024.jpeg 708w, https:\/\/deutsch-albanische-schule.al\/wp-content\/uploads\/2025\/09\/WhatsApp-Image-2025-09-03-at-12.08.30-PM-768x1111.jpeg 768w, https:\/\/deutsch-albanische-schule.al\/wp-content\/uploads\/2025\/09\/WhatsApp-Image-2025-09-03-at-12.08.30-PM-8x12.jpeg 8w, https:\/\/deutsch-albanische-schule.al\/wp-content\/uploads\/2025\/09\/WhatsApp-Image-2025-09-03-at-12.08.30-PM.jpeg 899w\" sizes=\"auto, (max-width: 207px) 100vw, 207px\" \/>    <\/a>  <\/div>  <div class=\"info-teacher\">    <h2 class=\"name-teacher\"><a href=\"https:\/\/deutsch-albanische-schule.al\/de\/stafi-yne\/vojsava-ago\/\">Vojsava Ago<\/a><\/h2>    <div class=\"teacher-category\">Wirtschaft<\/div>  <\/div><\/div><div class=\"teacher-card\">  <div class=\"photo-teacher\">    <a href=\"https:\/\/deutsch-albanische-schule.al\/de\/stafi-yne\/elvana-milo\/\"><img loading=\"lazy\" decoding=\"async\" width=\"300\" height=\"198\" src=\"https:\/\/deutsch-albanische-schule.al\/wp-content\/uploads\/2025\/09\/WhatsApp-Image-2025-09-03-at-11.25.22-AM-300x198.jpeg\" class=\"attachment-medium size-medium wp-post-image\" alt=\"\" srcset=\"https:\/\/deutsch-albanische-schule.al\/wp-content\/uploads\/2025\/09\/WhatsApp-Image-2025-09-03-at-11.25.22-AM-300x198.jpeg 300w, https:\/\/deutsch-albanische-schule.al\/wp-content\/uploads\/2025\/09\/WhatsApp-Image-2025-09-03-at-11.25.22-AM-1024x675.jpeg 1024w, https:\/\/deutsch-albanische-schule.al\/wp-content\/uploads\/2025\/09\/WhatsApp-Image-2025-09-03-at-11.25.22-AM-768x506.jpeg 768w, https:\/\/deutsch-albanische-schule.al\/wp-content\/uploads\/2025\/09\/WhatsApp-Image-2025-09-03-at-11.25.22-AM-18x12.jpeg 18w, https:\/\/deutsch-albanische-schule.al\/wp-content\/uploads\/2025\/09\/WhatsApp-Image-2025-09-03-at-11.25.22-AM.jpeg 1080w\" sizes=\"auto, (max-width: 300px) 100vw, 300px\" \/>    <\/a>  <\/div>  <div class=\"info-teacher\">    <h2 class=\"name-teacher\"><a href=\"https:\/\/deutsch-albanische-schule.al\/de\/stafi-yne\/elvana-milo\/\">Elvana Milo<\/a><\/h2>    <div class=\"teacher-category\">Chemie<\/div>  <\/div><\/div><div class=\"teacher-card\">  <div class=\"photo-teacher\">    <a href=\"https:\/\/deutsch-albanische-schule.al\/de\/stafi-yne\/yllka-dedja\/\"><img loading=\"lazy\" decoding=\"async\" width=\"300\" height=\"281\" src=\"https:\/\/deutsch-albanische-schule.al\/wp-content\/uploads\/2025\/09\/54154WhatsApp-Image-2025-09-03-at-8.44.30-AM-300x281.jpeg\" class=\"attachment-medium size-medium wp-post-image\" alt=\"\" srcset=\"https:\/\/deutsch-albanische-schule.al\/wp-content\/uploads\/2025\/09\/54154WhatsApp-Image-2025-09-03-at-8.44.30-AM-300x281.jpeg 300w, https:\/\/deutsch-albanische-schule.al\/wp-content\/uploads\/2025\/09\/54154WhatsApp-Image-2025-09-03-at-8.44.30-AM-1024x960.jpeg 1024w, https:\/\/deutsch-albanische-schule.al\/wp-content\/uploads\/2025\/09\/54154WhatsApp-Image-2025-09-03-at-8.44.30-AM-768x720.jpeg 768w, https:\/\/deutsch-albanische-schule.al\/wp-content\/uploads\/2025\/09\/54154WhatsApp-Image-2025-09-03-at-8.44.30-AM-13x12.jpeg 13w, https:\/\/deutsch-albanische-schule.al\/wp-content\/uploads\/2025\/09\/54154WhatsApp-Image-2025-09-03-at-8.44.30-AM.jpeg 1240w\" sizes=\"auto, (max-width: 300px) 100vw, 300px\" \/>    <\/a>  <\/div>  <div class=\"info-teacher\">    <h2 class=\"name-teacher\"><a href=\"https:\/\/deutsch-albanische-schule.al\/de\/stafi-yne\/yllka-dedja\/\">Yllka Dedja<\/a><\/h2>    <div class=\"teacher-category\">Grundschullehrer<\/div>  <\/div><\/div><div class=\"teacher-card\">  <div class=\"photo-teacher\">    <a href=\"https:\/\/deutsch-albanische-schule.al\/de\/stafi-yne\/sanie-xhaja\/\"><img loading=\"lazy\" decoding=\"async\" width=\"207\" height=\"300\" src=\"https:\/\/deutsch-albanische-schule.al\/wp-content\/uploads\/2025\/09\/WhatsApp-Image-2025-09-02-at-2.28.37-PM-207x300.jpeg\" class=\"attachment-medium size-medium wp-post-image\" alt=\"\" srcset=\"https:\/\/deutsch-albanische-schule.al\/wp-content\/uploads\/2025\/09\/WhatsApp-Image-2025-09-02-at-2.28.37-PM-207x300.jpeg 207w, https:\/\/deutsch-albanische-schule.al\/wp-content\/uploads\/2025\/09\/WhatsApp-Image-2025-09-02-at-2.28.37-PM-8x12.jpeg 8w, https:\/\/deutsch-albanische-schule.al\/wp-content\/uploads\/2025\/09\/WhatsApp-Image-2025-09-02-at-2.28.37-PM.jpeg 613w\" sizes=\"auto, (max-width: 207px) 100vw, 207px\" \/>    <\/a>  <\/div>  <div class=\"info-teacher\">    <h2 class=\"name-teacher\"><a href=\"https:\/\/deutsch-albanische-schule.al\/de\/stafi-yne\/sanie-xhaja\/\">Sanie Xhaja<\/a><\/h2>    <div class=\"teacher-category\">Sportunterricht<\/div>  <\/div><\/div><div class=\"teacher-card\">  <div class=\"photo-teacher\">    <a href=\"https:\/\/deutsch-albanische-schule.al\/de\/stafi-yne\/ferdinant-gjypi\/\"><img loading=\"lazy\" decoding=\"async\" width=\"274\" height=\"300\" src=\"https:\/\/deutsch-albanische-schule.al\/wp-content\/uploads\/2025\/09\/WhatsApp-Image-2025-09-02-at-2.20.00-PM-274x300.jpeg\" class=\"attachment-medium size-medium wp-post-image\" alt=\"\" srcset=\"https:\/\/deutsch-albanische-schule.al\/wp-content\/uploads\/2025\/09\/WhatsApp-Image-2025-09-02-at-2.20.00-PM-274x300.jpeg 274w, https:\/\/deutsch-albanische-schule.al\/wp-content\/uploads\/2025\/09\/WhatsApp-Image-2025-09-02-at-2.20.00-PM-11x12.jpeg 11w, https:\/\/deutsch-albanische-schule.al\/wp-content\/uploads\/2025\/09\/WhatsApp-Image-2025-09-02-at-2.20.00-PM.jpeg 750w\" sizes=\"auto, (max-width: 274px) 100vw, 274px\" \/>    <\/a>  <\/div>  <div class=\"info-teacher\">    <h2 class=\"name-teacher\"><a href=\"https:\/\/deutsch-albanische-schule.al\/de\/stafi-yne\/ferdinant-gjypi\/\">Ferdinant Gjypi<\/a><\/h2>    <div class=\"teacher-category\">Sportunterricht<\/div>  <\/div><\/div><div class=\"teacher-card\">  <div class=\"photo-teacher\">    <a href=\"https:\/\/deutsch-albanische-schule.al\/de\/stafi-yne\/emili\/\"><img loading=\"lazy\" decoding=\"async\" width=\"272\" height=\"300\" src=\"https:\/\/deutsch-albanische-schule.al\/wp-content\/uploads\/2025\/09\/WhatsApp-Image-2025-09-02-at-2.19.03-PM-272x300.jpeg\" class=\"attachment-medium size-medium wp-post-image\" alt=\"\" srcset=\"https:\/\/deutsch-albanische-schule.al\/wp-content\/uploads\/2025\/09\/WhatsApp-Image-2025-09-02-at-2.19.03-PM-272x300.jpeg 272w, https:\/\/deutsch-albanische-schule.al\/wp-content\/uploads\/2025\/09\/WhatsApp-Image-2025-09-02-at-2.19.03-PM-768x847.jpeg 768w, https:\/\/deutsch-albanische-schule.al\/wp-content\/uploads\/2025\/09\/WhatsApp-Image-2025-09-02-at-2.19.03-PM-11x12.jpeg 11w, https:\/\/deutsch-albanische-schule.al\/wp-content\/uploads\/2025\/09\/WhatsApp-Image-2025-09-02-at-2.19.03-PM.jpeg 832w\" sizes=\"auto, (max-width: 272px) 100vw, 272px\" \/>    <\/a>  <\/div>  <div class=\"info-teacher\">    <h2 class=\"name-teacher\"><a href=\"https:\/\/deutsch-albanische-schule.al\/de\/stafi-yne\/emili\/\">Emili<\/a><\/h2>    <div class=\"teacher-category\">Deutsch<\/div>  <\/div><\/div><div class=\"teacher-card\">  <div class=\"photo-teacher\">    <a href=\"https:\/\/deutsch-albanische-schule.al\/de\/stafi-yne\/amoreta-shima\/\"><img loading=\"lazy\" decoding=\"async\" width=\"268\" height=\"300\" src=\"https:\/\/deutsch-albanische-schule.al\/wp-content\/uploads\/2025\/09\/WhatsApp-Image-2025-09-02-at-2.18.16-PM-268x300.jpeg\" class=\"attachment-medium size-medium wp-post-image\" alt=\"\" srcset=\"https:\/\/deutsch-albanische-schule.al\/wp-content\/uploads\/2025\/09\/WhatsApp-Image-2025-09-02-at-2.18.16-PM-268x300.jpeg 268w, https:\/\/deutsch-albanische-schule.al\/wp-content\/uploads\/2025\/09\/WhatsApp-Image-2025-09-02-at-2.18.16-PM-11x12.jpeg 11w, https:\/\/deutsch-albanische-schule.al\/wp-content\/uploads\/2025\/09\/WhatsApp-Image-2025-09-02-at-2.18.16-PM.jpeg 563w\" sizes=\"auto, (max-width: 268px) 100vw, 268px\" \/>    <\/a>  <\/div>  <div class=\"info-teacher\">    <h2 class=\"name-teacher\"><a href=\"https:\/\/deutsch-albanische-schule.al\/de\/stafi-yne\/amoreta-shima\/\">Amoreta Shima<\/a><\/h2>    <div class=\"teacher-category\">Englisch<\/div>  <\/div><\/div><div class=\"teacher-card\">  <div class=\"photo-teacher\">    <a href=\"https:\/\/deutsch-albanische-schule.al\/de\/stafi-yne\/michelle-kobert\/\"><img loading=\"lazy\" decoding=\"async\" width=\"264\" height=\"300\" src=\"https:\/\/deutsch-albanische-schule.al\/wp-content\/uploads\/2025\/08\/WhatsApp-Image-2025-08-14-at-11.48.53-AM-264x300.jpeg\" class=\"attachment-medium size-medium wp-post-image\" alt=\"\" srcset=\"https:\/\/deutsch-albanische-schule.al\/wp-content\/uploads\/2025\/08\/WhatsApp-Image-2025-08-14-at-11.48.53-AM-264x300.jpeg 264w, https:\/\/deutsch-albanische-schule.al\/wp-content\/uploads\/2025\/08\/WhatsApp-Image-2025-08-14-at-11.48.53-AM-902x1024.jpeg 902w, https:\/\/deutsch-albanische-schule.al\/wp-content\/uploads\/2025\/08\/WhatsApp-Image-2025-08-14-at-11.48.53-AM-768x872.jpeg 768w, https:\/\/deutsch-albanische-schule.al\/wp-content\/uploads\/2025\/08\/WhatsApp-Image-2025-08-14-at-11.48.53-AM-11x12.jpeg 11w, https:\/\/deutsch-albanische-schule.al\/wp-content\/uploads\/2025\/08\/WhatsApp-Image-2025-08-14-at-11.48.53-AM.jpeg 1170w\" sizes=\"auto, (max-width: 264px) 100vw, 264px\" \/>    <\/a>  <\/div>  <div class=\"info-teacher\">    <h2 class=\"name-teacher\"><a href=\"https:\/\/deutsch-albanische-schule.al\/de\/stafi-yne\/michelle-kobert\/\">Michelle Kobert<\/a><\/h2>    <div class=\"teacher-category\">Deutsch<\/div>  <\/div><\/div><div class=\"teacher-card\">  <div class=\"photo-teacher\">    <a href=\"https:\/\/deutsch-albanische-schule.al\/de\/stafi-yne\/pascuale-slevec\/\"><img loading=\"lazy\" decoding=\"async\" width=\"268\" height=\"300\" src=\"https:\/\/deutsch-albanische-schule.al\/wp-content\/uploads\/2025\/08\/dfdfdf-268x300.jpg\" class=\"attachment-medium size-medium wp-post-image\" alt=\"\" srcset=\"https:\/\/deutsch-albanische-schule.al\/wp-content\/uploads\/2025\/08\/dfdfdf-268x300.jpg 268w, https:\/\/deutsch-albanische-schule.al\/wp-content\/uploads\/2025\/08\/dfdfdf-11x12.jpg 11w, https:\/\/deutsch-albanische-schule.al\/wp-content\/uploads\/2025\/08\/dfdfdf.jpg 413w\" sizes=\"auto, (max-width: 268px) 100vw, 268px\" \/>    <\/a>  <\/div>  <div class=\"info-teacher\">    <h2 class=\"name-teacher\"><a href=\"https:\/\/deutsch-albanische-schule.al\/de\/stafi-yne\/pascuale-slevec\/\">Pascuale Slevec<\/a><\/h2>    <div class=\"teacher-category\">Mathematik<\/div>  <\/div><\/div><div class=\"teacher-card\">  <div class=\"photo-teacher\">    <a href=\"https:\/\/deutsch-albanische-schule.al\/de\/stafi-yne\/selena-kapoli\/\"><img loading=\"lazy\" decoding=\"async\" width=\"300\" height=\"300\" src=\"https:\/\/deutsch-albanische-schule.al\/wp-content\/uploads\/2025\/08\/Selena-Kapoli-600x600-1-300x300.jpg\" class=\"attachment-medium size-medium wp-post-image\" alt=\"\" srcset=\"https:\/\/deutsch-albanische-schule.al\/wp-content\/uploads\/2025\/08\/Selena-Kapoli-600x600-1-300x300.jpg 300w, https:\/\/deutsch-albanische-schule.al\/wp-content\/uploads\/2025\/08\/Selena-Kapoli-600x600-1-150x150.jpg 150w, https:\/\/deutsch-albanische-schule.al\/wp-content\/uploads\/2025\/08\/Selena-Kapoli-600x600-1-12x12.jpg 12w, https:\/\/deutsch-albanische-schule.al\/wp-content\/uploads\/2025\/08\/Selena-Kapoli-600x600-1.jpg 600w\" sizes=\"auto, (max-width: 300px) 100vw, 300px\" \/>    <\/a>  <\/div>  <div class=\"info-teacher\">    <h2 class=\"name-teacher\"><a href=\"https:\/\/deutsch-albanische-schule.al\/de\/stafi-yne\/selena-kapoli\/\">Selena Kapoli<\/a><\/h2>    <div class=\"teacher-category\">Lehrpersonal<\/div>  <\/div><\/div><div class=\"teacher-card\">  <div class=\"photo-teacher\">    <a href=\"https:\/\/deutsch-albanische-schule.al\/de\/stafi-yne\/rezarta-matraku\/\"><img loading=\"lazy\" decoding=\"async\" width=\"300\" height=\"300\" src=\"https:\/\/deutsch-albanische-schule.al\/wp-content\/uploads\/2025\/08\/Rezarta-Matraku-768x76-1-300x300.jpeg\" class=\"attachment-medium size-medium wp-post-image\" alt=\"\" srcset=\"https:\/\/deutsch-albanische-schule.al\/wp-content\/uploads\/2025\/08\/Rezarta-Matraku-768x76-1-300x300.jpeg 300w, https:\/\/deutsch-albanische-schule.al\/wp-content\/uploads\/2025\/08\/Rezarta-Matraku-768x76-1-150x150.jpeg 150w, https:\/\/deutsch-albanische-schule.al\/wp-content\/uploads\/2025\/08\/Rezarta-Matraku-768x76-1-12x12.jpeg 12w, https:\/\/deutsch-albanische-schule.al\/wp-content\/uploads\/2025\/08\/Rezarta-Matraku-768x76-1.jpeg 768w\" sizes=\"auto, (max-width: 300px) 100vw, 300px\" \/>    <\/a>  <\/div>  <div class=\"info-teacher\">    <h2 class=\"name-teacher\"><a href=\"https:\/\/deutsch-albanische-schule.al\/de\/stafi-yne\/rezarta-matraku\/\">Rezarta Matraku<\/a><\/h2>    <div class=\"teacher-category\">Grundschullehrer<\/div>  <\/div><\/div><div class=\"teacher-card\">  <div class=\"photo-teacher\">    <a href=\"https:\/\/deutsch-albanische-schule.al\/de\/stafi-yne\/mimoza-cori\/\"><img loading=\"lazy\" decoding=\"async\" width=\"252\" height=\"300\" src=\"https:\/\/deutsch-albanische-schule.al\/wp-content\/uploads\/2025\/08\/Mimoza-Cori-DAST-558x664-1-252x300.jpg\" class=\"attachment-medium size-medium wp-post-image\" alt=\"\" srcset=\"https:\/\/deutsch-albanische-schule.al\/wp-content\/uploads\/2025\/08\/Mimoza-Cori-DAST-558x664-1-252x300.jpg 252w, https:\/\/deutsch-albanische-schule.al\/wp-content\/uploads\/2025\/08\/Mimoza-Cori-DAST-558x664-1-10x12.jpg 10w, https:\/\/deutsch-albanische-schule.al\/wp-content\/uploads\/2025\/08\/Mimoza-Cori-DAST-558x664-1.jpg 558w\" sizes=\"auto, (max-width: 252px) 100vw, 252px\" \/>    <\/a>  <\/div>  <div class=\"info-teacher\">    <h2 class=\"name-teacher\"><a href=\"https:\/\/deutsch-albanische-schule.al\/de\/stafi-yne\/mimoza-cori\/\">Mimoza \u00c7ori<\/a><\/h2>    <div class=\"teacher-category\">Grundschullehrer<\/div>  <\/div><\/div><div class=\"teacher-card\">  <div class=\"photo-teacher\">    <a href=\"https:\/\/deutsch-albanische-schule.al\/de\/stafi-yne\/ledina-selaj\/\"><img loading=\"lazy\" decoding=\"async\" width=\"300\" height=\"300\" src=\"https:\/\/deutsch-albanische-schule.al\/wp-content\/uploads\/2025\/08\/Ledina-e1727895369604-768x768-1-300x300.jpeg\" class=\"attachment-medium size-medium wp-post-image\" alt=\"\" srcset=\"https:\/\/deutsch-albanische-schule.al\/wp-content\/uploads\/2025\/08\/Ledina-e1727895369604-768x768-1-300x300.jpeg 300w, https:\/\/deutsch-albanische-schule.al\/wp-content\/uploads\/2025\/08\/Ledina-e1727895369604-768x768-1-150x150.jpeg 150w, https:\/\/deutsch-albanische-schule.al\/wp-content\/uploads\/2025\/08\/Ledina-e1727895369604-768x768-1-12x12.jpeg 12w, https:\/\/deutsch-albanische-schule.al\/wp-content\/uploads\/2025\/08\/Ledina-e1727895369604-768x768-1.jpeg 768w\" sizes=\"auto, (max-width: 300px) 100vw, 300px\" \/>    <\/a>  <\/div>  <div class=\"info-teacher\">    <h2 class=\"name-teacher\"><a href=\"https:\/\/deutsch-albanische-schule.al\/de\/stafi-yne\/ledina-selaj\/\">Ledina Selaj<\/a><\/h2>    <div class=\"teacher-category\">Albanische Sprache<\/div>  <\/div><\/div><div class=\"teacher-card\">  <div class=\"photo-teacher\">    <a href=\"https:\/\/deutsch-albanische-schule.al\/de\/stafi-yne\/gresa-gjolena\/\"><img loading=\"lazy\" decoding=\"async\" width=\"264\" height=\"300\" src=\"https:\/\/deutsch-albanische-schule.al\/wp-content\/uploads\/2025\/08\/45646541212WhatsApp-Image-2025-09-03-at-6.05.57-PM-1-264x300.jpeg\" class=\"attachment-medium size-medium wp-post-image\" alt=\"\" srcset=\"https:\/\/deutsch-albanische-schule.al\/wp-content\/uploads\/2025\/08\/45646541212WhatsApp-Image-2025-09-03-at-6.05.57-PM-1-264x300.jpeg 264w, https:\/\/deutsch-albanische-schule.al\/wp-content\/uploads\/2025\/08\/45646541212WhatsApp-Image-2025-09-03-at-6.05.57-PM-1-11x12.jpeg 11w, https:\/\/deutsch-albanische-schule.al\/wp-content\/uploads\/2025\/08\/45646541212WhatsApp-Image-2025-09-03-at-6.05.57-PM-1.jpeg 696w\" sizes=\"auto, (max-width: 264px) 100vw, 264px\" \/>    <\/a>  <\/div>  <div class=\"info-teacher\">    <h2 class=\"name-teacher\"><a href=\"https:\/\/deutsch-albanische-schule.al\/de\/stafi-yne\/gresa-gjolena\/\">Gresa Gjolena<\/a><\/h2>    <div class=\"teacher-category\">Deutsch<\/div>  <\/div><\/div><div class=\"teacher-card\">  <div class=\"photo-teacher\">    <a href=\"https:\/\/deutsch-albanische-schule.al\/de\/stafi-yne\/flaviana-veseli\/\"><img loading=\"lazy\" decoding=\"async\" width=\"250\" height=\"284\" src=\"https:\/\/deutsch-albanische-schule.al\/wp-content\/uploads\/2025\/08\/Flaviana-Veseli-250x284-1.jpg\" class=\"attachment-medium size-medium wp-post-image\" alt=\"\" srcset=\"https:\/\/deutsch-albanische-schule.al\/wp-content\/uploads\/2025\/08\/Flaviana-Veseli-250x284-1.jpg 250w, https:\/\/deutsch-albanische-schule.al\/wp-content\/uploads\/2025\/08\/Flaviana-Veseli-250x284-1-11x12.jpg 11w\" sizes=\"auto, (max-width: 250px) 100vw, 250px\" \/>    <\/a>  <\/div>  <div class=\"info-teacher\">    <h2 class=\"name-teacher\"><a href=\"https:\/\/deutsch-albanische-schule.al\/de\/stafi-yne\/flaviana-veseli\/\">Flaviana Veseli<\/a><\/h2>    <div class=\"teacher-category\">Gymnasiallehrer<\/div>  <\/div><\/div><div class=\"teacher-card\">  <div class=\"photo-teacher\">    <a href=\"https:\/\/deutsch-albanische-schule.al\/de\/stafi-yne\/esat-malaj\/\"><img loading=\"lazy\" decoding=\"async\" width=\"300\" height=\"300\" src=\"https:\/\/deutsch-albanische-schule.al\/wp-content\/uploads\/2025\/08\/Esat-Malaj-768x76-1-300x300.jpeg\" class=\"attachment-medium size-medium wp-post-image\" alt=\"\" srcset=\"https:\/\/deutsch-albanische-schule.al\/wp-content\/uploads\/2025\/08\/Esat-Malaj-768x76-1-300x300.jpeg 300w, https:\/\/deutsch-albanische-schule.al\/wp-content\/uploads\/2025\/08\/Esat-Malaj-768x76-1-150x150.jpeg 150w, https:\/\/deutsch-albanische-schule.al\/wp-content\/uploads\/2025\/08\/Esat-Malaj-768x76-1-12x12.jpeg 12w, https:\/\/deutsch-albanische-schule.al\/wp-content\/uploads\/2025\/08\/Esat-Malaj-768x76-1.jpeg 768w\" sizes=\"auto, (max-width: 300px) 100vw, 300px\" \/>    <\/a>  <\/div>  <div class=\"info-teacher\">    <h2 class=\"name-teacher\"><a href=\"https:\/\/deutsch-albanische-schule.al\/de\/stafi-yne\/esat-malaj\/\">Esat Malaj<\/a><\/h2>    <div class=\"teacher-category\">NAT\u00dcRLICH<\/div>  <\/div><\/div><div class=\"teacher-card\">  <div class=\"photo-teacher\">    <a href=\"https:\/\/deutsch-albanische-schule.al\/de\/stafi-yne\/eglantina-beqaraj\/\"><img loading=\"lazy\" decoding=\"async\" width=\"225\" height=\"300\" src=\"https:\/\/deutsch-albanische-schule.al\/wp-content\/uploads\/2025\/08\/WhatsApp-Image-2025-08-14-at-11.52.06-AM-225x300.jpeg\" class=\"attachment-medium size-medium wp-post-image\" alt=\"\" srcset=\"https:\/\/deutsch-albanische-schule.al\/wp-content\/uploads\/2025\/08\/WhatsApp-Image-2025-08-14-at-11.52.06-AM-225x300.jpeg 225w, https:\/\/deutsch-albanische-schule.al\/wp-content\/uploads\/2025\/08\/WhatsApp-Image-2025-08-14-at-11.52.06-AM-768x1024.jpeg 768w, https:\/\/deutsch-albanische-schule.al\/wp-content\/uploads\/2025\/08\/WhatsApp-Image-2025-08-14-at-11.52.06-AM-1152x1536.jpeg 1152w, https:\/\/deutsch-albanische-schule.al\/wp-content\/uploads\/2025\/08\/WhatsApp-Image-2025-08-14-at-11.52.06-AM-9x12.jpeg 9w, https:\/\/deutsch-albanische-schule.al\/wp-content\/uploads\/2025\/08\/WhatsApp-Image-2025-08-14-at-11.52.06-AM.jpeg 1200w\" sizes=\"auto, (max-width: 225px) 100vw, 225px\" \/>    <\/a>  <\/div>  <div class=\"info-teacher\">    <h2 class=\"name-teacher\"><a href=\"https:\/\/deutsch-albanische-schule.al\/de\/stafi-yne\/eglantina-beqaraj\/\">Eglantina Beqaraj<\/a><\/h2>    <div class=\"teacher-category\">Biologie<\/div>  <\/div><\/div><div class=\"teacher-card\">  <div class=\"photo-teacher\">    <a href=\"https:\/\/deutsch-albanische-schule.al\/de\/stafi-yne\/dituri-malaj\/\"><img loading=\"lazy\" decoding=\"async\" width=\"300\" height=\"300\" src=\"https:\/\/deutsch-albanische-schule.al\/wp-content\/uploads\/2025\/08\/Dituri-Malaj-768x76-1-300x300.jpeg\" class=\"attachment-medium size-medium wp-post-image\" alt=\"\" srcset=\"https:\/\/deutsch-albanische-schule.al\/wp-content\/uploads\/2025\/08\/Dituri-Malaj-768x76-1-300x300.jpeg 300w, https:\/\/deutsch-albanische-schule.al\/wp-content\/uploads\/2025\/08\/Dituri-Malaj-768x76-1-150x150.jpeg 150w, https:\/\/deutsch-albanische-schule.al\/wp-content\/uploads\/2025\/08\/Dituri-Malaj-768x76-1-12x12.jpeg 12w, https:\/\/deutsch-albanische-schule.al\/wp-content\/uploads\/2025\/08\/Dituri-Malaj-768x76-1.jpeg 768w\" sizes=\"auto, (max-width: 300px) 100vw, 300px\" \/>    <\/a>  <\/div>  <div class=\"info-teacher\">    <h2 class=\"name-teacher\"><a href=\"https:\/\/deutsch-albanische-schule.al\/de\/stafi-yne\/dituri-malaj\/\">Dituri Malaj<\/a><\/h2>    <div class=\"teacher-category\">Mathematik<\/div>  <\/div><\/div><div class=\"teacher-card\">  <div class=\"photo-teacher\">    <a href=\"https:\/\/deutsch-albanische-schule.al\/de\/stafi-yne\/3153\/\"><img loading=\"lazy\" decoding=\"async\" width=\"300\" height=\"300\" src=\"https:\/\/deutsch-albanische-schule.al\/wp-content\/uploads\/2025\/08\/WhatsApp-Image-2025-04-14-at-11.15.33-AM-768x768-1-300x300.jpeg\" class=\"attachment-medium size-medium wp-post-image\" alt=\"\" srcset=\"https:\/\/deutsch-albanische-schule.al\/wp-content\/uploads\/2025\/08\/WhatsApp-Image-2025-04-14-at-11.15.33-AM-768x768-1-300x300.jpeg 300w, https:\/\/deutsch-albanische-schule.al\/wp-content\/uploads\/2025\/08\/WhatsApp-Image-2025-04-14-at-11.15.33-AM-768x768-1-150x150.jpeg 150w, https:\/\/deutsch-albanische-schule.al\/wp-content\/uploads\/2025\/08\/WhatsApp-Image-2025-04-14-at-11.15.33-AM-768x768-1-12x12.jpeg 12w, https:\/\/deutsch-albanische-schule.al\/wp-content\/uploads\/2025\/08\/WhatsApp-Image-2025-04-14-at-11.15.33-AM-768x768-1.jpeg 768w\" sizes=\"auto, (max-width: 300px) 100vw, 300px\" \/>    <\/a>  <\/div>  <div class=\"info-teacher\">    <h2 class=\"name-teacher\"><a href=\"https:\/\/deutsch-albanische-schule.al\/de\/stafi-yne\/3153\/\">Blerta Fisheku<\/a><\/h2>    <div class=\"teacher-category\">Lehrpersonal<\/div>  <\/div><\/div><div class=\"teacher-card\">  <div class=\"photo-teacher\">    <a href=\"https:\/\/deutsch-albanische-schule.al\/de\/stafi-yne\/beko-vreka\/\"><img loading=\"lazy\" decoding=\"async\" width=\"300\" height=\"300\" src=\"https:\/\/deutsch-albanische-schule.al\/wp-content\/uploads\/2025\/08\/Beko-Vreka-Shkolla-DAS-434x43-1-300x300.jpeg\" class=\"attachment-medium size-medium wp-post-image\" alt=\"\" srcset=\"https:\/\/deutsch-albanische-schule.al\/wp-content\/uploads\/2025\/08\/Beko-Vreka-Shkolla-DAS-434x43-1-300x300.jpeg 300w, https:\/\/deutsch-albanische-schule.al\/wp-content\/uploads\/2025\/08\/Beko-Vreka-Shkolla-DAS-434x43-1-150x150.jpeg 150w, https:\/\/deutsch-albanische-schule.al\/wp-content\/uploads\/2025\/08\/Beko-Vreka-Shkolla-DAS-434x43-1-12x12.jpeg 12w, https:\/\/deutsch-albanische-schule.al\/wp-content\/uploads\/2025\/08\/Beko-Vreka-Shkolla-DAS-434x43-1.jpeg 434w\" sizes=\"auto, (max-width: 300px) 100vw, 300px\" \/>    <\/a>  <\/div>  <div class=\"info-teacher\">    <h2 class=\"name-teacher\"><a href=\"https:\/\/deutsch-albanische-schule.al\/de\/stafi-yne\/beko-vreka\/\">Beko Vreka<\/a><\/h2>    <div class=\"teacher-category\">Lehrpersonal<\/div>  <\/div><\/div><div class=\"teacher-card\">  <div class=\"photo-teacher\">    <a href=\"https:\/\/deutsch-albanische-schule.al\/de\/stafi-yne\/barie-cera\/\"><img loading=\"lazy\" decoding=\"async\" width=\"300\" height=\"300\" src=\"https:\/\/deutsch-albanische-schule.al\/wp-content\/uploads\/2025\/08\/WhatsApp-Image-2024-10-31-at-10.30.36-AM-768x768-1-300x300.jpeg\" class=\"attachment-medium size-medium wp-post-image\" alt=\"\" srcset=\"https:\/\/deutsch-albanische-schule.al\/wp-content\/uploads\/2025\/08\/WhatsApp-Image-2024-10-31-at-10.30.36-AM-768x768-1-300x300.jpeg 300w, https:\/\/deutsch-albanische-schule.al\/wp-content\/uploads\/2025\/08\/WhatsApp-Image-2024-10-31-at-10.30.36-AM-768x768-1-150x150.jpeg 150w, https:\/\/deutsch-albanische-schule.al\/wp-content\/uploads\/2025\/08\/WhatsApp-Image-2024-10-31-at-10.30.36-AM-768x768-1-12x12.jpeg 12w, https:\/\/deutsch-albanische-schule.al\/wp-content\/uploads\/2025\/08\/WhatsApp-Image-2024-10-31-at-10.30.36-AM-768x768-1.jpeg 768w\" sizes=\"auto, (max-width: 300px) 100vw, 300px\" \/>    <\/a>  <\/div>  <div class=\"info-teacher\">    <h2 class=\"name-teacher\"><a href=\"https:\/\/deutsch-albanische-schule.al\/de\/stafi-yne\/barie-cera\/\">Barie Cera<\/a><\/h2>    <div class=\"teacher-category\">Lehrpersonal<\/div>  <\/div><\/div><div class=\"teacher-card\">  <div class=\"photo-teacher\">    <a href=\"https:\/\/deutsch-albanische-schule.al\/de\/stafi-yne\/anisa-trebina\/\"><img loading=\"lazy\" decoding=\"async\" width=\"300\" height=\"300\" src=\"https:\/\/deutsch-albanische-schule.al\/wp-content\/uploads\/2025\/08\/WhatsApp-Image-2024-06-03-at-10.46.30-768x768-1-300x300.jpeg\" class=\"attachment-medium size-medium wp-post-image\" alt=\"\" srcset=\"https:\/\/deutsch-albanische-schule.al\/wp-content\/uploads\/2025\/08\/WhatsApp-Image-2024-06-03-at-10.46.30-768x768-1-300x300.jpeg 300w, https:\/\/deutsch-albanische-schule.al\/wp-content\/uploads\/2025\/08\/WhatsApp-Image-2024-06-03-at-10.46.30-768x768-1-150x150.jpeg 150w, https:\/\/deutsch-albanische-schule.al\/wp-content\/uploads\/2025\/08\/WhatsApp-Image-2024-06-03-at-10.46.30-768x768-1-12x12.jpeg 12w, https:\/\/deutsch-albanische-schule.al\/wp-content\/uploads\/2025\/08\/WhatsApp-Image-2024-06-03-at-10.46.30-768x768-1.jpeg 768w\" sizes=\"auto, (max-width: 300px) 100vw, 300px\" \/>    <\/a>  <\/div>  <div class=\"info-teacher\">    <h2 class=\"name-teacher\"><a href=\"https:\/\/deutsch-albanische-schule.al\/de\/stafi-yne\/anisa-trebina\/\">Anisa Trebina<\/a><\/h2>    <div class=\"teacher-category\">Lehrer\/in der Sekundarstufe I<\/div>  <\/div><\/div><div class=\"teacher-card\">  <div class=\"photo-teacher\">    <a href=\"https:\/\/deutsch-albanische-schule.al\/de\/stafi-yne\/anila-doku\/\"><img loading=\"lazy\" decoding=\"async\" width=\"281\" height=\"300\" src=\"https:\/\/deutsch-albanische-schule.al\/wp-content\/uploads\/2025\/08\/Anila-Doku-720x768-1-281x300.jpg\" class=\"attachment-medium size-medium wp-post-image\" alt=\"\" srcset=\"https:\/\/deutsch-albanische-schule.al\/wp-content\/uploads\/2025\/08\/Anila-Doku-720x768-1-281x300.jpg 281w, https:\/\/deutsch-albanische-schule.al\/wp-content\/uploads\/2025\/08\/Anila-Doku-720x768-1-11x12.jpg 11w, https:\/\/deutsch-albanische-schule.al\/wp-content\/uploads\/2025\/08\/Anila-Doku-720x768-1.jpg 720w\" sizes=\"auto, (max-width: 281px) 100vw, 281px\" \/>    <\/a>  <\/div>  <div class=\"info-teacher\">    <h2 class=\"name-teacher\"><a href=\"https:\/\/deutsch-albanische-schule.al\/de\/stafi-yne\/anila-doku\/\">Anila Doku<\/a><\/h2>    <div class=\"teacher-category\">Kunstlehrer<\/div>  <\/div><\/div><div class=\"teacher-card\">  <div class=\"photo-teacher\">    <a href=\"https:\/\/deutsch-albanische-schule.al\/de\/stafi-yne\/altina-kullolli\/\"><img loading=\"lazy\" decoding=\"async\" width=\"281\" height=\"300\" src=\"https:\/\/deutsch-albanische-schule.al\/wp-content\/uploads\/2025\/08\/DAS-Altina-Kullolli-720x768-1-281x300.jpg\" class=\"attachment-medium size-medium wp-post-image\" alt=\"\" srcset=\"https:\/\/deutsch-albanische-schule.al\/wp-content\/uploads\/2025\/08\/DAS-Altina-Kullolli-720x768-1-281x300.jpg 281w, https:\/\/deutsch-albanische-schule.al\/wp-content\/uploads\/2025\/08\/DAS-Altina-Kullolli-720x768-1-11x12.jpg 11w, https:\/\/deutsch-albanische-schule.al\/wp-content\/uploads\/2025\/08\/DAS-Altina-Kullolli-720x768-1.jpg 720w\" sizes=\"auto, (max-width: 281px) 100vw, 281px\" \/>    <\/a>  <\/div>  <div class=\"info-teacher\">    <h2 class=\"name-teacher\"><a href=\"https:\/\/deutsch-albanische-schule.al\/de\/stafi-yne\/altina-kullolli\/\">Altina Kullolli<\/a><\/h2>    <div class=\"teacher-category\">Vorschule<\/div>  <\/div><\/div><div class=\"teacher-card\">  <div class=\"photo-teacher\">    <a href=\"https:\/\/deutsch-albanische-schule.al\/de\/stafi-yne\/alma-berberi\/\"><img loading=\"lazy\" decoding=\"async\" width=\"219\" height=\"300\" src=\"https:\/\/deutsch-albanische-schule.al\/wp-content\/uploads\/2025\/08\/Alma-Berberi-Mesuese-ne-Deutsch-Albanische-Schule-539x737-1-219x300.jpg\" class=\"attachment-medium size-medium wp-post-image\" alt=\"\" srcset=\"https:\/\/deutsch-albanische-schule.al\/wp-content\/uploads\/2025\/08\/Alma-Berberi-Mesuese-ne-Deutsch-Albanische-Schule-539x737-1-219x300.jpg 219w, https:\/\/deutsch-albanische-schule.al\/wp-content\/uploads\/2025\/08\/Alma-Berberi-Mesuese-ne-Deutsch-Albanische-Schule-539x737-1-9x12.jpg 9w, https:\/\/deutsch-albanische-schule.al\/wp-content\/uploads\/2025\/08\/Alma-Berberi-Mesuese-ne-Deutsch-Albanische-Schule-539x737-1.jpg 539w\" sizes=\"auto, (max-width: 219px) 100vw, 219px\" \/>    <\/a>  <\/div>  <div class=\"info-teacher\">    <h2 class=\"name-teacher\"><a href=\"https:\/\/deutsch-albanische-schule.al\/de\/stafi-yne\/alma-berberi\/\">Alma Berberi<\/a><\/h2>    <div class=\"teacher-category\">Albanische Sprache<\/div>  <\/div><\/div><div class=\"teacher-card\">  <div class=\"photo-teacher\">    <a href=\"https:\/\/deutsch-albanische-schule.al\/de\/stafi-yne\/diana-morina\/\"><img loading=\"lazy\" decoding=\"async\" width=\"300\" height=\"265\" src=\"https:\/\/deutsch-albanische-schule.al\/wp-content\/uploads\/2026\/02\/WhatsApp-Image-2026-02-25-at-1.44.01-PM-300x265.jpeg\" class=\"attachment-medium size-medium wp-post-image\" alt=\"\" srcset=\"https:\/\/deutsch-albanische-schule.al\/wp-content\/uploads\/2026\/02\/WhatsApp-Image-2026-02-25-at-1.44.01-PM-300x265.jpeg 300w, https:\/\/deutsch-albanische-schule.al\/wp-content\/uploads\/2026\/02\/WhatsApp-Image-2026-02-25-at-1.44.01-PM-1024x904.jpeg 1024w, https:\/\/deutsch-albanische-schule.al\/wp-content\/uploads\/2026\/02\/WhatsApp-Image-2026-02-25-at-1.44.01-PM-768x678.jpeg 768w, https:\/\/deutsch-albanische-schule.al\/wp-content\/uploads\/2026\/02\/WhatsApp-Image-2026-02-25-at-1.44.01-PM-14x12.jpeg 14w, https:\/\/deutsch-albanische-schule.al\/wp-content\/uploads\/2026\/02\/WhatsApp-Image-2026-02-25-at-1.44.01-PM.jpeg 1284w\" sizes=\"auto, (max-width: 300px) 100vw, 300px\" \/>    <\/a>  <\/div>  <div class=\"info-teacher\">    <h2 class=\"name-teacher\"><a href=\"https:\/\/deutsch-albanische-schule.al\/de\/stafi-yne\/diana-morina\/\">Diana Morina<\/a><\/h2>    <div class=\"teacher-category\">Deutsch<\/div>  <\/div><\/div><div class=\"teacher-card\">  <div class=\"photo-teacher\">    <a href=\"https:\/\/deutsch-albanische-schule.al\/de\/stafi-yne\/hendrik-schaefer-2\/\"><img loading=\"lazy\" decoding=\"async\" width=\"300\" height=\"300\" src=\"https:\/\/deutsch-albanische-schule.al\/wp-content\/uploads\/2025\/07\/08545fed1939c8de0b2c147f964f2701050b13a7-300x300.jpg\" class=\"attachment-medium size-medium wp-post-image\" alt=\"\" srcset=\"https:\/\/deutsch-albanische-schule.al\/wp-content\/uploads\/2025\/07\/08545fed1939c8de0b2c147f964f2701050b13a7-300x300.jpg 300w, https:\/\/deutsch-albanische-schule.al\/wp-content\/uploads\/2025\/07\/08545fed1939c8de0b2c147f964f2701050b13a7-150x150.jpg 150w, https:\/\/deutsch-albanische-schule.al\/wp-content\/uploads\/2025\/07\/08545fed1939c8de0b2c147f964f2701050b13a7.jpg 420w\" sizes=\"auto, (max-width: 300px) 100vw, 300px\" \/>    <\/a>  <\/div>  <div class=\"info-teacher\">    <h2 class=\"name-teacher\"><a href=\"https:\/\/deutsch-albanische-schule.al\/de\/stafi-yne\/hendrik-schaefer-2\/\">Hendrik Schaefer<\/a><\/h2>    <div class=\"teacher-category\">Leiter der deutschen Abteilung<\/div>  <\/div><\/div><div class=\"teacher-card\">  <div class=\"photo-teacher\">    <a href=\"https:\/\/deutsch-albanische-schule.al\/de\/stafi-yne\/orjona-aliaj\/\"><img loading=\"lazy\" decoding=\"async\" width=\"300\" height=\"300\" src=\"https:\/\/deutsch-albanische-schule.al\/wp-content\/uploads\/2025\/08\/fdgfgfDeutsch-Albanische-Schule-Tirana-Orjona-Aliaj-420x420-1-300x300.jpg\" class=\"attachment-medium size-medium wp-post-image\" alt=\"\" srcset=\"https:\/\/deutsch-albanische-schule.al\/wp-content\/uploads\/2025\/08\/fdgfgfDeutsch-Albanische-Schule-Tirana-Orjona-Aliaj-420x420-1-300x300.jpg 300w, https:\/\/deutsch-albanische-schule.al\/wp-content\/uploads\/2025\/08\/fdgfgfDeutsch-Albanische-Schule-Tirana-Orjona-Aliaj-420x420-1-150x150.jpg 150w, https:\/\/deutsch-albanische-schule.al\/wp-content\/uploads\/2025\/08\/fdgfgfDeutsch-Albanische-Schule-Tirana-Orjona-Aliaj-420x420-1-12x12.jpg 12w, https:\/\/deutsch-albanische-schule.al\/wp-content\/uploads\/2025\/08\/fdgfgfDeutsch-Albanische-Schule-Tirana-Orjona-Aliaj-420x420-1.jpg 420w\" sizes=\"auto, (max-width: 300px) 100vw, 300px\" \/>    <\/a>  <\/div>  <div class=\"info-teacher\">    <h2 class=\"name-teacher\"><a href=\"https:\/\/deutsch-albanische-schule.al\/de\/stafi-yne\/orjona-aliaj\/\">Orjona Aliaj<\/a><\/h2>    <div class=\"teacher-category\">Schulleiter<\/div>  <\/div><\/div><div class=\"teacher-card\">  <div class=\"photo-teacher\">    <a href=\"https:\/\/deutsch-albanische-schule.al\/de\/stafi-yne\/guido-goser\/\"><img loading=\"lazy\" decoding=\"async\" width=\"300\" height=\"283\" src=\"https:\/\/deutsch-albanische-schule.al\/wp-content\/uploads\/2025\/08\/Rectangle-119-300x283.png\" class=\"attachment-medium size-medium wp-post-image\" alt=\"\" srcset=\"https:\/\/deutsch-albanische-schule.al\/wp-content\/uploads\/2025\/08\/Rectangle-119-300x283.png 300w, https:\/\/deutsch-albanische-schule.al\/wp-content\/uploads\/2025\/08\/Rectangle-119.png 319w\" sizes=\"auto, (max-width: 300px) 100vw, 300px\" \/>    <\/a>  <\/div>  <div class=\"info-teacher\">    <h2 class=\"name-teacher\"><a href=\"https:\/\/deutsch-albanische-schule.al\/de\/stafi-yne\/guido-goser\/\">Guido G\u00f6ser<\/a><\/h2>    <div class=\"teacher-category\">Direktor<\/div>  <\/div><\/div><div class=\"teacher-card\">  <div class=\"photo-teacher\">    <a href=\"https:\/\/deutsch-albanische-schule.al\/de\/stafi-yne\/petrina-blushi-mataj\/\"><img loading=\"lazy\" decoding=\"async\" width=\"298\" height=\"300\" src=\"https:\/\/deutsch-albanische-schule.al\/wp-content\/uploads\/2025\/08\/Rectangle-124-298x300.png\" class=\"attachment-medium size-medium wp-post-image\" alt=\"\" srcset=\"https:\/\/deutsch-albanische-schule.al\/wp-content\/uploads\/2025\/08\/Rectangle-124-298x300.png 298w, https:\/\/deutsch-albanische-schule.al\/wp-content\/uploads\/2025\/08\/Rectangle-124-150x150.png 150w, https:\/\/deutsch-albanische-schule.al\/wp-content\/uploads\/2025\/08\/Rectangle-124.png 374w\" sizes=\"auto, (max-width: 298px) 100vw, 298px\" \/>    <\/a>  <\/div>  <div class=\"info-teacher\">    <h2 class=\"name-teacher\"><a href=\"https:\/\/deutsch-albanische-schule.al\/de\/stafi-yne\/petrina-blushi-mataj\/\">Petrina Blushi (Mataj)<\/a><\/h2>    <div class=\"teacher-category\">Gesch\u00e4ftsf\u00fchrerin<\/div>  <\/div><\/div><div class=\"teacher-card\">  <div class=\"photo-teacher\">    <a href=\"https:\/\/deutsch-albanische-schule.al\/de\/stafi-yne\/ela-hoxhallari\/\"><img loading=\"lazy\" decoding=\"async\" width=\"300\" height=\"300\" src=\"https:\/\/deutsch-albanische-schule.al\/wp-content\/uploads\/2025\/08\/DAST-Ela-Hoxhallari-768x768-1-300x300.jpeg\" class=\"attachment-medium size-medium wp-post-image\" alt=\"\" srcset=\"https:\/\/deutsch-albanische-schule.al\/wp-content\/uploads\/2025\/08\/DAST-Ela-Hoxhallari-768x768-1-300x300.jpeg 300w, https:\/\/deutsch-albanische-schule.al\/wp-content\/uploads\/2025\/08\/DAST-Ela-Hoxhallari-768x768-1-150x150.jpeg 150w, https:\/\/deutsch-albanische-schule.al\/wp-content\/uploads\/2025\/08\/DAST-Ela-Hoxhallari-768x768-1.jpeg 768w\" sizes=\"auto, (max-width: 300px) 100vw, 300px\" \/>    <\/a>  <\/div>  <div class=\"info-teacher\">    <h2 class=\"name-teacher\"><a href=\"https:\/\/deutsch-albanische-schule.al\/de\/stafi-yne\/ela-hoxhallari\/\">Ela Hoxhallari<\/a><\/h2>    <div class=\"teacher-category\">Vorschule<\/div>  <\/div><\/div><div class=\"teacher-card\">  <div class=\"photo-teacher\">    <a href=\"https:\/\/deutsch-albanische-schule.al\/de\/stafi-yne\/gerta-mucaj\/\"><img loading=\"lazy\" decoding=\"async\" width=\"300\" height=\"300\" src=\"https:\/\/deutsch-albanische-schule.al\/wp-content\/uploads\/2025\/08\/Gerta-Mucaj-768x768-1-300x300.jpeg\" class=\"attachment-medium size-medium wp-post-image\" alt=\"\" srcset=\"https:\/\/deutsch-albanische-schule.al\/wp-content\/uploads\/2025\/08\/Gerta-Mucaj-768x768-1-300x300.jpeg 300w, https:\/\/deutsch-albanische-schule.al\/wp-content\/uploads\/2025\/08\/Gerta-Mucaj-768x768-1-150x150.jpeg 150w, https:\/\/deutsch-albanische-schule.al\/wp-content\/uploads\/2025\/08\/Gerta-Mucaj-768x768-1.jpeg 768w\" sizes=\"auto, (max-width: 300px) 100vw, 300px\" \/>    <\/a>  <\/div>  <div class=\"info-teacher\">    <h2 class=\"name-teacher\"><a href=\"https:\/\/deutsch-albanische-schule.al\/de\/stafi-yne\/gerta-mucaj\/\">Gerta Mu\u00e7aj<\/a><\/h2>    <div class=\"teacher-category\">Lehrpersonal<\/div>  <\/div><\/div><div class=\"teacher-card\">  <div class=\"photo-teacher\">    <a href=\"https:\/\/deutsch-albanische-schule.al\/de\/stafi-yne\/ygerso-bahja\/\"><img loading=\"lazy\" decoding=\"async\" width=\"300\" height=\"300\" src=\"https:\/\/deutsch-albanische-schule.al\/wp-content\/uploads\/2025\/09\/WhatsApp-Image-2025-09-30-at-2.42.28-PM-300x300.jpeg\" class=\"attachment-medium size-medium wp-post-image\" alt=\"\" srcset=\"https:\/\/deutsch-albanische-schule.al\/wp-content\/uploads\/2025\/09\/WhatsApp-Image-2025-09-30-at-2.42.28-PM-300x300.jpeg 300w, https:\/\/deutsch-albanische-schule.al\/wp-content\/uploads\/2025\/09\/WhatsApp-Image-2025-09-30-at-2.42.28-PM-150x150.jpeg 150w, https:\/\/deutsch-albanische-schule.al\/wp-content\/uploads\/2025\/09\/WhatsApp-Image-2025-09-30-at-2.42.28-PM-12x12.jpeg 12w, https:\/\/deutsch-albanische-schule.al\/wp-content\/uploads\/2025\/09\/WhatsApp-Image-2025-09-30-at-2.42.28-PM.jpeg 660w\" sizes=\"auto, (max-width: 300px) 100vw, 300px\" \/>    <\/a>  <\/div>  <div class=\"info-teacher\">    <h2 class=\"name-teacher\"><a href=\"https:\/\/deutsch-albanische-schule.al\/de\/stafi-yne\/ygerso-bahja\/\">Ygerso Bahja<\/a><\/h2>    <div class=\"teacher-category\">Musikp\u00e4dagogik<\/div>  <\/div><\/div><div class=\"teacher-card\">  <div class=\"photo-teacher\">    <a href=\"https:\/\/deutsch-albanische-schule.al\/de\/stafi-yne\/mathilde\/\"><img loading=\"lazy\" decoding=\"async\" width=\"254\" height=\"300\" src=\"https:\/\/deutsch-albanische-schule.al\/wp-content\/uploads\/2025\/09\/WhatsApp-Image-2025-09-04-at-3.49.08-PM-254x300.jpeg\" class=\"attachment-medium size-medium wp-post-image\" alt=\"\" srcset=\"https:\/\/deutsch-albanische-schule.al\/wp-content\/uploads\/2025\/09\/WhatsApp-Image-2025-09-04-at-3.49.08-PM-254x300.jpeg 254w, https:\/\/deutsch-albanische-schule.al\/wp-content\/uploads\/2025\/09\/WhatsApp-Image-2025-09-04-at-3.49.08-PM-768x909.jpeg 768w, https:\/\/deutsch-albanische-schule.al\/wp-content\/uploads\/2025\/09\/WhatsApp-Image-2025-09-04-at-3.49.08-PM-10x12.jpeg 10w, https:\/\/deutsch-albanische-schule.al\/wp-content\/uploads\/2025\/09\/WhatsApp-Image-2025-09-04-at-3.49.08-PM.jpeg 852w\" sizes=\"auto, (max-width: 254px) 100vw, 254px\" \/>    <\/a>  <\/div>  <div class=\"info-teacher\">    <h2 class=\"name-teacher\"><a href=\"https:\/\/deutsch-albanische-schule.al\/de\/stafi-yne\/mathilde\/\">Mathilde<\/a><\/h2>    <div class=\"teacher-category\">Deutsch<\/div>  <\/div><\/div><div class=\"teacher-card\">  <div class=\"photo-teacher\">    <a href=\"https:\/\/deutsch-albanische-schule.al\/de\/stafi-yne\/juri\/\"><img loading=\"lazy\" decoding=\"async\" width=\"228\" height=\"300\" src=\"https:\/\/deutsch-albanische-schule.al\/wp-content\/uploads\/2025\/09\/hjhjhjWhatsApp-Image-2025-09-04-at-3.47.46-PM-228x300.jpeg\" class=\"attachment-medium size-medium wp-post-image\" alt=\"\" srcset=\"https:\/\/deutsch-albanische-schule.al\/wp-content\/uploads\/2025\/09\/hjhjhjWhatsApp-Image-2025-09-04-at-3.47.46-PM-228x300.jpeg 228w, https:\/\/deutsch-albanische-schule.al\/wp-content\/uploads\/2025\/09\/hjhjhjWhatsApp-Image-2025-09-04-at-3.47.46-PM-9x12.jpeg 9w, https:\/\/deutsch-albanische-schule.al\/wp-content\/uploads\/2025\/09\/hjhjhjWhatsApp-Image-2025-09-04-at-3.47.46-PM.jpeg 560w\" sizes=\"auto, (max-width: 228px) 100vw, 228px\" \/>    <\/a>  <\/div>  <div class=\"info-teacher\">    <h2 class=\"name-teacher\"><a href=\"https:\/\/deutsch-albanische-schule.al\/de\/stafi-yne\/juri\/\">Juri<\/a><\/h2>    <div class=\"teacher-category\">Deutsch<\/div>  <\/div><\/div><div class=\"teacher-card\">  <div class=\"photo-teacher\">    <a href=\"https:\/\/deutsch-albanische-schule.al\/de\/stafi-yne\/johanna\/\"><img loading=\"lazy\" decoding=\"async\" width=\"223\" height=\"300\" src=\"https:\/\/deutsch-albanische-schule.al\/wp-content\/uploads\/2025\/09\/ghfghWhatsApp-Image-2025-09-04-at-3.45.54-PM-223x300.jpeg\" class=\"attachment-medium size-medium wp-post-image\" alt=\"\" srcset=\"https:\/\/deutsch-albanische-schule.al\/wp-content\/uploads\/2025\/09\/ghfghWhatsApp-Image-2025-09-04-at-3.45.54-PM-223x300.jpeg 223w, https:\/\/deutsch-albanische-schule.al\/wp-content\/uploads\/2025\/09\/ghfghWhatsApp-Image-2025-09-04-at-3.45.54-PM-761x1024.jpeg 761w, https:\/\/deutsch-albanische-schule.al\/wp-content\/uploads\/2025\/09\/ghfghWhatsApp-Image-2025-09-04-at-3.45.54-PM-768x1034.jpeg 768w, https:\/\/deutsch-albanische-schule.al\/wp-content\/uploads\/2025\/09\/ghfghWhatsApp-Image-2025-09-04-at-3.45.54-PM-9x12.jpeg 9w, https:\/\/deutsch-albanische-schule.al\/wp-content\/uploads\/2025\/09\/ghfghWhatsApp-Image-2025-09-04-at-3.45.54-PM.jpeg 853w\" sizes=\"auto, (max-width: 223px) 100vw, 223px\" \/>    <\/a>  <\/div>  <div class=\"info-teacher\">    <h2 class=\"name-teacher\"><a href=\"https:\/\/deutsch-albanische-schule.al\/de\/stafi-yne\/johanna\/\">Johanna<\/a><\/h2>    <div class=\"teacher-category\">Deutsch<\/div>  <\/div><\/div><div class=\"teacher-card\">  <div class=\"photo-teacher\">    <a href=\"https:\/\/deutsch-albanische-schule.al\/de\/stafi-yne\/armina-berberi\/\"><img loading=\"lazy\" decoding=\"async\" width=\"188\" height=\"300\" src=\"https:\/\/deutsch-albanische-schule.al\/wp-content\/uploads\/2025\/09\/hghWhatsApp-Image-2025-09-04-at-1.14.08-PM-188x300.jpeg\" class=\"attachment-medium size-medium wp-post-image\" alt=\"\" srcset=\"https:\/\/deutsch-albanische-schule.al\/wp-content\/uploads\/2025\/09\/hghWhatsApp-Image-2025-09-04-at-1.14.08-PM-188x300.jpeg 188w, https:\/\/deutsch-albanische-schule.al\/wp-content\/uploads\/2025\/09\/hghWhatsApp-Image-2025-09-04-at-1.14.08-PM-8x12.jpeg 8w, https:\/\/deutsch-albanische-schule.al\/wp-content\/uploads\/2025\/09\/hghWhatsApp-Image-2025-09-04-at-1.14.08-PM.jpeg 641w\" sizes=\"auto, (max-width: 188px) 100vw, 188px\" \/>    <\/a>  <\/div>  <div class=\"info-teacher\">    <h2 class=\"name-teacher\"><a href=\"https:\/\/deutsch-albanische-schule.al\/de\/stafi-yne\/armina-berberi\/\">Armina Berberi<\/a><\/h2>    <div class=\"teacher-category\">Lehrpersonal<\/div>  <\/div><\/div><div class=\"teacher-card\">  <div class=\"photo-teacher\">    <a href=\"https:\/\/deutsch-albanische-schule.al\/de\/stafi-yne\/jonida-shingjergji\/\"><img loading=\"lazy\" decoding=\"async\" width=\"225\" height=\"300\" src=\"https:\/\/deutsch-albanische-schule.al\/wp-content\/uploads\/2025\/09\/WhatsApp-Image-2025-09-03-at-6.03.28-PM-225x300.jpeg\" class=\"attachment-medium size-medium wp-post-image\" alt=\"\" srcset=\"https:\/\/deutsch-albanische-schule.al\/wp-content\/uploads\/2025\/09\/WhatsApp-Image-2025-09-03-at-6.03.28-PM-225x300.jpeg 225w, https:\/\/deutsch-albanische-schule.al\/wp-content\/uploads\/2025\/09\/WhatsApp-Image-2025-09-03-at-6.03.28-PM-768x1024.jpeg 768w, https:\/\/deutsch-albanische-schule.al\/wp-content\/uploads\/2025\/09\/WhatsApp-Image-2025-09-03-at-6.03.28-PM-1152x1536.jpeg 1152w, https:\/\/deutsch-albanische-schule.al\/wp-content\/uploads\/2025\/09\/WhatsApp-Image-2025-09-03-at-6.03.28-PM-9x12.jpeg 9w, https:\/\/deutsch-albanische-schule.al\/wp-content\/uploads\/2025\/09\/WhatsApp-Image-2025-09-03-at-6.03.28-PM.jpeg 1200w\" sizes=\"auto, (max-width: 225px) 100vw, 225px\" \/>    <\/a>  <\/div>  <div class=\"info-teacher\">    <h2 class=\"name-teacher\"><a href=\"https:\/\/deutsch-albanische-schule.al\/de\/stafi-yne\/jonida-shingjergji\/\">Jonida Shingjergji<\/a><\/h2>    <div class=\"teacher-category\">Deutsch<\/div>  <\/div><\/div><div class=\"teacher-card\">  <div class=\"photo-teacher\">    <a href=\"https:\/\/deutsch-albanische-schule.al\/de\/stafi-yne\/vojsava-ago\/\"><img loading=\"lazy\" decoding=\"async\" width=\"207\" height=\"300\" src=\"https:\/\/deutsch-albanische-schule.al\/wp-content\/uploads\/2025\/09\/WhatsApp-Image-2025-09-03-at-12.08.30-PM-207x300.jpeg\" class=\"attachment-medium size-medium wp-post-image\" alt=\"\" srcset=\"https:\/\/deutsch-albanische-schule.al\/wp-content\/uploads\/2025\/09\/WhatsApp-Image-2025-09-03-at-12.08.30-PM-207x300.jpeg 207w, https:\/\/deutsch-albanische-schule.al\/wp-content\/uploads\/2025\/09\/WhatsApp-Image-2025-09-03-at-12.08.30-PM-708x1024.jpeg 708w, https:\/\/deutsch-albanische-schule.al\/wp-content\/uploads\/2025\/09\/WhatsApp-Image-2025-09-03-at-12.08.30-PM-768x1111.jpeg 768w, https:\/\/deutsch-albanische-schule.al\/wp-content\/uploads\/2025\/09\/WhatsApp-Image-2025-09-03-at-12.08.30-PM-8x12.jpeg 8w, https:\/\/deutsch-albanische-schule.al\/wp-content\/uploads\/2025\/09\/WhatsApp-Image-2025-09-03-at-12.08.30-PM.jpeg 899w\" sizes=\"auto, (max-width: 207px) 100vw, 207px\" \/>    <\/a>  <\/div>  <div class=\"info-teacher\">    <h2 class=\"name-teacher\"><a href=\"https:\/\/deutsch-albanische-schule.al\/de\/stafi-yne\/vojsava-ago\/\">Vojsava Ago<\/a><\/h2>    <div class=\"teacher-category\">Wirtschaft<\/div>  <\/div><\/div><div class=\"teacher-card\">  <div class=\"photo-teacher\">    <a href=\"https:\/\/deutsch-albanische-schule.al\/de\/stafi-yne\/elvana-milo\/\"><img loading=\"lazy\" decoding=\"async\" width=\"300\" height=\"198\" src=\"https:\/\/deutsch-albanische-schule.al\/wp-content\/uploads\/2025\/09\/WhatsApp-Image-2025-09-03-at-11.25.22-AM-300x198.jpeg\" class=\"attachment-medium size-medium wp-post-image\" alt=\"\" srcset=\"https:\/\/deutsch-albanische-schule.al\/wp-content\/uploads\/2025\/09\/WhatsApp-Image-2025-09-03-at-11.25.22-AM-300x198.jpeg 300w, https:\/\/deutsch-albanische-schule.al\/wp-content\/uploads\/2025\/09\/WhatsApp-Image-2025-09-03-at-11.25.22-AM-1024x675.jpeg 1024w, https:\/\/deutsch-albanische-schule.al\/wp-content\/uploads\/2025\/09\/WhatsApp-Image-2025-09-03-at-11.25.22-AM-768x506.jpeg 768w, https:\/\/deutsch-albanische-schule.al\/wp-content\/uploads\/2025\/09\/WhatsApp-Image-2025-09-03-at-11.25.22-AM-18x12.jpeg 18w, https:\/\/deutsch-albanische-schule.al\/wp-content\/uploads\/2025\/09\/WhatsApp-Image-2025-09-03-at-11.25.22-AM.jpeg 1080w\" sizes=\"auto, (max-width: 300px) 100vw, 300px\" \/>    <\/a>  <\/div>  <div class=\"info-teacher\">    <h2 class=\"name-teacher\"><a href=\"https:\/\/deutsch-albanische-schule.al\/de\/stafi-yne\/elvana-milo\/\">Elvana Milo<\/a><\/h2>    <div class=\"teacher-category\">Chemie<\/div>  <\/div><\/div><div class=\"teacher-card\">  <div class=\"photo-teacher\">    <a href=\"https:\/\/deutsch-albanische-schule.al\/de\/stafi-yne\/yllka-dedja\/\"><img loading=\"lazy\" decoding=\"async\" width=\"300\" height=\"281\" src=\"https:\/\/deutsch-albanische-schule.al\/wp-content\/uploads\/2025\/09\/54154WhatsApp-Image-2025-09-03-at-8.44.30-AM-300x281.jpeg\" class=\"attachment-medium size-medium wp-post-image\" alt=\"\" srcset=\"https:\/\/deutsch-albanische-schule.al\/wp-content\/uploads\/2025\/09\/54154WhatsApp-Image-2025-09-03-at-8.44.30-AM-300x281.jpeg 300w, https:\/\/deutsch-albanische-schule.al\/wp-content\/uploads\/2025\/09\/54154WhatsApp-Image-2025-09-03-at-8.44.30-AM-1024x960.jpeg 1024w, https:\/\/deutsch-albanische-schule.al\/wp-content\/uploads\/2025\/09\/54154WhatsApp-Image-2025-09-03-at-8.44.30-AM-768x720.jpeg 768w, https:\/\/deutsch-albanische-schule.al\/wp-content\/uploads\/2025\/09\/54154WhatsApp-Image-2025-09-03-at-8.44.30-AM-13x12.jpeg 13w, https:\/\/deutsch-albanische-schule.al\/wp-content\/uploads\/2025\/09\/54154WhatsApp-Image-2025-09-03-at-8.44.30-AM.jpeg 1240w\" sizes=\"auto, (max-width: 300px) 100vw, 300px\" \/>    <\/a>  <\/div>  <div class=\"info-teacher\">    <h2 class=\"name-teacher\"><a href=\"https:\/\/deutsch-albanische-schule.al\/de\/stafi-yne\/yllka-dedja\/\">Yllka Dedja<\/a><\/h2>    <div class=\"teacher-category\">Grundschullehrer<\/div>  <\/div><\/div><div class=\"teacher-card\">  <div class=\"photo-teacher\">    <a href=\"https:\/\/deutsch-albanische-schule.al\/de\/stafi-yne\/sanie-xhaja\/\"><img loading=\"lazy\" decoding=\"async\" width=\"207\" height=\"300\" src=\"https:\/\/deutsch-albanische-schule.al\/wp-content\/uploads\/2025\/09\/WhatsApp-Image-2025-09-02-at-2.28.37-PM-207x300.jpeg\" class=\"attachment-medium size-medium wp-post-image\" alt=\"\" srcset=\"https:\/\/deutsch-albanische-schule.al\/wp-content\/uploads\/2025\/09\/WhatsApp-Image-2025-09-02-at-2.28.37-PM-207x300.jpeg 207w, https:\/\/deutsch-albanische-schule.al\/wp-content\/uploads\/2025\/09\/WhatsApp-Image-2025-09-02-at-2.28.37-PM-8x12.jpeg 8w, https:\/\/deutsch-albanische-schule.al\/wp-content\/uploads\/2025\/09\/WhatsApp-Image-2025-09-02-at-2.28.37-PM.jpeg 613w\" sizes=\"auto, (max-width: 207px) 100vw, 207px\" \/>    <\/a>  <\/div>  <div class=\"info-teacher\">    <h2 class=\"name-teacher\"><a href=\"https:\/\/deutsch-albanische-schule.al\/de\/stafi-yne\/sanie-xhaja\/\">Sanie Xhaja<\/a><\/h2>    <div class=\"teacher-category\">Sportunterricht<\/div>  <\/div><\/div><div class=\"teacher-card\">  <div class=\"photo-teacher\">    <a href=\"https:\/\/deutsch-albanische-schule.al\/de\/stafi-yne\/ferdinant-gjypi\/\"><img loading=\"lazy\" decoding=\"async\" width=\"274\" height=\"300\" src=\"https:\/\/deutsch-albanische-schule.al\/wp-content\/uploads\/2025\/09\/WhatsApp-Image-2025-09-02-at-2.20.00-PM-274x300.jpeg\" class=\"attachment-medium size-medium wp-post-image\" alt=\"\" srcset=\"https:\/\/deutsch-albanische-schule.al\/wp-content\/uploads\/2025\/09\/WhatsApp-Image-2025-09-02-at-2.20.00-PM-274x300.jpeg 274w, https:\/\/deutsch-albanische-schule.al\/wp-content\/uploads\/2025\/09\/WhatsApp-Image-2025-09-02-at-2.20.00-PM-11x12.jpeg 11w, https:\/\/deutsch-albanische-schule.al\/wp-content\/uploads\/2025\/09\/WhatsApp-Image-2025-09-02-at-2.20.00-PM.jpeg 750w\" sizes=\"auto, (max-width: 274px) 100vw, 274px\" \/>    <\/a>  <\/div>  <div class=\"info-teacher\">    <h2 class=\"name-teacher\"><a href=\"https:\/\/deutsch-albanische-schule.al\/de\/stafi-yne\/ferdinant-gjypi\/\">Ferdinant Gjypi<\/a><\/h2>    <div class=\"teacher-category\">Sportunterricht<\/div>  <\/div><\/div><div class=\"teacher-card\">  <div class=\"photo-teacher\">    <a href=\"https:\/\/deutsch-albanische-schule.al\/de\/stafi-yne\/emili\/\"><img loading=\"lazy\" decoding=\"async\" width=\"272\" height=\"300\" src=\"https:\/\/deutsch-albanische-schule.al\/wp-content\/uploads\/2025\/09\/WhatsApp-Image-2025-09-02-at-2.19.03-PM-272x300.jpeg\" class=\"attachment-medium size-medium wp-post-image\" alt=\"\" srcset=\"https:\/\/deutsch-albanische-schule.al\/wp-content\/uploads\/2025\/09\/WhatsApp-Image-2025-09-02-at-2.19.03-PM-272x300.jpeg 272w, https:\/\/deutsch-albanische-schule.al\/wp-content\/uploads\/2025\/09\/WhatsApp-Image-2025-09-02-at-2.19.03-PM-768x847.jpeg 768w, https:\/\/deutsch-albanische-schule.al\/wp-content\/uploads\/2025\/09\/WhatsApp-Image-2025-09-02-at-2.19.03-PM-11x12.jpeg 11w, https:\/\/deutsch-albanische-schule.al\/wp-content\/uploads\/2025\/09\/WhatsApp-Image-2025-09-02-at-2.19.03-PM.jpeg 832w\" sizes=\"auto, (max-width: 272px) 100vw, 272px\" \/>    <\/a>  <\/div>  <div class=\"info-teacher\">    <h2 class=\"name-teacher\"><a href=\"https:\/\/deutsch-albanische-schule.al\/de\/stafi-yne\/emili\/\">Emili<\/a><\/h2>    <div class=\"teacher-category\">Deutsch<\/div>  <\/div><\/div><div class=\"teacher-card\">  <div class=\"photo-teacher\">    <a href=\"https:\/\/deutsch-albanische-schule.al\/de\/stafi-yne\/amoreta-shima\/\"><img loading=\"lazy\" decoding=\"async\" width=\"268\" height=\"300\" src=\"https:\/\/deutsch-albanische-schule.al\/wp-content\/uploads\/2025\/09\/WhatsApp-Image-2025-09-02-at-2.18.16-PM-268x300.jpeg\" class=\"attachment-medium size-medium wp-post-image\" alt=\"\" srcset=\"https:\/\/deutsch-albanische-schule.al\/wp-content\/uploads\/2025\/09\/WhatsApp-Image-2025-09-02-at-2.18.16-PM-268x300.jpeg 268w, https:\/\/deutsch-albanische-schule.al\/wp-content\/uploads\/2025\/09\/WhatsApp-Image-2025-09-02-at-2.18.16-PM-11x12.jpeg 11w, https:\/\/deutsch-albanische-schule.al\/wp-content\/uploads\/2025\/09\/WhatsApp-Image-2025-09-02-at-2.18.16-PM.jpeg 563w\" sizes=\"auto, (max-width: 268px) 100vw, 268px\" \/>    <\/a>  <\/div>  <div class=\"info-teacher\">    <h2 class=\"name-teacher\"><a href=\"https:\/\/deutsch-albanische-schule.al\/de\/stafi-yne\/amoreta-shima\/\">Amoreta Shima<\/a><\/h2>    <div class=\"teacher-category\">Englisch<\/div>  <\/div><\/div><div class=\"teacher-card\">  <div class=\"photo-teacher\">    <a href=\"https:\/\/deutsch-albanische-schule.al\/de\/stafi-yne\/michelle-kobert\/\"><img loading=\"lazy\" decoding=\"async\" width=\"264\" height=\"300\" src=\"https:\/\/deutsch-albanische-schule.al\/wp-content\/uploads\/2025\/08\/WhatsApp-Image-2025-08-14-at-11.48.53-AM-264x300.jpeg\" class=\"attachment-medium size-medium wp-post-image\" alt=\"\" srcset=\"https:\/\/deutsch-albanische-schule.al\/wp-content\/uploads\/2025\/08\/WhatsApp-Image-2025-08-14-at-11.48.53-AM-264x300.jpeg 264w, https:\/\/deutsch-albanische-schule.al\/wp-content\/uploads\/2025\/08\/WhatsApp-Image-2025-08-14-at-11.48.53-AM-902x1024.jpeg 902w, https:\/\/deutsch-albanische-schule.al\/wp-content\/uploads\/2025\/08\/WhatsApp-Image-2025-08-14-at-11.48.53-AM-768x872.jpeg 768w, https:\/\/deutsch-albanische-schule.al\/wp-content\/uploads\/2025\/08\/WhatsApp-Image-2025-08-14-at-11.48.53-AM-11x12.jpeg 11w, https:\/\/deutsch-albanische-schule.al\/wp-content\/uploads\/2025\/08\/WhatsApp-Image-2025-08-14-at-11.48.53-AM.jpeg 1170w\" sizes=\"auto, (max-width: 264px) 100vw, 264px\" \/>    <\/a>  <\/div>  <div class=\"info-teacher\">    <h2 class=\"name-teacher\"><a href=\"https:\/\/deutsch-albanische-schule.al\/de\/stafi-yne\/michelle-kobert\/\">Michelle Kobert<\/a><\/h2>    <div class=\"teacher-category\">Deutsch<\/div>  <\/div><\/div><div class=\"teacher-card\">  <div class=\"photo-teacher\">    <a href=\"https:\/\/deutsch-albanische-schule.al\/de\/stafi-yne\/pascuale-slevec\/\"><img loading=\"lazy\" decoding=\"async\" width=\"268\" height=\"300\" src=\"https:\/\/deutsch-albanische-schule.al\/wp-content\/uploads\/2025\/08\/dfdfdf-268x300.jpg\" class=\"attachment-medium size-medium wp-post-image\" alt=\"\" srcset=\"https:\/\/deutsch-albanische-schule.al\/wp-content\/uploads\/2025\/08\/dfdfdf-268x300.jpg 268w, https:\/\/deutsch-albanische-schule.al\/wp-content\/uploads\/2025\/08\/dfdfdf-11x12.jpg 11w, https:\/\/deutsch-albanische-schule.al\/wp-content\/uploads\/2025\/08\/dfdfdf.jpg 413w\" sizes=\"auto, (max-width: 268px) 100vw, 268px\" \/>    <\/a>  <\/div>  <div class=\"info-teacher\">    <h2 class=\"name-teacher\"><a href=\"https:\/\/deutsch-albanische-schule.al\/de\/stafi-yne\/pascuale-slevec\/\">Pascuale Slevec<\/a><\/h2>    <div class=\"teacher-category\">Mathematik<\/div>  <\/div><\/div><div class=\"teacher-card\">  <div class=\"photo-teacher\">    <a href=\"https:\/\/deutsch-albanische-schule.al\/de\/stafi-yne\/selena-kapoli\/\"><img loading=\"lazy\" decoding=\"async\" width=\"300\" height=\"300\" src=\"https:\/\/deutsch-albanische-schule.al\/wp-content\/uploads\/2025\/08\/Selena-Kapoli-600x600-1-300x300.jpg\" class=\"attachment-medium size-medium wp-post-image\" alt=\"\" srcset=\"https:\/\/deutsch-albanische-schule.al\/wp-content\/uploads\/2025\/08\/Selena-Kapoli-600x600-1-300x300.jpg 300w, https:\/\/deutsch-albanische-schule.al\/wp-content\/uploads\/2025\/08\/Selena-Kapoli-600x600-1-150x150.jpg 150w, https:\/\/deutsch-albanische-schule.al\/wp-content\/uploads\/2025\/08\/Selena-Kapoli-600x600-1-12x12.jpg 12w, https:\/\/deutsch-albanische-schule.al\/wp-content\/uploads\/2025\/08\/Selena-Kapoli-600x600-1.jpg 600w\" sizes=\"auto, (max-width: 300px) 100vw, 300px\" \/>    <\/a>  <\/div>  <div class=\"info-teacher\">    <h2 class=\"name-teacher\"><a href=\"https:\/\/deutsch-albanische-schule.al\/de\/stafi-yne\/selena-kapoli\/\">Selena Kapoli<\/a><\/h2>    <div class=\"teacher-category\">Lehrpersonal<\/div>  <\/div><\/div><div class=\"teacher-card\">  <div class=\"photo-teacher\">    <a href=\"https:\/\/deutsch-albanische-schule.al\/de\/stafi-yne\/rezarta-matraku\/\"><img loading=\"lazy\" decoding=\"async\" width=\"300\" height=\"300\" src=\"https:\/\/deutsch-albanische-schule.al\/wp-content\/uploads\/2025\/08\/Rezarta-Matraku-768x76-1-300x300.jpeg\" class=\"attachment-medium size-medium wp-post-image\" alt=\"\" srcset=\"https:\/\/deutsch-albanische-schule.al\/wp-content\/uploads\/2025\/08\/Rezarta-Matraku-768x76-1-300x300.jpeg 300w, https:\/\/deutsch-albanische-schule.al\/wp-content\/uploads\/2025\/08\/Rezarta-Matraku-768x76-1-150x150.jpeg 150w, https:\/\/deutsch-albanische-schule.al\/wp-content\/uploads\/2025\/08\/Rezarta-Matraku-768x76-1-12x12.jpeg 12w, https:\/\/deutsch-albanische-schule.al\/wp-content\/uploads\/2025\/08\/Rezarta-Matraku-768x76-1.jpeg 768w\" sizes=\"auto, (max-width: 300px) 100vw, 300px\" \/>    <\/a>  <\/div>  <div class=\"info-teacher\">    <h2 class=\"name-teacher\"><a href=\"https:\/\/deutsch-albanische-schule.al\/de\/stafi-yne\/rezarta-matraku\/\">Rezarta Matraku<\/a><\/h2>    <div class=\"teacher-category\">Grundschullehrer<\/div>  <\/div><\/div><div class=\"teacher-card\">  <div class=\"photo-teacher\">    <a href=\"https:\/\/deutsch-albanische-schule.al\/de\/stafi-yne\/mimoza-cori\/\"><img loading=\"lazy\" decoding=\"async\" width=\"252\" height=\"300\" src=\"https:\/\/deutsch-albanische-schule.al\/wp-content\/uploads\/2025\/08\/Mimoza-Cori-DAST-558x664-1-252x300.jpg\" class=\"attachment-medium size-medium wp-post-image\" alt=\"\" srcset=\"https:\/\/deutsch-albanische-schule.al\/wp-content\/uploads\/2025\/08\/Mimoza-Cori-DAST-558x664-1-252x300.jpg 252w, https:\/\/deutsch-albanische-schule.al\/wp-content\/uploads\/2025\/08\/Mimoza-Cori-DAST-558x664-1-10x12.jpg 10w, https:\/\/deutsch-albanische-schule.al\/wp-content\/uploads\/2025\/08\/Mimoza-Cori-DAST-558x664-1.jpg 558w\" sizes=\"auto, (max-width: 252px) 100vw, 252px\" \/>    <\/a>  <\/div>  <div class=\"info-teacher\">    <h2 class=\"name-teacher\"><a href=\"https:\/\/deutsch-albanische-schule.al\/de\/stafi-yne\/mimoza-cori\/\">Mimoza \u00c7ori<\/a><\/h2>    <div class=\"teacher-category\">Grundschullehrer<\/div>  <\/div><\/div><div class=\"teacher-card\">  <div class=\"photo-teacher\">    <a href=\"https:\/\/deutsch-albanische-schule.al\/de\/stafi-yne\/ledina-selaj\/\"><img loading=\"lazy\" decoding=\"async\" width=\"300\" height=\"300\" src=\"https:\/\/deutsch-albanische-schule.al\/wp-content\/uploads\/2025\/08\/Ledina-e1727895369604-768x768-1-300x300.jpeg\" class=\"attachment-medium size-medium wp-post-image\" alt=\"\" srcset=\"https:\/\/deutsch-albanische-schule.al\/wp-content\/uploads\/2025\/08\/Ledina-e1727895369604-768x768-1-300x300.jpeg 300w, https:\/\/deutsch-albanische-schule.al\/wp-content\/uploads\/2025\/08\/Ledina-e1727895369604-768x768-1-150x150.jpeg 150w, https:\/\/deutsch-albanische-schule.al\/wp-content\/uploads\/2025\/08\/Ledina-e1727895369604-768x768-1-12x12.jpeg 12w, https:\/\/deutsch-albanische-schule.al\/wp-content\/uploads\/2025\/08\/Ledina-e1727895369604-768x768-1.jpeg 768w\" sizes=\"auto, (max-width: 300px) 100vw, 300px\" \/>    <\/a>  <\/div>  <div class=\"info-teacher\">    <h2 class=\"name-teacher\"><a href=\"https:\/\/deutsch-albanische-schule.al\/de\/stafi-yne\/ledina-selaj\/\">Ledina Selaj<\/a><\/h2>    <div class=\"teacher-category\">Albanische Sprache<\/div>  <\/div><\/div><div class=\"teacher-card\">  <div class=\"photo-teacher\">    <a href=\"https:\/\/deutsch-albanische-schule.al\/de\/stafi-yne\/gresa-gjolena\/\"><img loading=\"lazy\" decoding=\"async\" width=\"264\" height=\"300\" src=\"https:\/\/deutsch-albanische-schule.al\/wp-content\/uploads\/2025\/08\/45646541212WhatsApp-Image-2025-09-03-at-6.05.57-PM-1-264x300.jpeg\" class=\"attachment-medium size-medium wp-post-image\" alt=\"\" srcset=\"https:\/\/deutsch-albanische-schule.al\/wp-content\/uploads\/2025\/08\/45646541212WhatsApp-Image-2025-09-03-at-6.05.57-PM-1-264x300.jpeg 264w, https:\/\/deutsch-albanische-schule.al\/wp-content\/uploads\/2025\/08\/45646541212WhatsApp-Image-2025-09-03-at-6.05.57-PM-1-11x12.jpeg 11w, https:\/\/deutsch-albanische-schule.al\/wp-content\/uploads\/2025\/08\/45646541212WhatsApp-Image-2025-09-03-at-6.05.57-PM-1.jpeg 696w\" sizes=\"auto, (max-width: 264px) 100vw, 264px\" \/>    <\/a>  <\/div>  <div class=\"info-teacher\">    <h2 class=\"name-teacher\"><a href=\"https:\/\/deutsch-albanische-schule.al\/de\/stafi-yne\/gresa-gjolena\/\">Gresa Gjolena<\/a><\/h2>    <div class=\"teacher-category\">Deutsch<\/div>  <\/div><\/div><div class=\"teacher-card\">  <div class=\"photo-teacher\">    <a href=\"https:\/\/deutsch-albanische-schule.al\/de\/stafi-yne\/flaviana-veseli\/\"><img loading=\"lazy\" decoding=\"async\" width=\"250\" height=\"284\" src=\"https:\/\/deutsch-albanische-schule.al\/wp-content\/uploads\/2025\/08\/Flaviana-Veseli-250x284-1.jpg\" class=\"attachment-medium size-medium wp-post-image\" alt=\"\" srcset=\"https:\/\/deutsch-albanische-schule.al\/wp-content\/uploads\/2025\/08\/Flaviana-Veseli-250x284-1.jpg 250w, https:\/\/deutsch-albanische-schule.al\/wp-content\/uploads\/2025\/08\/Flaviana-Veseli-250x284-1-11x12.jpg 11w\" sizes=\"auto, (max-width: 250px) 100vw, 250px\" \/>    <\/a>  <\/div>  <div class=\"info-teacher\">    <h2 class=\"name-teacher\"><a href=\"https:\/\/deutsch-albanische-schule.al\/de\/stafi-yne\/flaviana-veseli\/\">Flaviana Veseli<\/a><\/h2>    <div class=\"teacher-category\">Gymnasiallehrer<\/div>  <\/div><\/div><div class=\"teacher-card\">  <div class=\"photo-teacher\">    <a href=\"https:\/\/deutsch-albanische-schule.al\/de\/stafi-yne\/esat-malaj\/\"><img loading=\"lazy\" decoding=\"async\" width=\"300\" height=\"300\" src=\"https:\/\/deutsch-albanische-schule.al\/wp-content\/uploads\/2025\/08\/Esat-Malaj-768x76-1-300x300.jpeg\" class=\"attachment-medium size-medium wp-post-image\" alt=\"\" srcset=\"https:\/\/deutsch-albanische-schule.al\/wp-content\/uploads\/2025\/08\/Esat-Malaj-768x76-1-300x300.jpeg 300w, https:\/\/deutsch-albanische-schule.al\/wp-content\/uploads\/2025\/08\/Esat-Malaj-768x76-1-150x150.jpeg 150w, https:\/\/deutsch-albanische-schule.al\/wp-content\/uploads\/2025\/08\/Esat-Malaj-768x76-1-12x12.jpeg 12w, https:\/\/deutsch-albanische-schule.al\/wp-content\/uploads\/2025\/08\/Esat-Malaj-768x76-1.jpeg 768w\" sizes=\"auto, (max-width: 300px) 100vw, 300px\" \/>    <\/a>  <\/div>  <div class=\"info-teacher\">    <h2 class=\"name-teacher\"><a href=\"https:\/\/deutsch-albanische-schule.al\/de\/stafi-yne\/esat-malaj\/\">Esat Malaj<\/a><\/h2>    <div class=\"teacher-category\">NAT\u00dcRLICH<\/div>  <\/div><\/div><div class=\"teacher-card\">  <div class=\"photo-teacher\">    <a href=\"https:\/\/deutsch-albanische-schule.al\/de\/stafi-yne\/eglantina-beqaraj\/\"><img loading=\"lazy\" decoding=\"async\" width=\"225\" height=\"300\" src=\"https:\/\/deutsch-albanische-schule.al\/wp-content\/uploads\/2025\/08\/WhatsApp-Image-2025-08-14-at-11.52.06-AM-225x300.jpeg\" class=\"attachment-medium size-medium wp-post-image\" alt=\"\" srcset=\"https:\/\/deutsch-albanische-schule.al\/wp-content\/uploads\/2025\/08\/WhatsApp-Image-2025-08-14-at-11.52.06-AM-225x300.jpeg 225w, https:\/\/deutsch-albanische-schule.al\/wp-content\/uploads\/2025\/08\/WhatsApp-Image-2025-08-14-at-11.52.06-AM-768x1024.jpeg 768w, https:\/\/deutsch-albanische-schule.al\/wp-content\/uploads\/2025\/08\/WhatsApp-Image-2025-08-14-at-11.52.06-AM-1152x1536.jpeg 1152w, https:\/\/deutsch-albanische-schule.al\/wp-content\/uploads\/2025\/08\/WhatsApp-Image-2025-08-14-at-11.52.06-AM-9x12.jpeg 9w, https:\/\/deutsch-albanische-schule.al\/wp-content\/uploads\/2025\/08\/WhatsApp-Image-2025-08-14-at-11.52.06-AM.jpeg 1200w\" sizes=\"auto, (max-width: 225px) 100vw, 225px\" \/>    <\/a>  <\/div>  <div class=\"info-teacher\">    <h2 class=\"name-teacher\"><a href=\"https:\/\/deutsch-albanische-schule.al\/de\/stafi-yne\/eglantina-beqaraj\/\">Eglantina Beqaraj<\/a><\/h2>    <div class=\"teacher-category\">Biologie<\/div>  <\/div><\/div><div class=\"teacher-card\">  <div class=\"photo-teacher\">    <a href=\"https:\/\/deutsch-albanische-schule.al\/de\/stafi-yne\/dituri-malaj\/\"><img loading=\"lazy\" decoding=\"async\" width=\"300\" height=\"300\" src=\"https:\/\/deutsch-albanische-schule.al\/wp-content\/uploads\/2025\/08\/Dituri-Malaj-768x76-1-300x300.jpeg\" class=\"attachment-medium size-medium wp-post-image\" alt=\"\" srcset=\"https:\/\/deutsch-albanische-schule.al\/wp-content\/uploads\/2025\/08\/Dituri-Malaj-768x76-1-300x300.jpeg 300w, https:\/\/deutsch-albanische-schule.al\/wp-content\/uploads\/2025\/08\/Dituri-Malaj-768x76-1-150x150.jpeg 150w, https:\/\/deutsch-albanische-schule.al\/wp-content\/uploads\/2025\/08\/Dituri-Malaj-768x76-1-12x12.jpeg 12w, https:\/\/deutsch-albanische-schule.al\/wp-content\/uploads\/2025\/08\/Dituri-Malaj-768x76-1.jpeg 768w\" sizes=\"auto, (max-width: 300px) 100vw, 300px\" \/>    <\/a>  <\/div>  <div class=\"info-teacher\">    <h2 class=\"name-teacher\"><a href=\"https:\/\/deutsch-albanische-schule.al\/de\/stafi-yne\/dituri-malaj\/\">Dituri Malaj<\/a><\/h2>    <div class=\"teacher-category\">Mathematik<\/div>  <\/div><\/div><div class=\"teacher-card\">  <div class=\"photo-teacher\">    <a href=\"https:\/\/deutsch-albanische-schule.al\/de\/stafi-yne\/3153\/\"><img loading=\"lazy\" decoding=\"async\" width=\"300\" height=\"300\" src=\"https:\/\/deutsch-albanische-schule.al\/wp-content\/uploads\/2025\/08\/WhatsApp-Image-2025-04-14-at-11.15.33-AM-768x768-1-300x300.jpeg\" class=\"attachment-medium size-medium wp-post-image\" alt=\"\" srcset=\"https:\/\/deutsch-albanische-schule.al\/wp-content\/uploads\/2025\/08\/WhatsApp-Image-2025-04-14-at-11.15.33-AM-768x768-1-300x300.jpeg 300w, https:\/\/deutsch-albanische-schule.al\/wp-content\/uploads\/2025\/08\/WhatsApp-Image-2025-04-14-at-11.15.33-AM-768x768-1-150x150.jpeg 150w, https:\/\/deutsch-albanische-schule.al\/wp-content\/uploads\/2025\/08\/WhatsApp-Image-2025-04-14-at-11.15.33-AM-768x768-1-12x12.jpeg 12w, https:\/\/deutsch-albanische-schule.al\/wp-content\/uploads\/2025\/08\/WhatsApp-Image-2025-04-14-at-11.15.33-AM-768x768-1.jpeg 768w\" sizes=\"auto, (max-width: 300px) 100vw, 300px\" \/>    <\/a>  <\/div>  <div class=\"info-teacher\">    <h2 class=\"name-teacher\"><a href=\"https:\/\/deutsch-albanische-schule.al\/de\/stafi-yne\/3153\/\">Blerta Fisheku<\/a><\/h2>    <div class=\"teacher-category\">Lehrpersonal<\/div>  <\/div><\/div><div class=\"teacher-card\">  <div class=\"photo-teacher\">    <a href=\"https:\/\/deutsch-albanische-schule.al\/de\/stafi-yne\/beko-vreka\/\"><img loading=\"lazy\" decoding=\"async\" width=\"300\" height=\"300\" src=\"https:\/\/deutsch-albanische-schule.al\/wp-content\/uploads\/2025\/08\/Beko-Vreka-Shkolla-DAS-434x43-1-300x300.jpeg\" class=\"attachment-medium size-medium wp-post-image\" alt=\"\" srcset=\"https:\/\/deutsch-albanische-schule.al\/wp-content\/uploads\/2025\/08\/Beko-Vreka-Shkolla-DAS-434x43-1-300x300.jpeg 300w, https:\/\/deutsch-albanische-schule.al\/wp-content\/uploads\/2025\/08\/Beko-Vreka-Shkolla-DAS-434x43-1-150x150.jpeg 150w, https:\/\/deutsch-albanische-schule.al\/wp-content\/uploads\/2025\/08\/Beko-Vreka-Shkolla-DAS-434x43-1-12x12.jpeg 12w, https:\/\/deutsch-albanische-schule.al\/wp-content\/uploads\/2025\/08\/Beko-Vreka-Shkolla-DAS-434x43-1.jpeg 434w\" sizes=\"auto, (max-width: 300px) 100vw, 300px\" \/>    <\/a>  <\/div>  <div class=\"info-teacher\">    <h2 class=\"name-teacher\"><a href=\"https:\/\/deutsch-albanische-schule.al\/de\/stafi-yne\/beko-vreka\/\">Beko Vreka<\/a><\/h2>    <div class=\"teacher-category\">Lehrpersonal<\/div>  <\/div><\/div><div class=\"teacher-card\">  <div class=\"photo-teacher\">    <a href=\"https:\/\/deutsch-albanische-schule.al\/de\/stafi-yne\/barie-cera\/\"><img loading=\"lazy\" decoding=\"async\" width=\"300\" height=\"300\" src=\"https:\/\/deutsch-albanische-schule.al\/wp-content\/uploads\/2025\/08\/WhatsApp-Image-2024-10-31-at-10.30.36-AM-768x768-1-300x300.jpeg\" class=\"attachment-medium size-medium wp-post-image\" alt=\"\" srcset=\"https:\/\/deutsch-albanische-schule.al\/wp-content\/uploads\/2025\/08\/WhatsApp-Image-2024-10-31-at-10.30.36-AM-768x768-1-300x300.jpeg 300w, https:\/\/deutsch-albanische-schule.al\/wp-content\/uploads\/2025\/08\/WhatsApp-Image-2024-10-31-at-10.30.36-AM-768x768-1-150x150.jpeg 150w, https:\/\/deutsch-albanische-schule.al\/wp-content\/uploads\/2025\/08\/WhatsApp-Image-2024-10-31-at-10.30.36-AM-768x768-1-12x12.jpeg 12w, https:\/\/deutsch-albanische-schule.al\/wp-content\/uploads\/2025\/08\/WhatsApp-Image-2024-10-31-at-10.30.36-AM-768x768-1.jpeg 768w\" sizes=\"auto, (max-width: 300px) 100vw, 300px\" \/>    <\/a>  <\/div>  <div class=\"info-teacher\">    <h2 class=\"name-teacher\"><a href=\"https:\/\/deutsch-albanische-schule.al\/de\/stafi-yne\/barie-cera\/\">Barie Cera<\/a><\/h2>    <div class=\"teacher-category\">Lehrpersonal<\/div>  <\/div><\/div><div class=\"teacher-card\">  <div class=\"photo-teacher\">    <a href=\"https:\/\/deutsch-albanische-schule.al\/de\/stafi-yne\/anisa-trebina\/\"><img loading=\"lazy\" decoding=\"async\" width=\"300\" height=\"300\" src=\"https:\/\/deutsch-albanische-schule.al\/wp-content\/uploads\/2025\/08\/WhatsApp-Image-2024-06-03-at-10.46.30-768x768-1-300x300.jpeg\" class=\"attachment-medium size-medium wp-post-image\" alt=\"\" srcset=\"https:\/\/deutsch-albanische-schule.al\/wp-content\/uploads\/2025\/08\/WhatsApp-Image-2024-06-03-at-10.46.30-768x768-1-300x300.jpeg 300w, https:\/\/deutsch-albanische-schule.al\/wp-content\/uploads\/2025\/08\/WhatsApp-Image-2024-06-03-at-10.46.30-768x768-1-150x150.jpeg 150w, https:\/\/deutsch-albanische-schule.al\/wp-content\/uploads\/2025\/08\/WhatsApp-Image-2024-06-03-at-10.46.30-768x768-1-12x12.jpeg 12w, https:\/\/deutsch-albanische-schule.al\/wp-content\/uploads\/2025\/08\/WhatsApp-Image-2024-06-03-at-10.46.30-768x768-1.jpeg 768w\" sizes=\"auto, (max-width: 300px) 100vw, 300px\" \/>    <\/a>  <\/div>  <div class=\"info-teacher\">    <h2 class=\"name-teacher\"><a href=\"https:\/\/deutsch-albanische-schule.al\/de\/stafi-yne\/anisa-trebina\/\">Anisa Trebina<\/a><\/h2>    <div class=\"teacher-category\">Lehrer\/in der Sekundarstufe I<\/div>  <\/div><\/div><div class=\"teacher-card\">  <div class=\"photo-teacher\">    <a href=\"https:\/\/deutsch-albanische-schule.al\/de\/stafi-yne\/anila-doku\/\"><img loading=\"lazy\" decoding=\"async\" width=\"281\" height=\"300\" src=\"https:\/\/deutsch-albanische-schule.al\/wp-content\/uploads\/2025\/08\/Anila-Doku-720x768-1-281x300.jpg\" class=\"attachment-medium size-medium wp-post-image\" alt=\"\" srcset=\"https:\/\/deutsch-albanische-schule.al\/wp-content\/uploads\/2025\/08\/Anila-Doku-720x768-1-281x300.jpg 281w, https:\/\/deutsch-albanische-schule.al\/wp-content\/uploads\/2025\/08\/Anila-Doku-720x768-1-11x12.jpg 11w, https:\/\/deutsch-albanische-schule.al\/wp-content\/uploads\/2025\/08\/Anila-Doku-720x768-1.jpg 720w\" sizes=\"auto, (max-width: 281px) 100vw, 281px\" \/>    <\/a>  <\/div>  <div class=\"info-teacher\">    <h2 class=\"name-teacher\"><a href=\"https:\/\/deutsch-albanische-schule.al\/de\/stafi-yne\/anila-doku\/\">Anila Doku<\/a><\/h2>    <div class=\"teacher-category\">Kunstlehrer<\/div>  <\/div><\/div><div class=\"teacher-card\">  <div class=\"photo-teacher\">    <a href=\"https:\/\/deutsch-albanische-schule.al\/de\/stafi-yne\/altina-kullolli\/\"><img loading=\"lazy\" decoding=\"async\" width=\"281\" height=\"300\" src=\"https:\/\/deutsch-albanische-schule.al\/wp-content\/uploads\/2025\/08\/DAS-Altina-Kullolli-720x768-1-281x300.jpg\" class=\"attachment-medium size-medium wp-post-image\" alt=\"\" srcset=\"https:\/\/deutsch-albanische-schule.al\/wp-content\/uploads\/2025\/08\/DAS-Altina-Kullolli-720x768-1-281x300.jpg 281w, https:\/\/deutsch-albanische-schule.al\/wp-content\/uploads\/2025\/08\/DAS-Altina-Kullolli-720x768-1-11x12.jpg 11w, https:\/\/deutsch-albanische-schule.al\/wp-content\/uploads\/2025\/08\/DAS-Altina-Kullolli-720x768-1.jpg 720w\" sizes=\"auto, (max-width: 281px) 100vw, 281px\" \/>    <\/a>  <\/div>  <div class=\"info-teacher\">    <h2 class=\"name-teacher\"><a href=\"https:\/\/deutsch-albanische-schule.al\/de\/stafi-yne\/altina-kullolli\/\">Altina Kullolli<\/a><\/h2>    <div class=\"teacher-category\">Vorschule<\/div>  <\/div><\/div><div class=\"teacher-card\">  <div class=\"photo-teacher\">    <a href=\"https:\/\/deutsch-albanische-schule.al\/de\/stafi-yne\/alma-berberi\/\"><img loading=\"lazy\" decoding=\"async\" width=\"219\" height=\"300\" src=\"https:\/\/deutsch-albanische-schule.al\/wp-content\/uploads\/2025\/08\/Alma-Berberi-Mesuese-ne-Deutsch-Albanische-Schule-539x737-1-219x300.jpg\" class=\"attachment-medium size-medium wp-post-image\" alt=\"\" srcset=\"https:\/\/deutsch-albanische-schule.al\/wp-content\/uploads\/2025\/08\/Alma-Berberi-Mesuese-ne-Deutsch-Albanische-Schule-539x737-1-219x300.jpg 219w, https:\/\/deutsch-albanische-schule.al\/wp-content\/uploads\/2025\/08\/Alma-Berberi-Mesuese-ne-Deutsch-Albanische-Schule-539x737-1-9x12.jpg 9w, https:\/\/deutsch-albanische-schule.al\/wp-content\/uploads\/2025\/08\/Alma-Berberi-Mesuese-ne-Deutsch-Albanische-Schule-539x737-1.jpg 539w\" sizes=\"auto, (max-width: 219px) 100vw, 219px\" \/>    <\/a>  <\/div>  <div class=\"info-teacher\">    <h2 class=\"name-teacher\"><a href=\"https:\/\/deutsch-albanische-schule.al\/de\/stafi-yne\/alma-berberi\/\">Alma Berberi<\/a><\/h2>    <div class=\"teacher-category\">Albanische Sprache<\/div>  <\/div><\/div><div class=\"teacher-card\">  <div class=\"photo-teacher\">    <a href=\"https:\/\/deutsch-albanische-schule.al\/de\/stafi-yne\/nedia-asqeri\/\"><img loading=\"lazy\" decoding=\"async\" width=\"268\" height=\"300\" src=\"https:\/\/deutsch-albanische-schule.al\/wp-content\/uploads\/2025\/08\/dfdfdf-2-268x300.png\" class=\"attachment-medium size-medium wp-post-image\" alt=\"\" srcset=\"https:\/\/deutsch-albanische-schule.al\/wp-content\/uploads\/2025\/08\/dfdfdf-2-268x300.png 268w, https:\/\/deutsch-albanische-schule.al\/wp-content\/uploads\/2025\/08\/dfdfdf-2-11x12.png 11w, https:\/\/deutsch-albanische-schule.al\/wp-content\/uploads\/2025\/08\/dfdfdf-2.png 413w\" sizes=\"auto, (max-width: 268px) 100vw, 268px\" \/>    <\/a>  <\/div>  <div class=\"info-teacher\">    <h2 class=\"name-teacher\"><a href=\"https:\/\/deutsch-albanische-schule.al\/de\/stafi-yne\/nedia-asqeri\/\">Nedia Asqeri<\/a><\/h2>    <div class=\"teacher-category\">Sekretariat<\/div>  <\/div><\/div><div class=\"teacher-card\">  <div class=\"photo-teacher\">    <a href=\"https:\/\/deutsch-albanische-schule.al\/de\/stafi-yne\/marsjola-domi\/\"><img loading=\"lazy\" decoding=\"async\" width=\"298\" height=\"300\" src=\"https:\/\/deutsch-albanische-schule.al\/wp-content\/uploads\/2025\/08\/DAST-Marsjola-Domi-748x75-1-298x300.jpeg\" class=\"attachment-medium size-medium wp-post-image\" alt=\"\" srcset=\"https:\/\/deutsch-albanische-schule.al\/wp-content\/uploads\/2025\/08\/DAST-Marsjola-Domi-748x75-1-298x300.jpeg 298w, https:\/\/deutsch-albanische-schule.al\/wp-content\/uploads\/2025\/08\/DAST-Marsjola-Domi-748x75-1-150x150.jpeg 150w, https:\/\/deutsch-albanische-schule.al\/wp-content\/uploads\/2025\/08\/DAST-Marsjola-Domi-748x75-1-12x12.jpeg 12w, https:\/\/deutsch-albanische-schule.al\/wp-content\/uploads\/2025\/08\/DAST-Marsjola-Domi-748x75-1.jpeg 748w\" sizes=\"auto, (max-width: 298px) 100vw, 298px\" \/>    <\/a>  <\/div>  <div class=\"info-teacher\">    <h2 class=\"name-teacher\"><a href=\"https:\/\/deutsch-albanische-schule.al\/de\/stafi-yne\/marsjola-domi\/\">Marsjola Domi<\/a><\/h2>    <div class=\"teacher-category\">Psychologe<\/div>  <\/div><\/div><div class=\"teacher-card\">  <div class=\"photo-teacher\">    <a href=\"https:\/\/deutsch-albanische-schule.al\/de\/stafi-yne\/diana-morina\/\"><img loading=\"lazy\" decoding=\"async\" width=\"300\" height=\"265\" src=\"https:\/\/deutsch-albanische-schule.al\/wp-content\/uploads\/2026\/02\/WhatsApp-Image-2026-02-25-at-1.44.01-PM-300x265.jpeg\" class=\"attachment-medium size-medium wp-post-image\" alt=\"\" srcset=\"https:\/\/deutsch-albanische-schule.al\/wp-content\/uploads\/2026\/02\/WhatsApp-Image-2026-02-25-at-1.44.01-PM-300x265.jpeg 300w, https:\/\/deutsch-albanische-schule.al\/wp-content\/uploads\/2026\/02\/WhatsApp-Image-2026-02-25-at-1.44.01-PM-1024x904.jpeg 1024w, https:\/\/deutsch-albanische-schule.al\/wp-content\/uploads\/2026\/02\/WhatsApp-Image-2026-02-25-at-1.44.01-PM-768x678.jpeg 768w, https:\/\/deutsch-albanische-schule.al\/wp-content\/uploads\/2026\/02\/WhatsApp-Image-2026-02-25-at-1.44.01-PM-14x12.jpeg 14w, https:\/\/deutsch-albanische-schule.al\/wp-content\/uploads\/2026\/02\/WhatsApp-Image-2026-02-25-at-1.44.01-PM.jpeg 1284w\" sizes=\"auto, (max-width: 300px) 100vw, 300px\" \/>    <\/a>  <\/div>  <div class=\"info-teacher\">    <h2 class=\"name-teacher\"><a href=\"https:\/\/deutsch-albanische-schule.al\/de\/stafi-yne\/diana-morina\/\">Diana Morina<\/a><\/h2>    <div class=\"teacher-category\">Deutsch<\/div>  <\/div><\/div><\/div>\n<\/div>\n\n\n\n<div class=\"gb-element-fafc456e\">\n<a class=\"btn-outline-black gb-text-86627101\" href=\"https:\/\/deutsch-albanische-schule.al\/de\/rreth-nesh\/stafi-yne\/\"><span class=\"gb-text\">MEHR DETAILS<\/span><span class=\"gb-shape\"><svg xmlns=\"http:\/\/www.w3.org\/2000\/svg\" fill=\"none\" viewbox=\"9.49 9.72 16 15.56\">   <g clip-path=\"url(#clip0_68_3732)\">     <path d=\"M21.6596 18.5029L9.48751 18.5029L9.48751 16.5032L21.6589 16.5025L16.2955 11.1391L17.7097 9.72489L25.4879 17.5031L17.7097 25.2812L16.2955 23.867L21.6596 18.5029Z\" fill=\"#FA1E0E\"><\/path>   <\/g>   <defs>     <clippath id=\"clip0_68_3732\">       <rect width=\"24\" height=\"24\" fill=\"white\" transform=\"translate(17 0.529297) rotate(45)\"><\/rect>     <\/clippath>   <\/defs> <\/svg><\/span><\/a>\n<\/div>\n<\/div>\n<\/div>\n\n\n\n<div class=\"gb-element-754c2699\">\n<div class=\"contained gb-element-4c1eafb9\">\n<h2 class=\"gb-text gb-text-35d505a4\">Die Anmeldungen haben begonnen!<\/h2>\n\n\n\n<p class=\"gb-text gb-text-377e7629\">F\u00fcr weitere Informationen f\u00fcllen Sie bitte das untenstehende Formular aus. Wir werden Sie dann anrufen. <strong>Oder kontaktieren Sie uns unter der Telefonnummer <a href=\"tel:355684050304\">+355684050304<\/a><\/strong><\/p>\n\n\n\n<div class=\"gb-element-15be92e2\"><div class='fluentform ff-inherit-theme-style fluentform_wrapper_3  ff_guten_block'><form data-form_id=\"3\" id=\"fluentform_3\" class=\"frm-fluent-form fluent_form_3 ff-el-form-top ff_form_instance_3_1 ff-form-loading ff_has_v3_recptcha ffs_inherit_theme\" data-form_instance=\"ff_form_instance_3_1\" method=\"POST\" data-recptcha_key=\"6LfGXLsrAAAAACexEJl4rUtwFNV72oIICpE4-aya\" action=\"\" ><fieldset  style=\"border: none!important;margin: 0!important;padding: 0!important;background-color: transparent!important;box-shadow: none!important;outline: none!important; min-inline-size: 100%;\">\n                    <legend class=\"ff_screen_reader_title\" style=\"display: block; margin: 0!important;padding: 0!important;height: 0!important;text-indent: -999999px;width: 0!important;overflow:hidden;\">Anmeldeformular<\/legend>        <div\n                style=\"display: none!important; position: absolute!important; transform: translateX(1000%)!important;\"\n                class=\"ff-el-group ff-hpsf-container\"\n        >\n            <div class=\"ff-el-input--label asterisk-right\">\n                <label for=\"ff_3_item_sf\" aria-label=\"Kontakt\">\n                    Kontakt                <\/label>\n            <\/div>\n            <div class=\"ff-el-input--content\">\n                <input type=\"text\"\n                       name=\"item_3__fluent_sf\"\n                       class=\"ff-el-form-control\"\n                       id=\"ff_3_item_sf\"\n                \/>\n            <\/div>\n        <\/div>\n        <input type='hidden' name='__fluent_form_embded_post_id' value='2' \/><input type=\"hidden\" id=\"_fluentform_3_fluentformnonce\" name=\"_fluentform_3_fluentformnonce\" value=\"371df50d88\" \/><input type=\"hidden\" name=\"_wp_http_referer\" value=\"\/de\/wp-json\/wp\/v2\/pages\/2\" \/><div data-name=\"ff_cn_id_1\"  class='ff-t-container ff-column-container ff_columns_total_3'><div class='ff-t-cell ff-t-column-1' style='flex-basis: 38%;'><div class='ff-el-group ff-el-form-hide_label'><div class=\"ff-el-input--label ff-el-is-required asterisk-right\"><label for='ff_3_email' aria-label=\"E-Mail\">E-Mail<\/label><\/div><div class='ff-el-input--content'><input type=\"email\" name=\"email\" id=\"ff_3_email\" class=\"ff-el-form-control\" placeholder=\"E-Mail\" data-name=\"email\"  aria-invalid=\"false\" aria-required=\"true\"><\/div><\/div><\/div><div class='ff-t-cell ff-t-column-2' style='flex-basis: 38%;'><div class='ff-el-group ff-el-form-hide_label'><div class=\"ff-el-input--label asterisk-right\"><label for='ff_3_phone' aria-label=\"Telefon\">Telefon<\/label><\/div><div class='ff-el-input--content'><input name=\"phone\" class=\"ff-el-form-control ff-el-phone\" type=\"tel\" placeholder=\"Telefon\" data-name=\"phone\" id=\"ff_3_phone\" inputmode=\"tel\"  aria-invalid='false' aria-required=\"false\"><\/div><\/div><\/div><div class='ff-t-cell ff-t-column-3' style='flex-basis: 24%;'><div class='ff-el-group ff-text-left ff_submit_btn_wrapper ff_submit_btn_wrapper_custom'><button class=\"ff-btn ff-btn-submit ff-btn-md ff_btn_style wpf_has_custom_css\" type=\"submit\" name=\"custom_submit_button-3_1\" data-name=\"custom_submit_button-3_1\" >Verlassen<\/button><style>form.fluent_form_3 .wpf_has_custom_css.ff-btn-submit { min-width:100%; }form.fluent_form_3 .wpf_has_custom_css.ff-btn-submit:hover { min-width:100%; } <\/style><\/div><\/div><\/div><\/fieldset><input type=\"hidden\" name=\"trp-form-language\" value=\"de\"\/><\/form><div id='fluentform_3_errors' class='ff-errors-in-stack ff_form_instance_3_1 ff-form-loading_errors ff_form_instance_3_1_errors'><\/div><\/div>            <script type=\"text\/javascript\">\n                window.fluent_form_ff_form_instance_3_1 = {\"id\":\"3\",\"settings\":{\"layout\":{\"labelPlacement\":\"top\",\"asteriskPlacement\":\"asterisk-right\",\"helpMessagePlacement\":\"with_label\",\"errorMessagePlacement\":\"inline\",\"cssClassName\":\"\"},\"restrictions\":{\"denyEmptySubmission\":{\"enabled\":false}}},\"form_instance\":\"ff_form_instance_3_1\",\"form_id_selector\":\"fluentform_3\",\"rules\":{\"email\":{\"required\":{\"value\":true,\"message\":\"This field is required\",\"global_message\":\"This field is required\",\"global\":true},\"email\":{\"value\":true,\"message\":\"This field must contain a valid email\",\"global_message\":\"This field must contain a valid email\",\"global\":true}},\"phone\":{\"required\":{\"value\":false,\"global\":true,\"message\":\"This field is required\",\"global_message\":\"This field is required\"},\"valid_phone_number\":{\"value\":false,\"global\":true,\"message\":\"Phone number is not valid\",\"global_message\":\"Phone number is not valid\"}}},\"debounce_time\":300};\n                            <\/script>\n            <\/div>\n\n\n\n<div class=\"gb-element-ff49172f\">\n<a class=\"btn-without-line\" download=\"Formulari i regjistrimit n\u00eb Shqip\" href=\"https:\/\/deutsch-albanische-schule.al\/wp-content\/uploads\/2025\/08\/Anmeldung-Formular-Albanisch-1.pdf\"><span class=\"gb-shape\"><svg width=\"25\" height=\"26\" viewbox=\"0 0 25 26\" fill=\"none\" xmlns=\"http:\/\/www.w3.org\/2000\/svg\">\n<path d=\"M19.4444 25.5H5.55554C4.07169 25.5 2.67659 24.9221 1.62721 23.8727C0.577886 22.8235 0 21.4284 0 19.9444V18.5555C0 17.7884 0.621794 17.1665 1.3889 17.1665C2.156 17.1665 2.77779 17.7884 2.77779 18.5555V19.9444C2.77779 20.6864 3.06676 21.3839 3.59133 21.9085C4.11604 22.4332 4.81357 22.7222 5.55554 22.7222H19.4444C20.1863 22.7222 20.8839 22.4332 21.4085 21.9085C21.9332 21.3838 22.2222 20.6863 22.2222 19.9444V18.5555C22.2222 17.7884 22.844 17.1665 23.6111 17.1665C24.3781 17.1665 25 17.7884 25 18.5555V19.9444C25 21.4283 24.4221 22.8233 23.3727 23.8727C22.3234 24.9221 20.9283 25.5 19.4444 25.5ZM12.5 19.9444C12.3078 19.9444 12.1249 19.9054 11.9585 19.8349C11.8033 19.7693 11.6574 19.674 11.5297 19.5493C11.5297 19.5493 11.5297 19.5492 11.5296 19.5492C11.5287 19.5484 11.5278 19.5474 11.5269 19.5465C11.5266 19.5463 11.5263 19.546 11.5261 19.5457C11.5253 19.5451 11.5246 19.5443 11.5239 19.5436C11.5234 19.5431 11.523 19.5427 11.5225 19.5422C11.522 19.5417 11.5214 19.5411 11.521 19.5407C11.52 19.5397 11.5189 19.5387 11.5179 19.5377L5.96235 13.9821C5.41998 13.4397 5.41998 12.5603 5.96235 12.0178C6.50473 11.4755 7.38419 11.4754 7.92657 12.0178L11.1111 15.2024V1.8889C11.1111 1.12179 11.7329 0.5 12.5 0.5C13.2671 0.5 13.8889 1.12179 13.8889 1.8889V15.2024L17.0734 12.0178C17.6158 11.4755 18.4953 11.4755 19.0376 12.0178C19.58 12.5602 19.58 13.4397 19.0376 13.9821L13.4821 19.5376C13.4811 19.5386 13.48 19.5396 13.479 19.5406C13.4785 19.5411 13.4779 19.5417 13.4775 19.5421C13.477 19.5426 13.4766 19.543 13.4761 19.5435C13.4754 19.5443 13.4746 19.545 13.474 19.5457C13.4737 19.5459 13.4734 19.5462 13.4731 19.5464C13.4723 19.5473 13.4713 19.5483 13.4704 19.5491C13.4704 19.5491 13.4704 19.5492 13.4703 19.5492C13.455 19.5641 13.4396 19.5786 13.4237 19.5927C13.3074 19.6964 13.1779 19.7773 13.0409 19.835C13.0405 19.8352 13.0401 19.8354 13.0396 19.8356C13.039 19.8358 13.0386 19.8361 13.0381 19.8362C12.8725 19.9059 12.6908 19.9444 12.5 19.9444Z\" fill=\"currentColor\"><\/path>\n<\/svg><\/span><span class=\"gb-text\">PDF auf Albanisch<\/span><\/a>\n\n\n\n<a class=\"btn-without-line gb-text-f734cdd9\" href=\"https:\/\/deutsch-albanische-schule.al\/wp-content\/uploads\/2025\/08\/German-registration.pdf\" download=\"Formulari i regjistrimit n\u00eb Gjermanisht\"><span class=\"gb-shape\"><svg width=\"25\" height=\"26\" viewbox=\"0 0 25 26\" fill=\"none\" xmlns=\"http:\/\/www.w3.org\/2000\/svg\">\n<path d=\"M19.4444 25.5H5.55554C4.07169 25.5 2.67659 24.9221 1.62721 23.8727C0.577886 22.8235 0 21.4284 0 19.9444V18.5555C0 17.7884 0.621794 17.1665 1.3889 17.1665C2.156 17.1665 2.77779 17.7884 2.77779 18.5555V19.9444C2.77779 20.6864 3.06676 21.3839 3.59133 21.9085C4.11604 22.4332 4.81357 22.7222 5.55554 22.7222H19.4444C20.1863 22.7222 20.8839 22.4332 21.4085 21.9085C21.9332 21.3838 22.2222 20.6863 22.2222 19.9444V18.5555C22.2222 17.7884 22.844 17.1665 23.6111 17.1665C24.3781 17.1665 25 17.7884 25 18.5555V19.9444C25 21.4283 24.4221 22.8233 23.3727 23.8727C22.3234 24.9221 20.9283 25.5 19.4444 25.5ZM12.5 19.9444C12.3078 19.9444 12.1249 19.9054 11.9585 19.8349C11.8033 19.7693 11.6574 19.674 11.5297 19.5493C11.5297 19.5493 11.5297 19.5492 11.5296 19.5492C11.5287 19.5484 11.5278 19.5474 11.5269 19.5465C11.5266 19.5463 11.5263 19.546 11.5261 19.5457C11.5253 19.5451 11.5246 19.5443 11.5239 19.5436C11.5234 19.5431 11.523 19.5427 11.5225 19.5422C11.522 19.5417 11.5214 19.5411 11.521 19.5407C11.52 19.5397 11.5189 19.5387 11.5179 19.5377L5.96235 13.9821C5.41998 13.4397 5.41998 12.5603 5.96235 12.0178C6.50473 11.4755 7.38419 11.4754 7.92657 12.0178L11.1111 15.2024V1.8889C11.1111 1.12179 11.7329 0.5 12.5 0.5C13.2671 0.5 13.8889 1.12179 13.8889 1.8889V15.2024L17.0734 12.0178C17.6158 11.4755 18.4953 11.4755 19.0376 12.0178C19.58 12.5602 19.58 13.4397 19.0376 13.9821L13.4821 19.5376C13.4811 19.5386 13.48 19.5396 13.479 19.5406C13.4785 19.5411 13.4779 19.5417 13.4775 19.5421C13.477 19.5426 13.4766 19.543 13.4761 19.5435C13.4754 19.5443 13.4746 19.545 13.474 19.5457C13.4737 19.5459 13.4734 19.5462 13.4731 19.5464C13.4723 19.5473 13.4713 19.5483 13.4704 19.5491C13.4704 19.5491 13.4704 19.5492 13.4703 19.5492C13.455 19.5641 13.4396 19.5786 13.4237 19.5927C13.3074 19.6964 13.1779 19.7773 13.0409 19.835C13.0405 19.8352 13.0401 19.8354 13.0396 19.8356C13.039 19.8358 13.0386 19.8361 13.0381 19.8362C12.8725 19.9059 12.6908 19.9444 12.5 19.9444Z\" fill=\"currentColor\"><\/path>\n<\/svg><\/span><span class=\"gb-text\">PDF auf Deutsch<\/span><\/a>\n<\/div>\n<\/div>\n<\/div>\n\n\n\n<div>\n<div class=\"contained gb-element-ba12dc48\">\n<div class=\"gb-text subheading gb-text-c9f6151c\">Was die Sch\u00fcler sagen<\/div>\n\n\n\n<h2 class=\"gb-text gb-text-33cc823f\">Die Stimme unserer Schulgemeinschaft<\/h2>\n\n\n\n<div class=\"gb-element-bd6a0787 embla cols-3\">\n<div class=\"embla__viewport\">\n<div class=\"gb-element-8068fa4f embla__container convert-list\">\n<div>\n<div class=\"gb-element-92ceb8a9\">\n<div class=\"gb-element-52533cbe\">\n<div class=\"gb-element-75da6f3d\">\n<div>\n<img loading=\"lazy\" decoding=\"async\" width=\"166\" height=\"30\" class=\"img-starts\" alt=\"\" src=\"https:\/\/deutsch-albanische-schule.al\/wp-content\/uploads\/2025\/08\/Vector.png\" title=\"Vektor\"\/>\n<\/div>\n\n\n\n<div>\n<img loading=\"lazy\" decoding=\"async\" width=\"29\" height=\"30\" class=\"gb-media-f9bc523d\" alt=\"\" src=\"https:\/\/deutsch-albanische-schule.al\/wp-content\/uploads\/2025\/08\/checked-6-1.png\" title=\"gepr\u00fcft (6) 1\"\/>\n<\/div>\n<\/div>\n\n\n\n<div>\n<img loading=\"lazy\" decoding=\"async\" width=\"34\" height=\"36\" class=\"gb-media-11f005a8\" alt=\"\" src=\"https:\/\/deutsch-albanische-schule.al\/wp-content\/uploads\/2025\/08\/Group-2404.png\" title=\"Gruppe 2404\"\/>\n<\/div>\n<\/div>\n\n\n\n<div class=\"gb-text gb-text-61434d3c\">Ausgezeichneter Unterricht<\/div>\n\n\n\n<p class=\"gb-text gb-text-70b0a7fe\">Ich bin beeindruckt vom Engagement der Lehrkr\u00e4fte und der hohen Unterrichtsqualit\u00e4t. Mein Kind hat nicht nur seine Deutschkenntnisse, sondern auch seine sozialen Kompetenzen verbessert. Jede Lehrkraft widmet den Bed\u00fcrfnissen jedes einzelnen Sch\u00fclers besondere Zeit und Aufmerksamkeit.<\/p>\n\n\n\n<div class=\"gb-element-1ce3797c\">\n<div>\n<img loading=\"lazy\" decoding=\"async\" width=\"29\" height=\"30\" class=\"gb-media-44591a1f\" alt=\"\" src=\"https:\/\/deutsch-albanische-schule.al\/wp-content\/uploads\/2025\/08\/checked-6-1.png\" title=\"gepr\u00fcft (6) 1\"\/>\n<\/div>\n\n\n\n<div>\n<div class=\"gb-text gb-text-f459db32\">CA<\/div>\n<\/div>\n\n\n\n<div>\n<div class=\"gb-text gb-text-887237dc\">Arta K.<\/div>\n\n\n\n<div class=\"gb-text gb-text-17087d43\">15\/05\/2025<\/div>\n<\/div>\n<\/div>\n<\/div>\n<\/div>\n\n\n\n<div>\n<div class=\"gb-element-10cd75b6\">\n<div class=\"gb-element-db8cb257\">\n<div class=\"gb-element-99294fbf\">\n<div>\n<img loading=\"lazy\" decoding=\"async\" width=\"166\" height=\"30\" class=\"img-starts\" alt=\"\" src=\"https:\/\/deutsch-albanische-schule.al\/wp-content\/uploads\/2025\/08\/Vector.png\" title=\"Vektor\"\/>\n<\/div>\n\n\n\n<div>\n<img loading=\"lazy\" decoding=\"async\" width=\"29\" height=\"30\" class=\"gb-media-b47251dd\" alt=\"\" src=\"https:\/\/deutsch-albanische-schule.al\/wp-content\/uploads\/2025\/08\/checked-6-1.png\" title=\"gepr\u00fcft (6) 1\"\/>\n<\/div>\n<\/div>\n\n\n\n<div>\n<img loading=\"lazy\" decoding=\"async\" width=\"34\" height=\"36\" class=\"gb-media-bfc92e22\" alt=\"\" src=\"https:\/\/deutsch-albanische-schule.al\/wp-content\/uploads\/2025\/08\/Group-2404.png\" title=\"Gruppe 2404\"\/>\n<\/div>\n<\/div>\n\n\n\n<div class=\"gb-text gb-text-206690d5\">Eine umfassende Bildung, nicht nur akademische.<\/div>\n\n\n\n<p class=\"gb-text gb-text-4b17a37d\">Diese Schule legt Wert nicht nur auf Wissensvermittlung, sondern auch auf die Entwicklung des Charakters und der F\u00e4higkeiten des Kindes. Die Atmosph\u00e4re ist stets positiv und f\u00f6rdernd, gepr\u00e4gt von Respekt und Zusammenarbeit zwischen den Kindern und dem Personal.<\/p>\n\n\n\n<div class=\"gb-element-f1dded7a\">\n<div>\n<img loading=\"lazy\" decoding=\"async\" width=\"29\" height=\"30\" class=\"gb-media-6d0242ae\" alt=\"\" src=\"https:\/\/deutsch-albanische-schule.al\/wp-content\/uploads\/2025\/08\/checked-6-1.png\" title=\"gepr\u00fcft (6) 1\"\/>\n<\/div>\n\n\n\n<div>\n<div class=\"gb-text gb-text-f42460bd\">BM<\/div>\n<\/div>\n\n\n\n<div>\n<div class=\"gb-text gb-text-522f38de\">Bledi M.<\/div>\n\n\n\n<div class=\"gb-text gb-text-12f6afcc\">10\/04\/2025<\/div>\n<\/div>\n<\/div>\n<\/div>\n<\/div>\n\n\n\n<div>\n<div class=\"gb-element-6e24c9df\">\n<div class=\"gb-element-89d79260\">\n<div class=\"gb-element-92924f7a\">\n<div>\n<img loading=\"lazy\" decoding=\"async\" width=\"166\" height=\"30\" class=\"img-starts\" alt=\"\" src=\"https:\/\/deutsch-albanische-schule.al\/wp-content\/uploads\/2025\/08\/Vector.png\" title=\"Vektor\"\/>\n<\/div>\n\n\n\n<div>\n<img loading=\"lazy\" decoding=\"async\" width=\"29\" height=\"30\" class=\"gb-media-1b36cfdd\" alt=\"\" src=\"https:\/\/deutsch-albanische-schule.al\/wp-content\/uploads\/2025\/08\/checked-6-1.png\" title=\"gepr\u00fcft (6) 1\"\/>\n<\/div>\n<\/div>\n\n\n\n<div>\n<img loading=\"lazy\" decoding=\"async\" width=\"34\" height=\"36\" class=\"gb-media-10c656eb\" alt=\"\" src=\"https:\/\/deutsch-albanische-schule.al\/wp-content\/uploads\/2025\/08\/Group-2404.png\" title=\"Gruppe 2404\"\/>\n<\/div>\n<\/div>\n\n\n\n<div class=\"gb-text gb-text-cee46dc8\">Bestes zweisprachiges Programm<\/div>\n\n\n\n<p class=\"gb-text gb-text-5e1c4204\">Das DAS-Schulprogramm ist einfach fantastisch. Meine Tochter spricht jetzt flie\u00dfend Deutsch, beteiligt sich ungezwungen an Gespr\u00e4chen und hat ein Selbstvertrauen entwickelt, das ich vorher nie bei ihr gesehen habe. Das ist die beste Investition, die wir je in ihre Zukunft get\u00e4tigt haben.<\/p>\n\n\n\n<div class=\"gb-element-84b3201e\">\n<div>\n<img loading=\"lazy\" decoding=\"async\" width=\"29\" height=\"30\" class=\"gb-media-a5c2875e\" alt=\"\" src=\"https:\/\/deutsch-albanische-schule.al\/wp-content\/uploads\/2025\/08\/checked-6-1.png\" title=\"gepr\u00fcft (6) 1\"\/>\n<\/div>\n\n\n\n<div>\n<div class=\"gb-text gb-text-01613766\">ES<\/div>\n<\/div>\n\n\n\n<div>\n<div class=\"gb-text gb-text-83cb7179\">Elona S.<\/div>\n\n\n\n<div class=\"gb-text gb-text-9627fd12\">7\/04\/2025<\/div>\n<\/div>\n<\/div>\n<\/div>\n<\/div>\n\n\n\n<div>\n<div class=\"gb-element-45e7487e\">\n<div class=\"gb-element-946df955\">\n<div class=\"gb-element-dd4af34b\">\n<div>\n<img loading=\"lazy\" decoding=\"async\" width=\"166\" height=\"30\" class=\"img-starts\" alt=\"\" src=\"https:\/\/deutsch-albanische-schule.al\/wp-content\/uploads\/2025\/08\/Vector.png\" title=\"Vektor\"\/>\n<\/div>\n\n\n\n<div>\n<img loading=\"lazy\" decoding=\"async\" width=\"29\" height=\"30\" class=\"gb-media-1efc58ee\" alt=\"\" src=\"https:\/\/deutsch-albanische-schule.al\/wp-content\/uploads\/2025\/08\/checked-6-1.png\" title=\"gepr\u00fcft (6) 1\"\/>\n<\/div>\n<\/div>\n\n\n\n<div>\n<img loading=\"lazy\" decoding=\"async\" width=\"34\" height=\"36\" class=\"gb-media-aeb85d06\" alt=\"\" src=\"https:\/\/deutsch-albanische-schule.al\/wp-content\/uploads\/2025\/08\/Group-2404.png\" title=\"Gruppe 2404\"\/>\n<\/div>\n<\/div>\n\n\n\n<div class=\"gb-text gb-text-b3cc8882\">Moderne und motivierende Umgebung f\u00fcr Kinder<\/div>\n\n\n\n<p class=\"gb-text gb-text-05a85cd3\">Eine wirklich moderne Schule mit bestens ausgestatteten Klassenzimmern und einem professionellen Team, das seine Arbeit mit Leidenschaft aus\u00fcbt. Meine Kinder f\u00fchlen sich sicher, sind motiviert und kommen jeden Tag voller Begeisterung zur Schule. <\/p>\n\n\n\n<div class=\"gb-element-4ff43270\">\n<div>\n<img loading=\"lazy\" decoding=\"async\" width=\"29\" height=\"30\" class=\"gb-media-b6fb0fa2\" alt=\"\" src=\"https:\/\/deutsch-albanische-schule.al\/wp-content\/uploads\/2025\/08\/checked-6-1.png\" title=\"gepr\u00fcft (6) 1\"\/>\n<\/div>\n\n\n\n<div>\n<div class=\"gb-text gb-text-509930ab\">MD<\/div>\n<\/div>\n\n\n\n<div>\n<div class=\"gb-text gb-text-721ddf10\">Mira D.<\/div>\n\n\n\n<div class=\"gb-text gb-text-02a409df\">18\/03\/2025<\/div>\n<\/div>\n<\/div>\n<\/div>\n<\/div>\n\n\n\n<div>\n<div class=\"gb-element-0dae9cf3\">\n<div class=\"gb-element-e8985d97\">\n<div class=\"gb-element-eb6bd4a5\">\n<div>\n<img loading=\"lazy\" decoding=\"async\" width=\"166\" height=\"30\" class=\"img-starts\" alt=\"\" src=\"https:\/\/deutsch-albanische-schule.al\/wp-content\/uploads\/2025\/08\/Vector.png\" title=\"Vektor\"\/>\n<\/div>\n\n\n\n<div>\n<img loading=\"lazy\" decoding=\"async\" width=\"29\" height=\"30\" class=\"gb-media-1ac46319\" alt=\"\" src=\"https:\/\/deutsch-albanische-schule.al\/wp-content\/uploads\/2025\/08\/checked-6-1.png\" title=\"gepr\u00fcft (6) 1\"\/>\n<\/div>\n<\/div>\n\n\n\n<div>\n<img loading=\"lazy\" decoding=\"async\" width=\"34\" height=\"36\" class=\"gb-media-0b03563a\" alt=\"\" src=\"https:\/\/deutsch-albanische-schule.al\/wp-content\/uploads\/2025\/08\/Group-2404.png\" title=\"Gruppe 2404\"\/>\n<\/div>\n<\/div>\n\n\n\n<div class=\"gb-text gb-text-8ace15e4\">Sicherheit und Wettbewerbsvorteil f\u00fcr die Zukunft<\/div>\n\n\n\n<p class=\"gb-text gb-text-1ebb0aa5\">Ich wei\u00df, dass meine Kinder einen enormen Vorteil im Leben haben, wenn sie eine der wichtigsten Sprachen der Welt lernen. Deutsch in Kombination mit einer guten Ausbildung ist eine Garantie f\u00fcr ihre Zukunft.<\/p>\n\n\n\n<div class=\"gb-element-0e021655\">\n<div>\n<img loading=\"lazy\" decoding=\"async\" width=\"29\" height=\"30\" class=\"gb-media-9df7998f\" alt=\"\" src=\"https:\/\/deutsch-albanische-schule.al\/wp-content\/uploads\/2025\/08\/checked-6-1.png\" title=\"gepr\u00fcft (6) 1\"\/>\n<\/div>\n\n\n\n<div>\n<div class=\"gb-text gb-text-f7d7d0f9\">Gold<\/div>\n<\/div>\n\n\n\n<div>\n<div class=\"gb-text gb-text-ce4f64dd\">Albana R.<\/div>\n\n\n\n<div class=\"gb-text gb-text-2d290132\">12\/02\/2025<\/div>\n<\/div>\n<\/div>\n<\/div>\n<\/div>\n<\/div>\n<\/div>\n\n\n\n<div class=\"embla__buttons\">\n<a class=\"gb-text-aa7eb10e embla__button embla__button--prev\"><span class=\"gb-shape\"><svg width=\"9\" height=\"13\" viewbox=\"0 0 9 13\" fill=\"none\" xmlns=\"http:\/\/www.w3.org\/2000\/svg\">\n<path d=\"M6.84487 12.6362L8.29199 11.1891L3.6028 6.49987L8.29199 1.81068L6.84486 0.363509L0.708504 6.49987L6.84487 12.6362Z\" fill=\"currentColor\"><\/path>\n<\/svg>\n<\/span><\/a>\n\n\n\n<a class=\"gb-text-9f824dcc embla__button embla__button--next\"><span class=\"gb-shape\"><svg width=\"9\" height=\"13\" viewbox=\"0 0 9 13\" fill=\"none\" xmlns=\"http:\/\/www.w3.org\/2000\/svg\">\n<path d=\"M6.84487 12.6362L8.29199 11.1891L3.6028 6.49987L8.29199 1.81068L6.84486 0.363509L0.708504 6.49987L6.84487 12.6362Z\" fill=\"currentColor\"><\/path>\n<\/svg>\n<\/span><\/a>\n<\/div>\n<\/div>\n\n\n\n<div class=\"gb-element-ecb6a5cd\">\n<div class=\"gb-element-80b4a66b\">\n<div>\n<img loading=\"lazy\" decoding=\"async\" width=\"34\" height=\"36\" class=\"gb-media-8745c8bb\" alt=\"\" src=\"https:\/\/deutsch-albanische-schule.al\/wp-content\/uploads\/2025\/08\/Group-2404.png\" title=\"Gruppe 2404\"\/>\n<\/div>\n\n\n\n<div>\n<img loading=\"lazy\" decoding=\"async\" width=\"166\" height=\"30\" class=\"gb-media-9cac3bc4\" alt=\"\" src=\"https:\/\/deutsch-albanische-schule.al\/wp-content\/uploads\/2025\/08\/Vector.png\" title=\"Vektor\"\/>\n<\/div>\n\n\n\n<div class=\"gb-text gb-text-1ca9c8d5\"><strong>4.0<\/strong><\/div>\n<\/div>\n\n\n\n<div class=\"gb-element-bbb5a3f4\">\n<div class=\"gb-text gb-text-229a1c54\">Google-Bewertung: 4,0 von 5 Sternen<\/div>\n<\/div>\n<\/div>\n<\/div>\n<\/div>\n\n\n\n<div>\n<div class=\"contained\">\n<div class=\"gb-element-a6eba025\">\n<div class=\"gb-text subheading gb-text-59a332be\">Neueste Artikel und Veranstaltungen!<\/div>\n\n\n\n<h2 class=\"gb-text gb-text-9a8215e0\">Aktuelle Neuigkeiten aus Blog &amp; Veranstaltungen<\/h2>\n<\/div>\n\n\n\n<div>\n<div><div class=\"gb-looper-0e1e7313\">\n<div class=\"gb-loop-item gb-loop-item-d52461ab post-9418 post type-post status-publish format-standard has-post-thumbnail hentry category-blog\">\n<a href=\"https:\/\/deutsch-albanische-schule.al\/de\/nxenesit-e-shkolles-das-tirana-marrin-diplomat-dsd-1\/\"><img loading=\"lazy\" decoding=\"async\" width=\"895\" height=\"430\" data-media-id=\"9763\" class=\"gb-media-b2468d59\" alt=\"\" title=\"2150772067 1 (1)\" src=\"https:\/\/deutsch-albanische-schule.al\/wp-content\/uploads\/2024\/10\/DAS-1-895x430-1.jpeg\" srcset=\"https:\/\/deutsch-albanische-schule.al\/wp-content\/uploads\/2024\/10\/DAS-1-895x430-1.jpeg 895w, https:\/\/deutsch-albanische-schule.al\/wp-content\/uploads\/2024\/10\/DAS-1-895x430-1-300x144.jpeg 300w, https:\/\/deutsch-albanische-schule.al\/wp-content\/uploads\/2024\/10\/DAS-1-895x430-1-768x369.jpeg 768w, https:\/\/deutsch-albanische-schule.al\/wp-content\/uploads\/2024\/10\/DAS-1-895x430-1-18x9.jpeg 18w\" sizes=\"auto, (max-width: 895px) 100vw, 895px\" \/><\/a>\n\n\n\n<div class=\"gb-text gb-text-42eb7dc1\">2. Oktober 2024<\/div>\n\n\n\n<h2 class=\"gb-text gb-text-4b5fcadb\"><a href=\"https:\/\/deutsch-albanische-schule.al\/de\/nxenesit-e-shkolles-das-tirana-marrin-diplomat-dsd-1\/\">Die Sch\u00fcler der \u201eDAS\u201c-Schule in Tirana erhalten DSD-1-Diplome.<\/a><\/h2>\n\n\n\n<p class=\"gb-text gb-text-df4a6ff2\">Der Erhalt eines Diploms ist der kr\u00f6nende Abschluss und zugleich der Beginn einer wertvollen Wissensreise! Sch\u00fcler der Schule \u201eDAS\u201c in Tirana erhalten DSD-1-Diplome.<\/p>\n\n\n\n<a class=\"btn-outline-black gb-text-056f9689\" href=\"https:\/\/deutsch-albanische-schule.al\/de\/nxenesit-e-shkolles-das-tirana-marrin-diplomat-dsd-1\/\" target=\"_blank\" rel=\"noopener\"><span class=\"gb-text\">Mehr lesen<\/span><span class=\"gb-shape\"><svg width=\"14\" height=\"11\" viewbox=\"0 0 14 11\" fill=\"none\" xmlns=\"http:\/\/www.w3.org\/2000\/svg\">\n<path d=\"M5.79911 0.0537109L5.41478 1.48804L11.1521 3.02534L0.629883 9.10034L1.37988 10.3994L11.9021 4.32438L10.3648 10.0617L11.7991 10.446L13.9953 2.24986L5.79911 0.0537109Z\" fill=\"#FA1E0E\"><\/path>\n<\/svg><\/span><\/a>\n<\/div>\n\n<div class=\"gb-loop-item gb-loop-item-d52461ab post-9190 post type-post status-publish format-standard has-post-thumbnail hentry category-blog category-informacione-de tag-anmeldungen tag-deutsche-albanische-schule-tirana tag-regjistrimet tag-viti-shkollor-2024-2025\">\n<a href=\"https:\/\/deutsch-albanische-schule.al\/de\/die-anmeldungen-fuer-das-jahr-2024-2025-haben-begonnen\/\"><img loading=\"lazy\" decoding=\"async\" width=\"895\" height=\"430\" data-media-id=\"9765\" class=\"gb-media-b2468d59\" alt=\"\" title=\"2150772067 1 (1)\" src=\"https:\/\/deutsch-albanische-schule.al\/wp-content\/uploads\/2024\/04\/Regjistrimet-filluan-per-vitin-shkollor-2024-2025-895x430-1.jpg\" srcset=\"https:\/\/deutsch-albanische-schule.al\/wp-content\/uploads\/2024\/04\/Regjistrimet-filluan-per-vitin-shkollor-2024-2025-895x430-1.jpg 895w, https:\/\/deutsch-albanische-schule.al\/wp-content\/uploads\/2024\/04\/Regjistrimet-filluan-per-vitin-shkollor-2024-2025-895x430-1-300x144.jpg 300w, https:\/\/deutsch-albanische-schule.al\/wp-content\/uploads\/2024\/04\/Regjistrimet-filluan-per-vitin-shkollor-2024-2025-895x430-1-768x369.jpg 768w, https:\/\/deutsch-albanische-schule.al\/wp-content\/uploads\/2024\/04\/Regjistrimet-filluan-per-vitin-shkollor-2024-2025-895x430-1-18x9.jpg 18w\" sizes=\"auto, (max-width: 895px) 100vw, 895px\" \/><\/a>\n\n\n\n<div class=\"gb-text gb-text-42eb7dc1\">15. April 2024<\/div>\n\n\n\n<h2 class=\"gb-text gb-text-4b5fcadb\"><a href=\"https:\/\/deutsch-albanische-schule.al\/de\/die-anmeldungen-fuer-das-jahr-2024-2025-haben-begonnen\/\">Die Anmeldungen f\u00fcr das Jahr 2024-2025 haben begonnen;<\/a><\/h2>\n\n\n\n<p class=\"gb-text gb-text-df4a6ff2\">Die Anmeldungen f\u00fcr das Jahr 2024-2025 haben begonnen; DAS School bietet: Unterrichten durch zwei Lehrpl\u00e4ne (Deutsch, Albanisch) DSD1\/DSD2 Deutsch-Sprachzertifizierung Unterrichten mit Deutschlehrern Kontakt f\u00fcr detaillierte Informationen: WhatsApp: +355 68 405 0304 | +355 69 203 6444 E-Mail: info@deutsch-albanische-schule.al<\/p>\n\n\n\n<a class=\"btn-outline-black gb-text-056f9689\" href=\"https:\/\/deutsch-albanische-schule.al\/de\/die-anmeldungen-fuer-das-jahr-2024-2025-haben-begonnen\/\" target=\"_blank\" rel=\"noopener\"><span class=\"gb-text\">Mehr lesen<\/span><span class=\"gb-shape\"><svg width=\"14\" height=\"11\" viewbox=\"0 0 14 11\" fill=\"none\" xmlns=\"http:\/\/www.w3.org\/2000\/svg\">\n<path d=\"M5.79911 0.0537109L5.41478 1.48804L11.1521 3.02534L0.629883 9.10034L1.37988 10.3994L11.9021 4.32438L10.3648 10.0617L11.7991 10.446L13.9953 2.24986L5.79911 0.0537109Z\" fill=\"#FA1E0E\"><\/path>\n<\/svg><\/span><\/a>\n<\/div>\n\n<div class=\"gb-loop-item gb-loop-item-d52461ab post-8779 post type-post status-publish format-standard has-post-thumbnail hentry category-festa-evente category-informacione tag-ambasadori-gjerman tag-dast tag-shkolla-gjermane-shqiptare-ne-tirane tag-vizita-e-ambasadorit-gjerman-ne-dast\">\n<a href=\"https:\/\/deutsch-albanische-schule.al\/de\/vizita-e-ambasadorit-gjerman-ne-deutsch-albanische-schule-tirana\/\"><img loading=\"lazy\" decoding=\"async\" width=\"895\" height=\"430\" data-media-id=\"9766\" class=\"gb-media-b2468d59\" alt=\"\" title=\"2150772067 1 (1)\" src=\"https:\/\/deutsch-albanische-schule.al\/wp-content\/uploads\/2023\/08\/17-895x430-1.jpg\" srcset=\"https:\/\/deutsch-albanische-schule.al\/wp-content\/uploads\/2023\/08\/17-895x430-1.jpg 895w, https:\/\/deutsch-albanische-schule.al\/wp-content\/uploads\/2023\/08\/17-895x430-1-300x144.jpg 300w, https:\/\/deutsch-albanische-schule.al\/wp-content\/uploads\/2023\/08\/17-895x430-1-768x369.jpg 768w, https:\/\/deutsch-albanische-schule.al\/wp-content\/uploads\/2023\/08\/17-895x430-1-18x9.jpg 18w\" sizes=\"auto, (max-width: 895px) 100vw, 895px\" \/><\/a>\n\n\n\n<div class=\"gb-text gb-text-42eb7dc1\">24. August 2023<\/div>\n\n\n\n<h2 class=\"gb-text gb-text-4b5fcadb\"><a href=\"https:\/\/deutsch-albanische-schule.al\/de\/vizita-e-ambasadorit-gjerman-ne-deutsch-albanische-schule-tirana\/\">Besuch des deutschen Botschafters an der Deutsch-Albanischen Schule Tirana<\/a><\/h2>\n\n\n\n<p class=\"gb-text gb-text-df4a6ff2\">Am 16. August 2023 besuchte der neue Botschafter in Albanien, Herr Karl Bergner, die \u201eDeutsch-Albanische\u201c Schule in Tirana. Nach der Begr\u00fc\u00dfung durch die Gr\u00fcnderin und Direktorin der Schule, Frau Orieta Jazxhi, die Direktorin des Gymnasiums, Frau Merita Berisha, und den Berater der Zentralagentur f\u00fcr das Auslandsschulwesen (ZfA), Herrn Hendrik Sch\u00e4fer, fand eine Besichtigung der Schulr\u00e4ume statt.<\/p>\n\n\n\n<a class=\"btn-outline-black gb-text-056f9689\" href=\"https:\/\/deutsch-albanische-schule.al\/de\/vizita-e-ambasadorit-gjerman-ne-deutsch-albanische-schule-tirana\/\" target=\"_blank\" rel=\"noopener\"><span class=\"gb-text\">Mehr lesen<\/span><span class=\"gb-shape\"><svg width=\"14\" height=\"11\" viewbox=\"0 0 14 11\" fill=\"none\" xmlns=\"http:\/\/www.w3.org\/2000\/svg\">\n<path d=\"M5.79911 0.0537109L5.41478 1.48804L11.1521 3.02534L0.629883 9.10034L1.37988 10.3994L11.9021 4.32438L10.3648 10.0617L11.7991 10.446L13.9953 2.24986L5.79911 0.0537109Z\" fill=\"#FA1E0E\"><\/path>\n<\/svg><\/span><\/a>\n<\/div>\n<\/div>\n\n<\/div>\n<\/div>\n<\/div>\n<\/div>\n\n\n\n<div class=\"gb-element-f1cad630\">\n<div class=\"contained gb-element-a759b655\">\n<div class=\"gb-element-73d2e566\">\n<div>\n<h2 class=\"gb-text gb-text-df9db876\">Du <span style=\"color:#FBBC05;\">Frage<\/span>Kontaktieren Sie uns jetzt!<\/h2>\n\n\n\n<div>\n<a class=\"gb-element-fdde9449\" href=\"https:\/\/deutsch-albanische-schule.al\/de\/na-kontaktoni\/\">\n<div class=\"gb-text-0c550862\"><span class=\"gb-shape\"><svg width=\"25\" height=\"25\" viewbox=\"0 0 25 25\" fill=\"none\" xmlns=\"http:\/\/www.w3.org\/2000\/svg\">\n<path d=\"M22.9633 18.25C22.2805 17.6773 18.2758 15.1414 17.6102 15.2578C17.2977 15.3133 17.0586 15.5797 16.4188 16.343C16.1229 16.7187 15.7979 17.0705 15.4469 17.3953C14.8037 17.24 14.1812 17.0092 13.5922 16.7078C11.2823 15.5832 9.41612 13.7165 8.29219 11.4062C7.99081 10.8172 7.76005 10.1947 7.60469 9.55156C7.92948 9.20054 8.28134 8.87559 8.65703 8.57969C9.41953 7.93984 9.68672 7.70234 9.74219 7.38828C9.85859 6.72109 7.32031 2.71797 6.75 2.03516C6.51094 1.75234 6.29375 1.5625 6.01562 1.5625C5.20937 1.5625 1.5625 6.07188 1.5625 6.65625C1.5625 6.70391 1.64062 11.3984 7.56953 17.4305C13.6016 23.3594 18.2961 23.4375 18.3438 23.4375C18.9281 23.4375 23.4375 19.7906 23.4375 18.9844C23.4375 18.7062 23.2477 18.4891 22.9633 18.25Z\" fill=\"currentColor\"><\/path>\n<path d=\"M17.9688 11.7188H19.5312C19.5294 10.0617 18.8703 8.47309 17.6986 7.30139C16.5269 6.12969 14.9383 5.47061 13.2812 5.46875V7.03125C14.5241 7.03249 15.7156 7.52675 16.5944 8.40556C17.4733 9.28437 17.9675 10.4759 17.9688 11.7188Z\" fill=\"currentColor\"><\/path>\n<path d=\"M21.875 11.7188H23.4375C23.4344 9.0261 22.3634 6.44462 20.4594 4.54062C18.5554 2.63663 15.9739 1.5656 13.2812 1.5625V3.125C15.5596 3.12769 17.7439 4.03396 19.355 5.64502C20.966 7.25608 21.8723 9.44037 21.875 11.7188Z\" fill=\"currentColor\"><\/path>\n<\/svg>\n<\/span><\/div>\n\n\n\n<div class=\"gb-text-e7f7e209\"><span class=\"gb-text\">Kontaktieren Sie uns<\/span><span class=\"gb-shape\"><svg width=\"13\" height=\"23\" viewbox=\"0 0 13 23\" fill=\"none\" xmlns=\"http:\/\/www.w3.org\/2000\/svg\">\n<path d=\"M13 11.5C13 11.7673 12.8941 12.035 12.6826 12.2391L1.84931 22.6936C1.426 23.1021 0.740522 23.1021 0.317483 22.6936C-0.105557 22.2851 -0.105828 21.6236 0.317483 21.2153L10.3848 11.5L0.317483 1.78456C-0.105827 1.37605 -0.105827 0.714535 0.317483 0.306286C0.740793 -0.101963 1.42627 -0.102224 1.84931 0.306286L12.6826 10.7608C12.8941 10.9649 13 11.2326 13 11.5Z\" fill=\"currentColor\"><\/path>\n<\/svg><\/span><\/div>\n<\/a>\n<\/div>\n<\/div>\n<\/div>\n\n\n\n<div class=\"gb-element-f650d950\">\n<div class=\"gb-element-8f6b4958\">\n<div class=\"gb-element-0a78bb86\">\n<img loading=\"lazy\" decoding=\"async\" width=\"424\" height=\"325\" class=\"gb-media-6428656d\" alt=\"\" src=\"https:\/\/deutsch-albanische-schule.al\/wp-content\/uploads\/2025\/08\/Rectangle-160.png\" title=\"Rechteck 160\" srcset=\"https:\/\/deutsch-albanische-schule.al\/wp-content\/uploads\/2025\/08\/Rectangle-160.png 424w, https:\/\/deutsch-albanische-schule.al\/wp-content\/uploads\/2025\/08\/Rectangle-160-300x230.png 300w\" sizes=\"auto, (max-width: 424px) 100vw, 424px\" \/>\n\n\n\n<div>\n<img loading=\"lazy\" decoding=\"async\" width=\"112\" height=\"92\" class=\"gb-media-378c50a6\" alt=\"\" src=\"https:\/\/deutsch-albanische-schule.al\/wp-content\/uploads\/2025\/08\/academic_17065126-1.png\" title=\"academic_17065126 1\"\/>\n<\/div>\n<\/div>\n\n\n\n<div class=\"gb-element-71191681\">\n<img loading=\"lazy\" decoding=\"async\" width=\"424\" height=\"302\" class=\"gb-media-14878b3f\" alt=\"\" src=\"https:\/\/deutsch-albanische-schule.al\/wp-content\/uploads\/2025\/08\/Rectangle-159.png\" title=\"Rechteck 159\" srcset=\"https:\/\/deutsch-albanische-schule.al\/wp-content\/uploads\/2025\/08\/Rectangle-159.png 424w, https:\/\/deutsch-albanische-schule.al\/wp-content\/uploads\/2025\/08\/Rectangle-159-300x214.png 300w\" sizes=\"auto, (max-width: 424px) 100vw, 424px\" \/>\n\n\n\n<div>\n<img loading=\"lazy\" decoding=\"async\" width=\"102\" height=\"102\" class=\"gb-media-af79fecc\" alt=\"\" src=\"https:\/\/deutsch-albanische-schule.al\/wp-content\/uploads\/2025\/08\/german-1-1.png\" title=\"Deutsch (1) 1\"\/>\n<\/div>\n\n\n\n<div>\n<img loading=\"lazy\" decoding=\"async\" width=\"84\" height=\"79\" class=\"gb-media-3aea688a\" alt=\"\" src=\"https:\/\/deutsch-albanische-schule.al\/wp-content\/uploads\/2025\/08\/3d-education-1.png\" title=\"3D-Ausbildung 1\"\/>\n<\/div>\n<\/div>\n<\/div>\n<\/div>\n<\/div>\n<\/div>","protected":false},"excerpt":{"rendered":"<p>4.0 E vetmja shkoll\u00eb n\u00eb Shqip\u00ebrime program arsimor Gjermanisht-Shqip M\u00ebsues t\u00eb kualifikuar dhe metoda moderne m\u00ebsimdh\u00ebnieje Rruga drejt universiteteve m\u00eb t\u00eb mira n\u00eb Europ\u00eb rreth nesh Regjistrimet Filluan Historiku N\u00eb vitin 2012 lindi idea p\u00ebr krijimin e Shkoll\u00ebs s\u00eb Par\u00eb Gjermane n\u00eb Shqip\u00ebri M\u00cbSO M\u00cb SHUM\u00cb Klasat Deutsch-Albanische Schule Tirana p\u00ebr vitin shkollor 2025\u201326 ofron &#8230; <a title=\"Diana Morina\" class=\"read-more\" href=\"https:\/\/deutsch-albanische-schule.al\/de\/stafi-yne\/diana-morina\/\" aria-label=\"Mehr Informationen \u00fcber Diana Morina\">Weiterlesen<\/a><\/p>","protected":false},"author":1,"featured_media":0,"parent":0,"menu_order":0,"comment_status":"closed","ping_status":"closed","template":"","meta":{"_acf_changed":false,"inline_featured_image":false,"footnotes":""},"class_list":["post-2","page","type-page","status-publish","hentry"],"acf":[],"_links":{"self":[{"href":"https:\/\/deutsch-albanische-schule.al\/de\/wp-json\/wp\/v2\/pages\/2","targetHints":{"allow":["GET"]}}],"collection":[{"href":"https:\/\/deutsch-albanische-schule.al\/de\/wp-json\/wp\/v2\/pages"}],"about":[{"href":"https:\/\/deutsch-albanische-schule.al\/de\/wp-json\/wp\/v2\/types\/page"}],"author":[{"embeddable":true,"href":"https:\/\/deutsch-albanische-schule.al\/de\/wp-json\/wp\/v2\/users\/1"}],"replies":[{"embeddable":true,"href":"https:\/\/deutsch-albanische-schule.al\/de\/wp-json\/wp\/v2\/comments?post=2"}],"version-history":[{"count":0,"href":"https:\/\/deutsch-albanische-schule.al\/de\/wp-json\/wp\/v2\/pages\/2\/revisions"}],"wp:attachment":[{"href":"https:\/\/deutsch-albanische-schule.al\/de\/wp-json\/wp\/v2\/media?parent=2"}],"curies":[{"name":"wp","href":"https:\/\/api.w.org\/{rel}","templated":true}]}}